{"id":7582,"date":"2022-06-02T12:46:02","date_gmt":"2022-06-02T10:46:02","guid":{"rendered":"https:\/\/schweiz.rockyourlife.org\/das-sind-wir-franz\/team\/"},"modified":"2025-07-01T15:34:09","modified_gmt":"2025-07-01T13:34:09","slug":"team","status":"publish","type":"page","link":"https:\/\/schweiz.rockyourlife.org\/fr\/das-sind-wir-franz\/team\/","title":{"rendered":"\u00c9quipe"},"content":{"rendered":"<p>[et_pb_section fb_built=\u00a0\u00bb1&Prime; _builder_version=\u00a0\u00bb4.16&Prime; background_color=\u00a0\u00bb#FFFFFF\u00a0\u00bb custom_padding=\u00a0\u00bb0|0px|0|0px|false|false\u00a0\u00bb custom_css_main_element=\u00a0\u00bbbackground-image:none !important;\u00a0\u00bb locked=\u00a0\u00bboff\u00a0\u00bb global_colors_info=\u00a0\u00bb{}\u00a0\u00bb][et_pb_row _builder_version=\u00a0\u00bb4.16&Prime; min_height=\u00a0\u00bb89.9px\u00a0\u00bb custom_padding=\u00a0\u00bb27px|0px|32px|0px|false|false\u00a0\u00bb global_colors_info=\u00a0\u00bb{}\u00a0\u00bb][et_pb_column type=\u00a0\u00bb4_4&Prime; _builder_version=\u00a0\u00bb4.16&Prime; custom_padding=\u00a0\u00bb|||\u00a0\u00bb global_colors_info=\u00a0\u00bb{}\u00a0\u00bb custom_padding__hover=\u00a0\u00bb|||\u00a0\u00bb][et_pb_text module_class=\u00a0\u00bbryl-breadcrumb\u00a0\u00bb _builder_version=\u00a0\u00bb4.16&Prime; text_font=\u00a0\u00bb||||||||\u00a0\u00bb global_colors_info=\u00a0\u00bb{}\u00a0\u00bb] <span><span><a href=\"https:\/\/schweiz.rockyourlife.org\/fr\/accueil\/\">Startseite<\/a><\/span><\/span> [\/et_pb_text][\/et_pb_column][\/et_pb_row][\/et_pb_section][et_pb_section fb_built=\u00a0\u00bb1&Prime; module_id=\u00a0\u00bb\u00e9quipe\u00a0\u00bb _builder_version=\u00a0\u00bb4.16&Prime; custom_margin=\u00a0\u00bb0px|||\u00a0\u00bb custom_margin_tablet=\u00a0\u00bb\u00a0\u00bb custom_margin_phone=\u00a0\u00bb\u00a0\u00bb custom_margin_last_edited=\u00a0\u00bbon|desktop\u00a0\u00bb custom_padding=\u00a0\u00bb0|0px|0|0px|false|false\u00a0\u00bb custom_css_main_element=\u00a0\u00bbbackground-image:none !important;\u00a0\u00bb global_colors_info=\u00a0\u00bb{}\u00a0\u00bb][et_pb_row _builder_version=\u00a0\u00bb4.16&Prime; custom_padding=\u00a0\u00bb0|0px|0|0px|false|false\u00a0\u00bb global_colors_info=\u00a0\u00bb{}\u00a0\u00bb][et_pb_column type=\u00a0\u00bb4_4&Prime; _builder_version=\u00a0\u00bb4.16&Prime; custom_padding=\u00a0\u00bb|||\u00a0\u00bb global_colors_info=\u00a0\u00bb{}\u00a0\u00bb custom_padding__hover=\u00a0\u00bb|||\u00a0\u00bb][et_pb_text _builder_version=\u00a0\u00bb4.16&Prime; header_font=\u00a0\u00bbRoboto Condensed||||||||\u00a0\u00bb global_colors_info=\u00a0\u00bb{}\u00a0\u00bb]<\/p>\n<h2>QUI NOUS SOMMES<\/h2>\n<p>[\/et_pb_text][\/et_pb_column][\/et_pb_row][et_pb_row _builder_version=\u00a0\u00bb4.16&Prime; custom_padding=\u00a0\u00bb30px|0px|0|0px|false|false\u00a0\u00bb global_colors_info=\u00a0\u00bb{}\u00a0\u00bb][et_pb_column type=\u00a0\u00bb4_4&Prime; _builder_version=\u00a0\u00bb4.16&Prime; custom_padding=\u00a0\u00bb|||\u00a0\u00bb global_colors_info=\u00a0\u00bb{}\u00a0\u00bb custom_padding__hover=\u00a0\u00bb|||\u00a0\u00bb][et_pb_text module_class=\u00a0\u00bblead\u00a0\u00bb _builder_version=\u00a0\u00bb4.27.0&Prime; custom_css_main_element=\u00a0\u00bb -webkit-hyphens: auto;|| -ms-hyphens: auto;|| hyphens: auto;\u00a0\u00bb global_colors_info=\u00a0\u00bb{}\u00a0\u00bb]<\/p>\n<p>ROCK YOUR LIFE! Suisse n&rsquo;encourage pas seulement les jeunes dans le cadre du mentorat. La promotion des jeunes talents est \u00e9galement une priorit\u00e9 pour les collaborateurs. <\/p>\n<p>[\/et_pb_text][et_pb_text admin_label=\u00a0\u00bbteamportraits\u00a0\u00bb _builder_version=\u00a0\u00bb4.27.0&Prime; min_height=\u00a0\u00bb196px\u00a0\u00bb hover_enabled=\u00a0\u00bb0&Prime; custom_css_main_element=\u00a0\u00bb -webkit-hyphens: auto;|| -ms-hyphens: auto;|| hyphens: auto;\u00a0\u00bb global_colors_info=\u00a0\u00bb{}\u00a0\u00bb sticky_enabled=\u00a0\u00bb0&Prime;]<\/p>\n<p>Que ce soit au sein de l&rsquo;organisation fa\u00eeti\u00e8re ROCK YOUR LIFE ! Suisse ou dans la gestion des sites, nous misons sur des collaborateurs jeunes et talentueux qui acqui\u00e8rent une premi\u00e8re exp\u00e9rience de travail et de direction. Avec beaucoup d&rsquo;engagement et de passion, nous nous engageons ensemble pour plus d&rsquo;\u00e9quit\u00e9 dans la formation et d&rsquo;\u00e9galit\u00e9 des chances.   Nous vivons nos valeurs \u00ab\u00a0\u00e9galit\u00e9, ouverture &amp; acceptation, plaisir &amp; enthousiasme, esprit d&rsquo;\u00e9quipe &amp; confiance et responsabilit\u00e9\u00a0\u00bb au sein de notre \u00e9quipe et nous nous distinguons.<\/p>\n<p>[\/et_pb_text][\/et_pb_column][\/et_pb_row][\/et_pb_section][et_pb_section fb_built=\u00a0\u00bb1&Prime; _builder_version=\u00a0\u00bb4.16&Prime; custom_padding=\u00a0\u00bb0px||0px\u00a0\u00bb global_colors_info=\u00a0\u00bb{}\u00a0\u00bb][et_pb_row disabled_on=\u00a0\u00bboff|off|off\u00a0\u00bb module_id=\u00a0\u00bbteam_basel\u00a0\u00bb _builder_version=\u00a0\u00bb4.16&Prime; custom_padding=\u00a0\u00bb0px||0px\u00a0\u00bb global_colors_info=\u00a0\u00bb{}\u00a0\u00bb][et_pb_column type=\u00a0\u00bb4_4&Prime; _builder_version=\u00a0\u00bb4.16&Prime; custom_padding=\u00a0\u00bb|||\u00a0\u00bb global_colors_info=\u00a0\u00bb{}\u00a0\u00bb custom_padding__hover=\u00a0\u00bb|||\u00a0\u00bb][et_pb_text _builder_version=\u00a0\u00bb4.16&Prime; _module_preset=\u00a0\u00bbdefault\u00a0\u00bb custom_margin=\u00a0\u00bb||-5px|||\u00a0\u00bb custom_padding=\u00a0\u00bb||0px|||\u00a0\u00bb global_colors_info=\u00a0\u00bb{}\u00a0\u00bb]<\/p>\n<h3>Team ROCK YOUR LIFE! Suisse<\/h3>\n<p>[\/et_pb_text][et_pb_code _builder_version=\u00a0\u00bb4.18.0&Prime; _module_preset=\u00a0\u00bbdefault\u00a0\u00bb min_height=\u00a0\u00bb899px\u00a0\u00bb custom_padding=\u00a0\u00bb1px||1px|||\u00a0\u00bb global_colors_info=\u00a0\u00bb{}\u00a0\u00bb]<div id=\"awsm-team-264\" class=\"awsm-grid-wrapper\">\n\t<div class=\"awsm-modal\">\n\t\t\t<div class=\"awsm-grid-modal awsm-grid slide-ins-style style-1 grid-4-col \">\n\t\t                <div id=\"awsm-member-264-8282\" class=\"awsm-grid-card\">\n                    <a href=\"#\" class=\"awsm-modal-trigger\" data-trigger=\"#slide-ins-264-8282\">\n                        <figure>\n                                <img decoding=\"async\" src=\"https:\/\/schweiz.rockyourlife.org\/wp-content\/uploads\/sites\/47\/2025\/05\/RYL_Team_Gabriel_Abu-Tayeh-500x500.jpg\" alt=\"Gabriel Abu-Tayeh\">\n                                <figcaption>\n                                    <div class=\"awsm-personal-info\">\n                                       \t<span>Gesch\u00e4ftsf\u00fchrer<\/span>                                        <h3>Gabriel Abu-Tayeh<\/h3>\n                                    <\/div>\n                                <\/figcaption>\n                        <\/figure>\n                    <\/a>\n                <\/div>\n\t\t\t                <div id=\"awsm-member-264-16959\" class=\"awsm-grid-card\">\n                    <a href=\"#\" class=\"awsm-modal-trigger\" data-trigger=\"#slide-ins-264-16959\">\n                        <figure>\n                                <img decoding=\"async\" src=\"https:\/\/schweiz.rockyourlife.org\/wp-content\/uploads\/sites\/47\/2025\/05\/RYL_Team_Andrea_Dietrich.jpg\" alt=\"Andrea Dietrich\">\n                                <figcaption>\n                                    <div class=\"awsm-personal-info\">\n                                       \t<span>Assistante de direction<\/span>                                        <h3>Andrea Dietrich<\/h3>\n                                    <\/div>\n                                <\/figcaption>\n                        <\/figure>\n                    <\/a>\n                <\/div>\n\t\t\t                <div id=\"awsm-member-264-16623\" class=\"awsm-grid-card\">\n                    <a href=\"#\" class=\"awsm-modal-trigger\" data-trigger=\"#slide-ins-264-16623\">\n                        <figure>\n                                <img decoding=\"async\" src=\"https:\/\/schweiz.rockyourlife.org\/wp-content\/uploads\/sites\/47\/2025\/05\/RYL_Integration_Andrea_Ruckstuhl-500x500.jpg\" alt=\"Andrea Ruckstuhl\">\n                                <figcaption>\n                                    <div class=\"awsm-personal-info\">\n                                       \t<span>Responsable de l'int\u00e9gration<\/span>                                        <h3>Andrea Ruckstuhl<\/h3>\n                                    <\/div>\n                                <\/figcaption>\n                        <\/figure>\n                    <\/a>\n                <\/div>\n\t\t\t                <div id=\"awsm-member-264-8300\" class=\"awsm-grid-card\">\n                    <a href=\"#\" class=\"awsm-modal-trigger\" data-trigger=\"#slide-ins-264-8300\">\n                        <figure>\n                                <img decoding=\"async\" src=\"https:\/\/schweiz.rockyourlife.org\/wp-content\/uploads\/sites\/47\/2025\/05\/RYL_Team_Carlo_Zoppi-500x500.jpg\" alt=\"Carlo Zoppi\">\n                                <figcaption>\n                                    <div class=\"awsm-personal-info\">\n                                       \t<span>Direction r\u00e9gionale de la Suisse italienne<\/span>                                        <h3>Carlo Zoppi<\/h3>\n                                    <\/div>\n                                <\/figcaption>\n                        <\/figure>\n                    <\/a>\n                <\/div>\n\t\t\t                <div id=\"awsm-member-264-8220\" class=\"awsm-grid-card\">\n                    <a href=\"#\" class=\"awsm-modal-trigger\" data-trigger=\"#slide-ins-264-8220\">\n                        <figure>\n                                <img decoding=\"async\" src=\"https:\/\/schweiz.rockyourlife.org\/wp-content\/uploads\/sites\/47\/2025\/05\/RYL_Team_Catherine_Fournier-500x500.jpg\" alt=\"Catherine Fournier\">\n                                <figcaption>\n                                    <div class=\"awsm-personal-info\">\n                                       \t<span>Co-responsable Int\u00e9gration \/ Suisse romande<\/span>                                        <h3>Catherine Fournier<\/h3>\n                                    <\/div>\n                                <\/figcaption>\n                        <\/figure>\n                    <\/a>\n                <\/div>\n\t\t\t                <div id=\"awsm-member-264-15892\" class=\"awsm-grid-card\">\n                    <a href=\"#\" class=\"awsm-modal-trigger\" data-trigger=\"#slide-ins-264-15892\">\n                        <figure>\n                                <img decoding=\"async\" src=\"https:\/\/schweiz.rockyourlife.org\/wp-content\/uploads\/sites\/47\/2025\/07\/RYL_SV_Basel_Flavia_Castronari-500x500.jpg\" alt=\"Flavia Castronari\">\n                                <figcaption>\n                                    <div class=\"awsm-personal-info\">\n                                       \t<span>Responsable du site de B\u00e2le<\/span>                                        <h3>Flavia Castronari<\/h3>\n                                    <\/div>\n                                <\/figcaption>\n                        <\/figure>\n                    <\/a>\n                <\/div>\n\t\t\t                <div id=\"awsm-member-264-9317\" class=\"awsm-grid-card\">\n                    <a href=\"#\" class=\"awsm-modal-trigger\" data-trigger=\"#slide-ins-264-9317\">\n                        <figure>\n                                <img decoding=\"async\" src=\"https:\/\/schweiz.rockyourlife.org\/wp-content\/uploads\/sites\/47\/2025\/05\/RYL_Team_Franziska_Gabriel-500x500.jpg\" alt=\"Franziska Gabriel\">\n                                <figcaption>\n                                    <div class=\"awsm-personal-info\">\n                                       \t<span>Responsable r\u00e9gionale Suisse al\u00e9manique \/ Communication<\/span>                                        <h3>Franziska Gabriel<\/h3>\n                                    <\/div>\n                                <\/figcaption>\n                        <\/figure>\n                    <\/a>\n                <\/div>\n\t\t\t                <div id=\"awsm-member-264-13556\" class=\"awsm-grid-card\">\n                    <a href=\"#\" class=\"awsm-modal-trigger\" data-trigger=\"#slide-ins-264-13556\">\n                        <figure>\n                                <img decoding=\"async\" src=\"https:\/\/schweiz.rockyourlife.org\/wp-content\/uploads\/sites\/47\/2025\/05\/RYL_SV_Lugano_Gaia_Caruso-500x500.jpg\" alt=\"Gaia Caruso\">\n                                <figcaption>\n                                    <div class=\"awsm-personal-info\">\n                                       \t<span>Responsable du site de Lugano<\/span>                                        <h3>Gaia Caruso<\/h3>\n                                    <\/div>\n                                <\/figcaption>\n                        <\/figure>\n                    <\/a>\n                <\/div>\n\t\t\t                <div id=\"awsm-member-264-18195\" class=\"awsm-grid-card\">\n                    <a href=\"#\" class=\"awsm-modal-trigger\" data-trigger=\"#slide-ins-264-18195\">\n                        <figure>\n                                <img decoding=\"async\" src=\"https:\/\/schweiz.rockyourlife.org\/wp-content\/uploads\/sites\/47\/2025\/07\/RYL_Team_Jean-Bernard_Wansi-500x500.png\" alt=\"Jean-Bernard Wansi\">\n                                <figcaption>\n                                    <div class=\"awsm-personal-info\">\n                                       \t<span>Responsable IT, mesure d'impact & \u00e9valuation<\/span>                                        <h3>Jean-Bernard Wansi<\/h3>\n                                    <\/div>\n                                <\/figcaption>\n                        <\/figure>\n                    <\/a>\n                <\/div>\n\t\t\t                <div id=\"awsm-member-264-12292\" class=\"awsm-grid-card\">\n                    <a href=\"#\" class=\"awsm-modal-trigger\" data-trigger=\"#slide-ins-264-12292\">\n                        <figure>\n                                <img decoding=\"async\" src=\"https:\/\/schweiz.rockyourlife.org\/wp-content\/uploads\/sites\/47\/2025\/05\/RYL_Team_Joy_Angst.jpg\" alt=\"Joy Angst\">\n                                <figcaption>\n                                    <div class=\"awsm-personal-info\">\n                                       \t<span>Responsable de site de Zurich<\/span>                                        <h3>Joy Angst<\/h3>\n                                    <\/div>\n                                <\/figcaption>\n                        <\/figure>\n                    <\/a>\n                <\/div>\n\t\t\t                <div id=\"awsm-member-264-16624\" class=\"awsm-grid-card\">\n                    <a href=\"#\" class=\"awsm-modal-trigger\" data-trigger=\"#slide-ins-264-16624\">\n                        <figure>\n                                <img decoding=\"async\" src=\"https:\/\/schweiz.rockyourlife.org\/wp-content\/uploads\/sites\/47\/2025\/05\/RYL_SV_Chur_Julia_Rossmaier.jpg\" alt=\"Julia Rossmaier\">\n                                <figcaption>\n                                    <div class=\"awsm-personal-info\">\n                                       \t<span>Responsable du site de Coire<\/span>                                        <h3>Julia Rossmaier<\/h3>\n                                    <\/div>\n                                <\/figcaption>\n                        <\/figure>\n                    <\/a>\n                <\/div>\n\t\t\t                <div id=\"awsm-member-264-16625\" class=\"awsm-grid-card\">\n                    <a href=\"#\" class=\"awsm-modal-trigger\" data-trigger=\"#slide-ins-264-16625\">\n                        <figure>\n                                <img decoding=\"async\" src=\"https:\/\/schweiz.rockyourlife.org\/wp-content\/uploads\/sites\/47\/2025\/05\/RYL_SV_Genf_Karen_Mees-500x500.jpg\" alt=\"Karen M\u00e9es\">\n                                <figcaption>\n                                    <div class=\"awsm-personal-info\">\n                                       \t<span>Responsable du site de Gen\u00e8ve<\/span>                                        <h3>Karen M\u00e9es<\/h3>\n                                    <\/div>\n                                <\/figcaption>\n                        <\/figure>\n                    <\/a>\n                <\/div>\n\t\t\t                <div id=\"awsm-member-264-18005\" class=\"awsm-grid-card\">\n                    <a href=\"#\" class=\"awsm-modal-trigger\" data-trigger=\"#slide-ins-264-18005\">\n                        <figure>\n                                <img decoding=\"async\" src=\"https:\/\/schweiz.rockyourlife.org\/wp-content\/uploads\/sites\/47\/2025\/07\/RYL_Integration_Lara_Robbiani.png\" alt=\"Lara Robbiani\">\n                                <figcaption>\n                                    <div class=\"awsm-personal-info\">\n                                       \t<span>Responsable du mentorat pour jeunes issu\u00b7e\u00b7s de la migration Suisse italienne<\/span>                                        <h3>Lara Robbiani<\/h3>\n                                    <\/div>\n                                <\/figcaption>\n                        <\/figure>\n                    <\/a>\n                <\/div>\n\t\t\t                <div id=\"awsm-member-264-18666\" class=\"awsm-grid-card\">\n                    <a href=\"#\" class=\"awsm-modal-trigger\" data-trigger=\"#slide-ins-264-18666\">\n                        <figure>\n                                <img decoding=\"async\" src=\"https:\/\/schweiz.rockyourlife.org\/wp-content\/uploads\/sites\/47\/2025\/09\/RYL_Team_Lydia_Schebesta.png\" alt=\"Lydia Schebesta\">\n                                <figcaption>\n                                    <div class=\"awsm-personal-info\">\n                                       \t<span>Responsable du recrutement des b\u00e9n\u00e9voles et du marketing<\/span>                                        <h3>Lydia Schebesta<\/h3>\n                                    <\/div>\n                                <\/figcaption>\n                        <\/figure>\n                    <\/a>\n                <\/div>\n\t\t\t                <div id=\"awsm-member-264-18722\" class=\"awsm-grid-card\">\n                    <a href=\"#\" class=\"awsm-modal-trigger\" data-trigger=\"#slide-ins-264-18722\">\n                        <figure>\n                                <img decoding=\"async\" src=\"https:\/\/schweiz.rockyourlife.org\/wp-content\/uploads\/sites\/47\/2025\/09\/Portrait-Marc-500x500.png\" alt=\"Marc Hauert\">\n                                <figcaption>\n                                    <div class=\"awsm-personal-info\">\n                                       \t<span>Coordination de la recherche de mentors et du b\u00e9n\u00e9volat d'entreprise<\/span>                                        <h3>Marc Hauert<\/h3>\n                                    <\/div>\n                                <\/figcaption>\n                        <\/figure>\n                    <\/a>\n                <\/div>\n\t\t\t                <div id=\"awsm-member-264-9742\" class=\"awsm-grid-card\">\n                    <a href=\"#\" class=\"awsm-modal-trigger\" data-trigger=\"#slide-ins-264-9742\">\n                        <figure>\n                                <img decoding=\"async\" src=\"https:\/\/schweiz.rockyourlife.org\/wp-content\/uploads\/sites\/47\/2025\/05\/RYL_Team_Pascal_Kupper-500x500.jpg\" alt=\"Pascal Kupper\">\n                                <figcaption>\n                                    <div class=\"awsm-personal-info\">\n                                       \t<span>Recherche de fonds<\/span>                                        <h3>Pascal Kupper<\/h3>\n                                    <\/div>\n                                <\/figcaption>\n                        <\/figure>\n                    <\/a>\n                <\/div>\n\t\t\t                <div id=\"awsm-member-264-14382\" class=\"awsm-grid-card\">\n                    <a href=\"#\" class=\"awsm-modal-trigger\" data-trigger=\"#slide-ins-264-14382\">\n                        <figure>\n                                <img decoding=\"async\" src=\"https:\/\/schweiz.rockyourlife.org\/wp-content\/uploads\/sites\/47\/2025\/05\/RYL_Team_Rahel_de_Bever-500x500.jpg\" alt=\"Rahel de Bever\">\n                                <figcaption>\n                                    <div class=\"awsm-personal-info\">\n                                       \t<span>Responsable communication et partenariats<\/span>                                        <h3>Rahel de Bever<\/h3>\n                                    <\/div>\n                                <\/figcaption>\n                        <\/figure>\n                    <\/a>\n                <\/div>\n\t\t\t                <div id=\"awsm-member-264-16193\" class=\"awsm-grid-card\">\n                    <a href=\"#\" class=\"awsm-modal-trigger\" data-trigger=\"#slide-ins-264-16193\">\n                        <figure>\n                                <img decoding=\"async\" src=\"https:\/\/schweiz.rockyourlife.org\/wp-content\/uploads\/sites\/47\/2025\/05\/RYL_SV_Fribourg_Sinthuja_Ravendrapatham-500x500-1.jpg\" alt=\"Sinthuja Ravendrapatham\">\n                                <figcaption>\n                                    <div class=\"awsm-personal-info\">\n                                       \t<span>Responsable du site de Fribourg<\/span>                                        <h3>Sinthuja Ravendrapatham<\/h3>\n                                    <\/div>\n                                <\/figcaption>\n                        <\/figure>\n                    <\/a>\n                <\/div>\n\t\t\t\t\t<\/div>\n\t\t<div class=\"awsm-modal-items slide-ins-style style-1 grid-4-col \">\n\t\t    <div class=\"awsm-modal-items-main\">\n\t\t    \t\t<div class=\"awsm-modal-header clearfix\">\n\t\t\t\t\t    <a href=\"#\" class=\"awsm-modal-close\"><\/a>\n\t\t\t\t\t    <span class=\"awsm-modal-nav\">\n\t\t\t\t\t    <a href=\"#\" class=\"awsm-nav-item awsm-nav-left\"><i class=\"awsm-icon-arrow-left\"><\/i><\/a>\n\t\t\t\t\t    <a href=\"#\" class=\"awsm-nav-item awsm-nav-right\"><i class=\"awsm-icon-arrow-right\"><\/i><\/a>\n\t\t\t\t\t    <\/span>\n\t\t\t\t\t<\/div>\n\t\t    \t\t<div id=\"slide-ins-264-8282\" class=\"awsm-modal-item\">\n    <div id=\"awsm-member-info-264-8282\" class=\"awsm-modal-content\">\n        <div class=\"awsm-modal-content-main\">\n            <div class=\"awsm-modal-image-main\">\n                <img decoding=\"async\" src=\"https:\/\/schweiz.rockyourlife.org\/wp-content\/uploads\/sites\/47\/2025\/05\/RYL_Team_Gabriel_Abu-Tayeh-500x500.jpg\" alt=\"Gabriel Abu-Tayeh\">\n            <\/div>\n            <div class=\"awsm-modal-details\">\n                <h3>Gesch\u00e4ftsf\u00fchrer<\/h3><h2>Gabriel Abu-Tayeh<\/h2><p>Gabriel Abu-Tayeh est directeur g\u00e9n\u00e9ral de ROCK YOUR LIFE ! Suisse. Sa vocation est la suivante : accompagner les processus de d\u00e9veloppement dans les organisations orient\u00e9es vers le sens, afin que les \u00e9quipes augmentent leur efficacit\u00e9. Pour lui, il est important que tous les collaborateurs exploitent leur propre potentiel et leurs points forts. Gabriel a obtenu un master en gestion d&rsquo;entreprise et a ensuite obtenu un doctorat sur le th\u00e8me : comment la num\u00e9risation pourrait apporter une valeur positive \u00e0 notre soci\u00e9t\u00e9 (Public Value through digitalization). Par la suite, il a suivi une formation en facilitation et en didactique. Avant de commencer \u00e0 ROCK YOUR LIFE ! Suisse, il a travaill\u00e9 dans le secteur public, \u00e0 but lucratif et non lucratif (Sozialmedizinisches Zentrum Oberwallis, CFF, Swisscom, PostFinance, Universit\u00e9 de Berne, Binder Corporate Finance et Autorit\u00e9 de surveillance des march\u00e9s financiers).<\/p>\n<div class=\"awsm-contact-details\"><p><span>Mail:<\/span><a href=\"mailto:gabriel.abutayeh@rockyourlife.org\">gabriel.abutayeh@rockyourlife.org<\/a><\/p><\/div>            <\/div>\n        <\/div>\n    <\/div>\n<\/div><div id=\"slide-ins-264-16959\" class=\"awsm-modal-item\">\n    <div id=\"awsm-member-info-264-16959\" class=\"awsm-modal-content\">\n        <div class=\"awsm-modal-content-main\">\n            <div class=\"awsm-modal-image-main\">\n                <img decoding=\"async\" src=\"https:\/\/schweiz.rockyourlife.org\/wp-content\/uploads\/sites\/47\/2025\/05\/RYL_Team_Andrea_Dietrich.jpg\" alt=\"Andrea Dietrich\">\n            <\/div>\n            <div class=\"awsm-modal-details\">\n                <h3>Assistante de direction<\/h3><h2>Andrea Dietrich<\/h2><p style=\"font-weight: 400\">Andrea Dietrich travaille pour RYL! depuis f\u00e9vrier 2025 en tant qu&rsquo;assistante de direction.<\/p>\n<p style=\"font-weight: 400\">Apr\u00e8s de nombreuses ann\u00e9es dans l&rsquo;industrie du voyage et du tourisme, elle a d\u00e9cid\u00e9 de rejoindre ROCK YOUR LIFE!. Elle consid\u00e8re le travail dans un domaine social comme un grand enrichissement. Sa passion pour les cultures et les pays \u00e9trangers continue de fa\u00e7onner sa vision et sa motivation, en particulier lorsqu&rsquo;il s&rsquo;agit de l&rsquo;aspect de l&rsquo;\u00e9galit\u00e9 des chances et de l&rsquo;inclusion. L&rsquo;inclusion n&rsquo;est pas seulement un droit, c&rsquo;est aussi une opportunit\u00e9 pour notre soci\u00e9t\u00e9 de grandir et d&rsquo;apprendre.<\/p>\n<p style=\"font-weight: 400\">En plus de son travail chez RYL!, elle est une m\u00e8re fi\u00e8re et aime passer son temps libre dans la nature avec sa famille. Ces exp\u00e9riences communes sont \u00e0 la fois un moment de d\u00e9tente et une source d&rsquo;inspiration pour leur travail quotidien.<\/p>\n<div class=\"awsm-contact-details\"><p><span>Email:<\/span><a href=\"mailto:andrea.dietrich@rockyourlife.org\">andrea.dietrich@rockyourlife.org<\/a><\/p><\/div>            <\/div>\n        <\/div>\n    <\/div>\n<\/div><div id=\"slide-ins-264-16623\" class=\"awsm-modal-item\">\n    <div id=\"awsm-member-info-264-16623\" class=\"awsm-modal-content\">\n        <div class=\"awsm-modal-content-main\">\n            <div class=\"awsm-modal-image-main\">\n                <img decoding=\"async\" src=\"https:\/\/schweiz.rockyourlife.org\/wp-content\/uploads\/sites\/47\/2025\/05\/RYL_Integration_Andrea_Ruckstuhl-500x500.jpg\" alt=\"Andrea Ruckstuhl\">\n            <\/div>\n            <div class=\"awsm-modal-details\">\n                <h3>Responsable de l'int\u00e9gration<\/h3><h2>Andrea Ruckstuhl<\/h2><p>Andrea Ruckstuhl coordonne, en tant que responsable du programme Int\u00e9gration, les services propos\u00e9s aux jeunes r\u00e9fugi\u00e9s dans les sites RYL! de Suisse al\u00e9manique. Depuis un peu plus de 30 ans, il encourage le potentiel des jeunes dans le cadre de leur formation scolaire ou professionnelle. En formant, en conseillant, en enthousiasmant. Notamment en tant que professeur de lyc\u00e9e et directeur de Job Caddie, un programme de mentorat pour les apprentis apr\u00e8s une rupture de contrat d&rsquo;apprentissage. Il se sent \u00e0 l&rsquo;aise avec les gens qui ont de l&rsquo;humour, qui sont inform\u00e9s et qui ont un esprit critique, et il aime jardiner pour la vie. Il a \u00e9tudi\u00e9 les langues et litt\u00e9ratures allemandes et slaves et a ensuite obtenu un master en gestion administrative.<\/p>\n<div class=\"awsm-contact-details\"><p><span>Email:<\/span><a href=\"mailto:andrea.ruckstuhl@rockyourlife.org\">andrea.ruckstuhl@rockyourlife.org<\/a><\/p><\/div>            <\/div>\n        <\/div>\n    <\/div>\n<\/div><div id=\"slide-ins-264-8300\" class=\"awsm-modal-item\">\n    <div id=\"awsm-member-info-264-8300\" class=\"awsm-modal-content\">\n        <div class=\"awsm-modal-content-main\">\n            <div class=\"awsm-modal-image-main\">\n                <img decoding=\"async\" src=\"https:\/\/schweiz.rockyourlife.org\/wp-content\/uploads\/sites\/47\/2025\/05\/RYL_Team_Carlo_Zoppi-500x500.jpg\" alt=\"Carlo Zoppi\">\n            <\/div>\n            <div class=\"awsm-modal-details\">\n                <h3>Direction r\u00e9gionale de la Suisse italienne<\/h3><h2>Carlo Zoppi<\/h2><p>Carlo est responsable r\u00e9gional pour la section de la Suisse italienne chez RYL!. Il a \u00e9tudi\u00e9 la g\u00e9ographie et les sciences de l&rsquo;environnement \u00e0 l&rsquo;Universit\u00e9 de Lausanne et a ensuite obtenu un master en gestion publique \u00e0 Lausanne et \u00e0 Berne.<br \/>\nSur le plan professionnel, il a \u00e9t\u00e9 actif dans plusieurs associations environnementales qui s&rsquo;occupent principalement de politique environnementale, de mobilit\u00e9 et d&rsquo;am\u00e9nagement du territoire. Il est \u00e9galement engag\u00e9 dans des causes sociales. Il organise et dirige des activit\u00e9s ou des camps d&rsquo;\u00e9t\u00e9 ayant un rapport avec l&rsquo;\u00e9ducation environnementale et l&rsquo;agriculture urbaine.<\/p>\n<div class=\"awsm-contact-details\"><p><span>Mail:<\/span><a href=\"mailto:carlo.zoppi@rockyourlife.org\">carlo.zoppi@rockyourlife.org<\/a><\/p><\/div>            <\/div>\n        <\/div>\n    <\/div>\n<\/div><div id=\"slide-ins-264-8220\" class=\"awsm-modal-item\">\n    <div id=\"awsm-member-info-264-8220\" class=\"awsm-modal-content\">\n        <div class=\"awsm-modal-content-main\">\n            <div class=\"awsm-modal-image-main\">\n                <img decoding=\"async\" src=\"https:\/\/schweiz.rockyourlife.org\/wp-content\/uploads\/sites\/47\/2025\/05\/RYL_Team_Catherine_Fournier-500x500.jpg\" alt=\"Catherine Fournier\">\n            <\/div>\n            <div class=\"awsm-modal-details\">\n                <h3>Co-responsable Int\u00e9gration \/ Suisse romande<\/h3><h2>Catherine Fournier<\/h2><p>Catherine Fournier travaille chez RYL! en tant que co-chef de projet Int\u00e9gration et Suisse romande. Elle a \u00e9tudi\u00e9 les sciences sociales ainsi que la gestion du sport et des loisirs \u00e0 Lausanne. Apr\u00e8s son master, elle a effectu\u00e9 plusieurs stages dans diff\u00e9rentes fondations en Afrique du Sud et aux Pays-Bas. Les projets qui se focalisent sur l&rsquo;inclusion, l&rsquo;int\u00e9gration, l&rsquo;\u00e9ducation, l&rsquo;\u00e9galit\u00e9 des chances ou l&rsquo;environnement, lui tiennent particuli\u00e8rement \u00e0 c\u0153ur ! En plus de son activit\u00e9 chez RYL!, Catherine s&rsquo;engage aupr\u00e8s de Sport &amp; Sustainability International<i> <\/i>et fait partie de l&rsquo;\u00e9quipe Football4Climate. Pendant son temps libre, elle aime d\u00e9couvrir le monde, passer du temps dans la nature et pratiquer des activit\u00e9s de plein air.<\/p>\n<p>.<\/p>\n<div class=\"awsm-contact-details\"><p><span>Mail:<\/span><a href=\"mailto:catherine.fournier@rockyourlife.org\">catherine.fournier@rockyourlife.org<\/a><\/p><\/div>            <\/div>\n        <\/div>\n    <\/div>\n<\/div><div id=\"slide-ins-264-15892\" class=\"awsm-modal-item\">\n    <div id=\"awsm-member-info-264-15892\" class=\"awsm-modal-content\">\n        <div class=\"awsm-modal-content-main\">\n            <div class=\"awsm-modal-image-main\">\n                <img decoding=\"async\" src=\"https:\/\/schweiz.rockyourlife.org\/wp-content\/uploads\/sites\/47\/2025\/07\/RYL_SV_Basel_Flavia_Castronari-500x500.jpg\" alt=\"Flavia Castronari\">\n            <\/div>\n            <div class=\"awsm-modal-details\">\n                <h3>Responsable du site de B\u00e2le<\/h3><h2>Flavia Castronari<\/h2><p style=\"font-weight: 400\">Flavia est responsable du site de B\u00e2le chez RYL!. En tant que mentor, elle est t\u00e9moin de la gratitude des jeunes et des autres mentors. Cette appr\u00e9ciation la motive \u00e0 s&rsquo;engager chaque jour pour une meilleure \u00e9galit\u00e9 des chances.  <\/p>\n<p style=\"font-weight: 400\">Elle-m\u00eame a fait un apprentissage, \u00e9tudie maintenant le travail social et donne des cours de plong\u00e9e dans le lac. En tant que monitrice de plong\u00e9e, elle a longtemps v\u00e9cu \u00e0 l&rsquo;\u00e9tranger et appr\u00e9cie beaucoup le syst\u00e8me \u00e9ducatif suisse, mais elle en conna\u00eet aussi les d\u00e9fis. <\/p>\n<p style=\"font-weight: 400\">Dans son temps libre, elle aime associer la montagne et l&rsquo;eau et s&rsquo;int\u00e9resse aux questions sociales et \u00e0 la protection de l&rsquo;environnement.<\/p>\n<div class=\"awsm-contact-details\"><p><span>Mail:<\/span><a href=\"mailto:flavia.castronari@rockyourlife.org\">flavia.castronari@rockyourlife.org<\/a><\/p><\/div>            <\/div>\n        <\/div>\n    <\/div>\n<\/div><div id=\"slide-ins-264-9317\" class=\"awsm-modal-item\">\n    <div id=\"awsm-member-info-264-9317\" class=\"awsm-modal-content\">\n        <div class=\"awsm-modal-content-main\">\n            <div class=\"awsm-modal-image-main\">\n                <img decoding=\"async\" src=\"https:\/\/schweiz.rockyourlife.org\/wp-content\/uploads\/sites\/47\/2025\/05\/RYL_Team_Franziska_Gabriel-500x500.jpg\" alt=\"Franziska Gabriel\">\n            <\/div>\n            <div class=\"awsm-modal-details\">\n                <h3>Responsable r\u00e9gionale Suisse al\u00e9manique \/ Communication<\/h3><h2>Franziska Gabriel<\/h2><p><span class=\"ui-provider a b c d e f g h i j k l m n o p q r s t u v w x y z ab ac ae af ag ah ai aj ak\" dir=\"ltr\">Franziska Gabriel est responsable de la direction r\u00e9gionale des sites RYL! en Suisse al\u00e9manique<\/span>. Elle travaille en outre dans le domaine de la communication et aidera \u00e0 diffuser et \u00e0 repr\u00e9senter RYL! \u00e0 l&rsquo;ext\u00e9rieur.<\/p>\n<p>Franziska est originaire d&rsquo;Allemagne, o\u00f9 elle a d\u00e9j\u00e0 travaill\u00e9 b\u00e9n\u00e9volement sur le site de ROCK YOUR LIFE! M\u00fcnster. Pour elle, RYL! est une formidable opportunit\u00e9 pour s&rsquo;engager pour plus d&rsquo;\u00e9quit\u00e9 dans l&rsquo;\u00e9ducation et d&rsquo;aider les jeunes \u00e0 s&rsquo;y retrouver entre les loisirs, l&rsquo;\u00e9cole et l&rsquo;avenir.<\/p>\n<p>Avec son master en sciences de l&rsquo;\u00e9ducation et son bachelor en p\u00e9dagogie du design, elle tente de trouver des solutions cr\u00e9atives dans le domaine social.<\/p>\n<div class=\"awsm-contact-details\"><p><span>Mail:<\/span><a href=\"mailto:franziska.gabriel@rockyourlife.org\">franziska.gabriel@rockyourlife.org<\/a><\/p><\/div>            <\/div>\n        <\/div>\n    <\/div>\n<\/div><div id=\"slide-ins-264-13556\" class=\"awsm-modal-item\">\n    <div id=\"awsm-member-info-264-13556\" class=\"awsm-modal-content\">\n        <div class=\"awsm-modal-content-main\">\n            <div class=\"awsm-modal-image-main\">\n                <img decoding=\"async\" src=\"https:\/\/schweiz.rockyourlife.org\/wp-content\/uploads\/sites\/47\/2025\/05\/RYL_SV_Lugano_Gaia_Caruso-500x500.jpg\" alt=\"Gaia Caruso\">\n            <\/div>\n            <div class=\"awsm-modal-details\">\n                <h3>Responsable du site de Lugano<\/h3><h2>Gaia Caruso<\/h2><p>Gaia a commenc\u00e9 \u00e0 travailler pour RYL! en juin 2023 en tant que stagiaire administrative. Depuis janvier 2024, elle est responsable de site pour RYL! Lugano et collabore \u00e9galement depuis avril au d\u00e9partement de la communication.<\/p>\n<p><span data-contrast=\"auto\">Elle a \u00e9tudi\u00e9 \u00e0 l&rsquo;Universit\u00e0 della Svizzera italiana (USI), o\u00f9 elle a obtenu un Bachelor en sciences de la communication, puis un Master en gestion et politique publiques (PMP). Dans le cadre de son travail universitaire, elle s&rsquo;est int\u00e9ress\u00e9e aux questions de migration et d&rsquo;in\u00e9galit\u00e9 \u00e9conomique. En dehors de ses \u00e9tudes, elle a de nombreux centres d&rsquo;int\u00e9r\u00eat, de la lecture \u00e0 la cuisine en passant par l&rsquo;histoire du cin\u00e9ma. Elle s&rsquo;engage pour la justice sociale et partage avec ROCK YOUR LIFE! la vision d&rsquo;un monde dans lequel tous les \u00eatres humains ont les m\u00eames chances.<\/span><\/p>\n<div class=\"awsm-contact-details\"><p><span>Mail:<\/span><a href=\"mailto:gaia.caruso@rockyourlife.org\">gaia.caruso@rockyourlife.org<\/a><\/p><\/div>            <\/div>\n        <\/div>\n    <\/div>\n<\/div><div id=\"slide-ins-264-18195\" class=\"awsm-modal-item\">\n    <div id=\"awsm-member-info-264-18195\" class=\"awsm-modal-content\">\n        <div class=\"awsm-modal-content-main\">\n            <div class=\"awsm-modal-image-main\">\n                <img decoding=\"async\" src=\"https:\/\/schweiz.rockyourlife.org\/wp-content\/uploads\/sites\/47\/2025\/07\/RYL_Team_Jean-Bernard_Wansi-500x500.png\" alt=\"Jean-Bernard Wansi\">\n            <\/div>\n            <div class=\"awsm-modal-details\">\n                <h3>Responsable IT, mesure d'impact & \u00e9valuation<\/h3><h2>Jean-Bernard Wansi<\/h2><p>Jean-Bernard est responsable de l&rsquo;informatique, de la mesure de l&rsquo;impact et de l&rsquo;\u00e9valuation, et formateur.<\/p>\n<p>Ing\u00e9nieur logiciel exp\u00e9riment\u00e9 ayant travaill\u00e9 plusieurs ann\u00e9es dans le secteur priv\u00e9, il allie son expertise technique \u00e0 sa passion pour la formation et l&rsquo;int\u00e9gration sociale.<\/p>\n<p>Jean-Bernard a lui-m\u00eame d\u00e9j\u00e0 \u00e9t\u00e9 CTM RYL! et est \u00e9galement formateur RYL! depuis 2023.<\/p>\n<p>Jean-Bernard est convaincu que \u00ab\u00a0chaque jeune, quelle que soit son origine, porte en lui un potentiel pr\u00e9cieux. RYL ! Suisse offre le cadre id\u00e9al pour le d\u00e9velopper\u00a0\u00bb.<\/p>\n<p>Pendant son temps libre, Jean-Bernard fait du sport, se plonge dans des livres de d\u00e9veloppement personnel et sert de pompier volontaire.<\/p>\n<p>Fort de ce bagage diversifi\u00e9, il est impatient de relever de nouveaux d\u00e9fis chez RYL! Suisse. <\/p>\n<div class=\"awsm-contact-details\"><p><span>Email:<\/span><a href=\"mailto:jeanbernard.wansi@rockyourlife.org\">jeanbernard.wansi@rockyourlife.org<\/a><\/p><\/div>            <\/div>\n        <\/div>\n    <\/div>\n<\/div><div id=\"slide-ins-264-12292\" class=\"awsm-modal-item\">\n    <div id=\"awsm-member-info-264-12292\" class=\"awsm-modal-content\">\n        <div class=\"awsm-modal-content-main\">\n            <div class=\"awsm-modal-image-main\">\n                <img decoding=\"async\" src=\"https:\/\/schweiz.rockyourlife.org\/wp-content\/uploads\/sites\/47\/2025\/05\/RYL_Team_Joy_Angst.jpg\" alt=\"Joy Angst\">\n            <\/div>\n            <div class=\"awsm-modal-details\">\n                <h3>Responsable de site de Zurich<\/h3><h2>Joy Angst<\/h2><p>Joy Angst est responsable du site de Zurich et \u00e9tait auparavant mentor chez RYL ! La vision et le sens de ROCK YOUR LIFE ! sont une des motivations principales de son engagement. En tant qu&rsquo;adolescente, elle a \u00e9galement \u00e9t\u00e9 d\u00e9pass\u00e9e par la multitude de solutions possibles et souhaite aider \u00e0 cr\u00e9er un espace dans lequel les gens peuvent d\u00e9couvrir et d\u00e9velopper leurs souhaits et leur potentiel. Joy a \u00e9tudi\u00e9 la psychologie appliqu\u00e9e \u00e0 la Haute \u00e9cole sp\u00e9cialis\u00e9e du Nord-Ouest de la Suisse et est une danseuse passionn\u00e9e pendant son temps libre. Elle aime passer du temps dans la nature et s&rsquo;engager dans des causes sociales qui lui tiennent \u00e0 c\u0153ur.<\/p>\n<div class=\"awsm-contact-details\"><p><span>Mail:<\/span><a href=\"mailto:joy.angst@rockyourlife.org\">joy.angst@rockyourlife.org<\/a><\/p><\/div>            <\/div>\n        <\/div>\n    <\/div>\n<\/div><div id=\"slide-ins-264-16624\" class=\"awsm-modal-item\">\n    <div id=\"awsm-member-info-264-16624\" class=\"awsm-modal-content\">\n        <div class=\"awsm-modal-content-main\">\n            <div class=\"awsm-modal-image-main\">\n                <img decoding=\"async\" src=\"https:\/\/schweiz.rockyourlife.org\/wp-content\/uploads\/sites\/47\/2025\/05\/RYL_SV_Chur_Julia_Rossmaier.jpg\" alt=\"Julia Rossmaier\">\n            <\/div>\n            <div class=\"awsm-modal-details\">\n                <h3>Responsable du site de Coire<\/h3><h2>Julia Rossmaier<\/h2><p>Julia est responsable de site \u00e0 Coire depuis 2025. Sa carri\u00e8re professionnelle a commenc\u00e9 par une formation d&rsquo;\u00e9ducatrice, suivie d&rsquo;un bachelor en travail social et d&rsquo;une formation de th\u00e9rapeute craniosacrale. Elle a travaill\u00e9 pendant de nombreuses ann\u00e9es avec des enfants avant de se tourner vers le secteur de la jeunesse, o\u00f9 elle a travaill\u00e9 en dernier lieu dans l&rsquo;int\u00e9gration professionnelle. La citation de Maria Montessori \u00ab\u00a0Aide-moi \u00e0 le faire moi-m\u00eame\u00a0\u00bb caract\u00e9rise son action professionnelle. Pendant les mois d&rsquo;\u00e9t\u00e9, Julia travaille souvent comme berg\u00e8re dans les montagnes. Pendant son temps libre, elle aime l&rsquo;escalade, les voyages et s&rsquo;investit dans sa communaut\u00e9 de vie.<\/p>\n<div class=\"awsm-contact-details\"><p><span>Email:<\/span><a href=\"mailto:julia.rossmaier@rockyourlife.org\">julia.rossmaier@rockyourlife.org<\/a><\/p><\/div>            <\/div>\n        <\/div>\n    <\/div>\n<\/div><div id=\"slide-ins-264-16625\" class=\"awsm-modal-item\">\n    <div id=\"awsm-member-info-264-16625\" class=\"awsm-modal-content\">\n        <div class=\"awsm-modal-content-main\">\n            <div class=\"awsm-modal-image-main\">\n                <img decoding=\"async\" src=\"https:\/\/schweiz.rockyourlife.org\/wp-content\/uploads\/sites\/47\/2025\/05\/RYL_SV_Genf_Karen_Mees-500x500.jpg\" alt=\"Karen M\u00e9es\">\n            <\/div>\n            <div class=\"awsm-modal-details\">\n                <h3>Responsable du site de Gen\u00e8ve<\/h3><h2>Karen M\u00e9es<\/h2><p>Karen M\u00e9es est responsable de site pour RYL! Gen\u00e8ve depuis 2024. A c\u00f4t\u00e9 de RYL! elle est en train de finir son master en approches psycho-\u00e9ducatives et situations de handicap \u00e0 l&rsquo;universit\u00e9 de Gen\u00e8ve que elle termine en juin 2025. Avant son master, elle a obtenu un bachelor en sciences de l&rsquo;\u00e9ducation. Elle adore le domaine sociale car on apprend beaucoup de l&rsquo;exp\u00e9rience et de la culture des autres. A c\u00f4t\u00e9 de son travail et de ses \u00e9tudes, elle adore voyager, lire et faire de belles randonn\u00e9es dans la nature avec son chien. Elle d\u00e9fends \u00e9galement \u00e9norm\u00e9ment la cause animale. <\/p>\n<div class=\"awsm-contact-details\"><p><span>Email:<\/span><a href=\"mailto:karen.mees@rockyourlife.org\">karen.mees@rockyourlife.org<\/a><\/p><\/div>            <\/div>\n        <\/div>\n    <\/div>\n<\/div><div id=\"slide-ins-264-18005\" class=\"awsm-modal-item\">\n    <div id=\"awsm-member-info-264-18005\" class=\"awsm-modal-content\">\n        <div class=\"awsm-modal-content-main\">\n            <div class=\"awsm-modal-image-main\">\n                <img decoding=\"async\" src=\"https:\/\/schweiz.rockyourlife.org\/wp-content\/uploads\/sites\/47\/2025\/07\/RYL_Integration_Lara_Robbiani.png\" alt=\"Lara Robbiani\">\n            <\/div>\n            <div class=\"awsm-modal-details\">\n                <h3>Responsable du mentorat pour jeunes issu\u00b7e\u00b7s de la migration Suisse italienne<\/h3><h2>Lara Robbiani<\/h2><p style=\"font-weight: 400\">Depuis le 1er juillet 2025, Lara Robbiani a \u00e9t\u00e9 engag\u00e9e chez RYL! en tant que responsable du mentorat pour jeunes issu\u00b7e\u00b7s de la migration de la Suisse italienne.<\/p>\n<p style=\"font-weight: 400\">Lara a fond\u00e9 puis coordonn\u00e9 l&rsquo;association DaRe (Diritto a Restare = Droit de rester), bas\u00e9e \u00e0 Bellinzone, pendant dix ans. Le projet \u0153uvre pour l&rsquo;accueil et l&rsquo;int\u00e9gration sociale de personnes en difficult\u00e9 ou issues de la migration. En 2023, apr\u00e8s des ann\u00e9es d&rsquo;exp\u00e9rience sur le terrain, elle a obtenu son brevet f\u00e9d\u00e9ral de Sp\u00e9cialiste en migration. <\/p>\n<p style=\"font-weight: 400\">L&rsquo;accueil est son point fort : de nombreux enjeux tournent autour de cet aspect fondamental dans notre soci\u00e9t\u00e9, parce que l&rsquo;int\u00e9gration est un processus \u00e9gal et r\u00e9ciproque. Avant de se consacrer \u00e0 plein temps \u00e0 ce domaine, elle a, en effet, \u00e9t\u00e9 pendant plusieurs ann\u00e9es co-responsable des Botteghe del mondo \u00e0 Locarno. En 2018, elle a obtenu un CAS en Coop\u00e9ration et D\u00e9veloppement \u00e0 la SUPSI.  <\/p>\n<p><span style=\"font-weight: 400\">Lara se r\u00e9jouit de ce nouveau d\u00e9fi avec ROCK YOUR LIFE!. Elle est convaincue que les jeunes sont un atout pr\u00e9cieux pour notre soci\u00e9t\u00e9 actuelle et future !<\/span><\/p>\n<div class=\"awsm-contact-details\"><p><span>Mail:<\/span><a href=\"mailto:lara.robbiani@rockyourlife.org\">lara.robbiani@rockyourlife.org<\/a><\/p><\/div>            <\/div>\n        <\/div>\n    <\/div>\n<\/div><div id=\"slide-ins-264-18666\" class=\"awsm-modal-item\">\n    <div id=\"awsm-member-info-264-18666\" class=\"awsm-modal-content\">\n        <div class=\"awsm-modal-content-main\">\n            <div class=\"awsm-modal-image-main\">\n                <img decoding=\"async\" src=\"https:\/\/schweiz.rockyourlife.org\/wp-content\/uploads\/sites\/47\/2025\/09\/RYL_Team_Lydia_Schebesta.png\" alt=\"Lydia Schebesta\">\n            <\/div>\n            <div class=\"awsm-modal-details\">\n                <h3>Responsable du recrutement des b\u00e9n\u00e9voles et du marketing<\/h3><h2>Lydia Schebesta<\/h2><p>Lydia Schebesta est responsable du recrutement des b\u00e9n\u00e9voles et du marketing chez ROCK YOUR LIFE! et soutient \u00e9galement la communication et l&rsquo;\u00e9valuation.<\/p>\n<p>Elle a \u00e9tudi\u00e9 la linguistique allemande et l&rsquo;histoire et a travaill\u00e9 pendant plusieurs ann\u00e9es en tant que campaignerin, o\u00f9 elle a men\u00e9 des campagnes politiques.<\/p>\n<p>Pendant son temps libre, elle aide les migrants \u00e0 effectuer des t\u00e2ches administratives ou \u00e0 r\u00e9diger leur travail de maturit\u00e9 sp\u00e9cialis\u00e9e et entretient un cercle d&rsquo;amis international avec lequel elle appr\u00e9cie les \u00e9changes culturels.<\/p>\n<div class=\"awsm-contact-details\"><p><span>Mail:<\/span><a href=\"mailto:lydia.schebesta@rockyourlife.org\">lydia.schebesta@rockyourlife.org<\/a><\/p><\/div>            <\/div>\n        <\/div>\n    <\/div>\n<\/div><div id=\"slide-ins-264-18722\" class=\"awsm-modal-item\">\n    <div id=\"awsm-member-info-264-18722\" class=\"awsm-modal-content\">\n        <div class=\"awsm-modal-content-main\">\n            <div class=\"awsm-modal-image-main\">\n                <img decoding=\"async\" src=\"https:\/\/schweiz.rockyourlife.org\/wp-content\/uploads\/sites\/47\/2025\/09\/Portrait-Marc-500x500.png\" alt=\"Marc Hauert\">\n            <\/div>\n            <div class=\"awsm-modal-details\">\n                <h3>Coordination de la recherche de mentors et du b\u00e9n\u00e9volat d'entreprise<\/h3><h2>Marc Hauert<\/h2><p>Marc Hauert coordonne la recherche de mentors pour les plus de 50 ans et le b\u00e9n\u00e9volat d&rsquo;entreprise chez ROCK YOUR LIFE!.<\/p>\n<p>Apr\u00e8s sa retraite, il apporte au programme de mentorat sa longue exp\u00e9rience acquise dans des organisations internationales telles que l&rsquo;ONU, la Croix-Rouge internationale, TGF et GAVI. En tant que chef de projet, coach et concepteur, il se concentre sur l&rsquo;impact durable et la mise en \u0153uvre pratique.<\/p>\n<p>Marc entretient des \u00e9changes valorisants et ouverts avec des jeunes engag\u00e9s &#8211; toujours avec un fin sens de l&rsquo;humour.<\/p>\n<p>Pendant son temps libre, il vit pour la musique, fait du VTT et aime skier.<\/p>\n<div class=\"awsm-contact-details\"><p><span>Mail:<\/span><a href=\"mailto:marc.hauert@rockyourlife.org\">marc.hauert@rockyourlife.org<\/a><\/p><\/div>            <\/div>\n        <\/div>\n    <\/div>\n<\/div><div id=\"slide-ins-264-9742\" class=\"awsm-modal-item\">\n    <div id=\"awsm-member-info-264-9742\" class=\"awsm-modal-content\">\n        <div class=\"awsm-modal-content-main\">\n            <div class=\"awsm-modal-image-main\">\n                <img decoding=\"async\" src=\"https:\/\/schweiz.rockyourlife.org\/wp-content\/uploads\/sites\/47\/2025\/05\/RYL_Team_Pascal_Kupper-500x500.jpg\" alt=\"Pascal Kupper\">\n            <\/div>\n            <div class=\"awsm-modal-details\">\n                <h3>Recherche de fonds<\/h3><h2>Pascal Kupper<\/h2><p>Pascal Kupper travaille au sein du d\u00e9partement de la collecte de fonds de RYL! et plus sp\u00e9cifiquement il est responsable des fondations. Il a \u00e9tudi\u00e9 les sciences des m\u00e9dias et de la communication \u00e0 Fribourg et a travaill\u00e9 quelques ann\u00e9es comme journaliste. Derni\u00e8rement, il a acquis de l&rsquo;exp\u00e9rience dans diff\u00e9rents domaines, notamment dans la collecte de fonds. Pascal se r\u00e9jouit d&rsquo;offrir aux jeunes un bon d\u00e9part dans la vie professionnelle et de contribuer \u00e0 plus d&rsquo;\u00e9galit\u00e9 des chances gr\u00e2ce \u00e0 ses nouvelles responsabilit\u00e9s.<\/p>\n<p>Pendant son temps libre, il aime regarder des films et des s\u00e9ries, \u00e9couter de la musique et aller \u00e0 des concerts.<\/p>\n<div class=\"awsm-contact-details\"><p><span>Mail:<\/span><a href=\"mailto:pascal.kupper@rockyourlife.org\">pascal.kupper@rockyourlife.org<\/a><\/p><\/div>            <\/div>\n        <\/div>\n    <\/div>\n<\/div><div id=\"slide-ins-264-14382\" class=\"awsm-modal-item\">\n    <div id=\"awsm-member-info-264-14382\" class=\"awsm-modal-content\">\n        <div class=\"awsm-modal-content-main\">\n            <div class=\"awsm-modal-image-main\">\n                <img decoding=\"async\" src=\"https:\/\/schweiz.rockyourlife.org\/wp-content\/uploads\/sites\/47\/2025\/05\/RYL_Team_Rahel_de_Bever-500x500.jpg\" alt=\"Rahel de Bever\">\n            <\/div>\n            <div class=\"awsm-modal-details\">\n                <h3>Responsable communication et partenariats<\/h3><h2>Rahel de Bever<\/h2><p>Rahel de Bever est responsable de la communication et des partenariats chez RYL! Elle est donc responsable de la p\u00e9rennit\u00e9 du financement de RYL! et est la personne de contact pour les partenaires de financement. D&rsquo;autre part, elle veille \u00e0 ce que RYL! soit davantage per\u00e7u par la population et les parties prenantes. Elle est titulaire d&rsquo;un Master en communication et publication multim\u00e9dia de la HESB et a auparavant obtenu un Bachelor en gestion d&rsquo;entreprise \u00e0 l&rsquo;universit\u00e9 de Berne. Rahel se consid\u00e8re comme une communicatrice dont l&rsquo;objectif est de relier des personnes d&rsquo;horizons diff\u00e9rents et de r\u00e9duire les obstacles sociaux.<\/p>\n<p>Pendant son temps libre, elle aime faire de la randonn\u00e9e ou du ski en montagne et s&rsquo;engage b\u00e9n\u00e9volement comme nageuse sauveteuse aupr\u00e8s de la Soci\u00e9t\u00e9 Suisse de Sauvetage (SSS).<\/p>\n<div class=\"awsm-contact-details\"><p><span>Mail:<\/span><a href=\"mailto:rahel.debever@rockyourlife.org\">rahel.debever@rockyourlife.org<\/a><\/p><\/div>            <\/div>\n        <\/div>\n    <\/div>\n<\/div><div id=\"slide-ins-264-16193\" class=\"awsm-modal-item\">\n    <div id=\"awsm-member-info-264-16193\" class=\"awsm-modal-content\">\n        <div class=\"awsm-modal-content-main\">\n            <div class=\"awsm-modal-image-main\">\n                <img decoding=\"async\" src=\"https:\/\/schweiz.rockyourlife.org\/wp-content\/uploads\/sites\/47\/2025\/05\/RYL_SV_Fribourg_Sinthuja_Ravendrapatham-500x500-1.jpg\" alt=\"Sinthuja Ravendrapatham\">\n            <\/div>\n            <div class=\"awsm-modal-details\">\n                <h3>Responsable du site de Fribourg<\/h3><h2>Sinthuja Ravendrapatham<\/h2><p>Sinthujah est la responsable de site de RYL! \u00e0 Fribourg. Apr\u00e8s avoir termin\u00e9 son apprentissage d&#8217;employ\u00e9e de commerce, elle occupe actuellement le poste de cheffe de projet junior dans le secteur informatique.<br \/>Passionn\u00e9e par le domaine du social, elle est ravie de pouvoir aider les jeunes et de contribuer \u00e0 leur \u00e9panouissement.<br \/>Ce qui lui tient particuli\u00e8rement \u00e0 coeur, ce sont les \u00e9changes d&rsquo;exp\u00e9riences de vie que nous pouvons partager. C&rsquo;est enrichissant et cela permet \u00e0 chacun d&rsquo;entre nous d&rsquo;\u00e9voluer tant sur le plan personnel que professionnel.<br \/>Dans son temps libre, elle aime voyager, d\u00e9couvrir de nouvelles cultures, \u00e9couter de la musique et lire.   <\/p>\n<div class=\"awsm-contact-details\"><p><span>Mail:<\/span><a href=\"mailto:sinthuja.ravendrapatham@rockyourlife.org\">sinthuja.ravendrapatham@rockyourlife.org<\/a><\/p><\/div>            <\/div>\n        <\/div>\n    <\/div>\n<\/div>\t\n\t\t    <\/div>\n\t\t<\/div>\n\t\t\n\t<\/div>\n<\/div>[\/et_pb_code][\/et_pb_column][\/et_pb_row][et_pb_row disabled_on=\u00a0\u00bboff|off|off\u00a0\u00bb module_id=\u00a0\u00bbteam_trainer\u00a0\u00bb _builder_version=\u00a0\u00bb4.16&Prime; custom_padding=\u00a0\u00bb0px||0px\u00a0\u00bb global_colors_info=\u00a0\u00bb{}\u00a0\u00bb][et_pb_column type=\u00a0\u00bb4_4&Prime; _builder_version=\u00a0\u00bb4.16&Prime; custom_padding=\u00a0\u00bb|||\u00a0\u00bb global_colors_info=\u00a0\u00bb{}\u00a0\u00bb custom_padding__hover=\u00a0\u00bb|||\u00a0\u00bb][\/et_pb_column][\/et_pb_row][\/et_pb_section][et_pb_section fb_built=\u00a0\u00bb1&Prime; disabled_on=\u00a0\u00bbon|on|on\u00a0\u00bb _builder_version=\u00a0\u00bb4.16&Prime; background_color=\u00a0\u00bb#eff4f5&Prime; custom_padding=\u00a0\u00bb90px|0px|90px|0px|false|false\u00a0\u00bb disabled=\u00a0\u00bbon\u00a0\u00bb global_colors_info=\u00a0\u00bb{}\u00a0\u00bb][et_pb_row _builder_version=\u00a0\u00bb4.16&Prime; custom_padding=\u00a0\u00bb0|0px|0|0px|false|false\u00a0\u00bb global_colors_info=\u00a0\u00bb{}\u00a0\u00bb][et_pb_column type=\u00a0\u00bb4_4&Prime; _builder_version=\u00a0\u00bb4.16&Prime; custom_padding=\u00a0\u00bb|||\u00a0\u00bb global_colors_info=\u00a0\u00bb{}\u00a0\u00bb custom_padding__hover=\u00a0\u00bb|||\u00a0\u00bb][et_pb_text _builder_version=\u00a0\u00bb4.16&Prime; global_colors_info=\u00a0\u00bb{}\u00a0\u00bb]<\/p>\n<h3>Rejoins ROCK YOUR LIFE!<\/h3>\n<p>[\/et_pb_text][\/et_pb_column][\/et_pb_row][et_pb_row _builder_version=\u00a0\u00bb4.16&Prime; custom_padding=\u00a0\u00bb30px|0px|0|0px|false|false\u00a0\u00bb global_colors_info=\u00a0\u00bb{}\u00a0\u00bb][et_pb_column type=\u00a0\u00bb4_4&Prime; _builder_version=\u00a0\u00bb4.16&Prime; custom_padding=\u00a0\u00bb|||\u00a0\u00bb global_colors_info=\u00a0\u00bb{}\u00a0\u00bb custom_padding__hover=\u00a0\u00bb|||\u00a0\u00bb][et_pb_text _builder_version=\u00a0\u00bb4.16&Prime; custom_css_main_element=\u00a0\u00bb -webkit-hyphens: auto;|| -ms-hyphens: auto;|| hyphens: auto;\u00a0\u00bb global_colors_info=\u00a0\u00bb{}\u00a0\u00bb]<\/p>\n<p>Tu souhaite travailler dans une entreprise sociale dynamique, o\u00f9 r\u00e8gne une formidable coh\u00e9sion d&rsquo;\u00e9quipe et o\u00f9 tu peux t&rsquo;engager pour une bonne cause ? Alors rejoins nous!<\/p>\n<p>[\/et_pb_text][\/et_pb_column][\/et_pb_row][et_pb_row _builder_version=\u00a0\u00bb4.16&Prime; custom_padding=\u00a0\u00bb45px|0px|0|0px|false|false\u00a0\u00bb global_colors_info=\u00a0\u00bb{}\u00a0\u00bb][et_pb_column type=\u00a0\u00bb4_4&Prime; _builder_version=\u00a0\u00bb4.16&Prime; custom_padding=\u00a0\u00bb|||\u00a0\u00bb global_colors_info=\u00a0\u00bb{}\u00a0\u00bb custom_padding__hover=\u00a0\u00bb|||\u00a0\u00bb][et_pb_button button_url=\u00a0\u00bbhttps:\/\/schweiz.rockyourlife.org\/fr\/das-sind-wir-franz\/jobs\/\u00a0\u00bb button_text=\u00a0\u00bbVers les emplois et engagements\u00a0\u00bb _builder_version=\u00a0\u00bb4.16&Prime; global_colors_info=\u00a0\u00bb{}\u00a0\u00bb button_text_size__hover_enabled=\u00a0\u00bboff\u00a0\u00bb button_one_text_size__hover_enabled=\u00a0\u00bboff\u00a0\u00bb button_two_text_size__hover_enabled=\u00a0\u00bboff\u00a0\u00bb button_text_color__hover_enabled=\u00a0\u00bboff\u00a0\u00bb button_one_text_color__hover_enabled=\u00a0\u00bboff\u00a0\u00bb button_two_text_color__hover_enabled=\u00a0\u00bboff\u00a0\u00bb button_border_width__hover_enabled=\u00a0\u00bboff\u00a0\u00bb button_one_border_width__hover_enabled=\u00a0\u00bboff\u00a0\u00bb button_two_border_width__hover_enabled=\u00a0\u00bboff\u00a0\u00bb button_border_color__hover_enabled=\u00a0\u00bboff\u00a0\u00bb button_one_border_color__hover_enabled=\u00a0\u00bboff\u00a0\u00bb button_two_border_color__hover_enabled=\u00a0\u00bboff\u00a0\u00bb button_border_radius__hover_enabled=\u00a0\u00bboff\u00a0\u00bb button_one_border_radius__hover_enabled=\u00a0\u00bboff\u00a0\u00bb button_two_border_radius__hover_enabled=\u00a0\u00bboff\u00a0\u00bb button_letter_spacing__hover_enabled=\u00a0\u00bboff\u00a0\u00bb button_one_letter_spacing__hover_enabled=\u00a0\u00bboff\u00a0\u00bb button_two_letter_spacing__hover_enabled=\u00a0\u00bboff\u00a0\u00bb button_bg_color__hover_enabled=\u00a0\u00bboff\u00a0\u00bb button_one_bg_color__hover_enabled=\u00a0\u00bboff\u00a0\u00bb button_two_bg_color__hover_enabled=\u00a0\u00bboff\u00a0\u00bb][\/et_pb_button][\/et_pb_column][\/et_pb_row][\/et_pb_section]<\/p>\n","protected":false},"excerpt":{"rendered":"<p>[et_pb_section fb_built=\u00a0\u00bb1&Prime; _builder_version=\u00a0\u00bb4.16&Prime; background_color=\u00a0\u00bb#FFFFFF\u00a0\u00bb custom_padding=\u00a0\u00bb0|0px|0|0px|false|false\u00a0\u00bb custom_css_main_element=\u00a0\u00bbbackground-image:none !important;\u00a0\u00bb locked=\u00a0\u00bboff\u00a0\u00bb global_colors_info=\u00a0\u00bb{}\u00a0\u00bb][et_pb_row _builder_version=\u00a0\u00bb4.16&Prime; min_height=\u00a0\u00bb89.9px\u00a0\u00bb custom_padding=\u00a0\u00bb27px|0px|32px|0px|false|false\u00a0\u00bb global_colors_info=\u00a0\u00bb{}\u00a0\u00bb][et_pb_column type=\u00a0\u00bb4_4&Prime; _builder_version=\u00a0\u00bb4.16&Prime; custom_padding=\u00a0\u00bb|||\u00a0\u00bb global_colors_info=\u00a0\u00bb{}\u00a0\u00bb custom_padding__hover=\u00a0\u00bb|||\u00a0\u00bb][et_pb_text module_class=\u00a0\u00bbryl-breadcrumb\u00a0\u00bb _builder_version=\u00a0\u00bb4.16&Prime; text_font=\u00a0\u00bb||||||||\u00a0\u00bb global_colors_info=\u00a0\u00bb{}\u00a0\u00bb] [\/et_pb_text][\/et_pb_column][\/et_pb_row][\/et_pb_section][et_pb_section fb_built=\u00a0\u00bb1&Prime; module_id=\u00a0\u00bb\u00e9quipe\u00a0\u00bb _builder_version=\u00a0\u00bb4.16&Prime; custom_margin=\u00a0\u00bb0px|||\u00a0\u00bb custom_margin_tablet=\u00a0\u00bb\u00a0\u00bb custom_margin_phone=\u00a0\u00bb\u00a0\u00bb custom_margin_last_edited=\u00a0\u00bbon|desktop\u00a0\u00bb custom_padding=\u00a0\u00bb0|0px|0|0px|false|false\u00a0\u00bb custom_css_main_element=\u00a0\u00bbbackground-image:none !important;\u00a0\u00bb global_colors_info=\u00a0\u00bb{}\u00a0\u00bb][et_pb_row _builder_version=\u00a0\u00bb4.16&Prime; custom_padding=\u00a0\u00bb0|0px|0|0px|false|false\u00a0\u00bb global_colors_info=\u00a0\u00bb{}\u00a0\u00bb][et_pb_column type=\u00a0\u00bb4_4&Prime; _builder_version=\u00a0\u00bb4.16&Prime; custom_padding=\u00a0\u00bb|||\u00a0\u00bb global_colors_info=\u00a0\u00bb{}\u00a0\u00bb custom_padding__hover=\u00a0\u00bb|||\u00a0\u00bb][et_pb_text _builder_version=\u00a0\u00bb4.16&Prime; header_font=\u00a0\u00bbRoboto Condensed||||||||\u00a0\u00bb global_colors_info=\u00a0\u00bb{}\u00a0\u00bb] QUI NOUS SOMMES [\/et_pb_text][\/et_pb_column][\/et_pb_row][et_pb_row _builder_version=\u00a0\u00bb4.16&Prime; custom_padding=\u00a0\u00bb30px|0px|0|0px|false|false\u00a0\u00bb global_colors_info=\u00a0\u00bb{}\u00a0\u00bb][et_pb_column type=\u00a0\u00bb4_4&Prime; _builder_version=\u00a0\u00bb4.16&Prime; [&hellip;]<\/p>\n","protected":false},"author":50,"featured_media":0,"parent":6317,"menu_order":2,"comment_status":"closed","ping_status":"closed","template":"","meta":{"_et_pb_use_builder":"on","_et_pb_old_content":"","_et_gb_content_width":"","footnotes":""},"class_list":["post-7582","page","type-page","status-publish","hentry"],"yoast_head":"<!-- This site is optimized with the Yoast SEO plugin v26.8 - https:\/\/yoast.com\/product\/yoast-seo-wordpress\/ -->\n<title>\u00c9quipe - ROCK YOUR LIFE! Schweiz<\/title>\n<meta name=\"robots\" content=\"index, follow, max-snippet:-1, max-image-preview:large, max-video-preview:-1\" \/>\n<link rel=\"canonical\" href=\"https:\/\/schweiz.rockyourlife.org\/fr\/das-sind-wir-franz\/team\/\" \/>\n<meta property=\"og:locale\" content=\"fr_FR\" \/>\n<meta property=\"og:type\" content=\"article\" \/>\n<meta property=\"og:title\" content=\"\u00c9quipe - ROCK YOUR LIFE! Schweiz\" \/>\n<meta property=\"og:description\" content=\"[et_pb_section fb_built=\u00a0\u00bb1&Prime; _builder_version=\u00a0\u00bb4.16&Prime; background_color=\u00a0\u00bb#FFFFFF\u00a0\u00bb custom_padding=\u00a0\u00bb0|0px|0|0px|false|false\u00a0\u00bb custom_css_main_element=\u00a0\u00bbbackground-image:none !important;\u00a0\u00bb locked=\u00a0\u00bboff\u00a0\u00bb global_colors_info=\u00a0\u00bb{}\u00a0\u00bb][et_pb_row _builder_version=\u00a0\u00bb4.16&Prime; min_height=\u00a0\u00bb89.9px\u00a0\u00bb custom_padding=\u00a0\u00bb27px|0px|32px|0px|false|false\u00a0\u00bb global_colors_info=\u00a0\u00bb{}\u00a0\u00bb][et_pb_column type=\u00a0\u00bb4_4&Prime; _builder_version=\u00a0\u00bb4.16&Prime; custom_padding=\u00a0\u00bb|||\u00a0\u00bb global_colors_info=\u00a0\u00bb{}\u00a0\u00bb custom_padding__hover=\u00a0\u00bb|||\u00a0\u00bb][et_pb_text module_class=\u00a0\u00bbryl-breadcrumb\u00a0\u00bb _builder_version=\u00a0\u00bb4.16&Prime; text_font=\u00a0\u00bb||||||||\u00a0\u00bb global_colors_info=\u00a0\u00bb{}\u00a0\u00bb] [\/et_pb_text][\/et_pb_column][\/et_pb_row][\/et_pb_section][et_pb_section fb_built=\u00a0\u00bb1&Prime; module_id=\u00a0\u00bb\u00e9quipe\u00a0\u00bb _builder_version=\u00a0\u00bb4.16&Prime; custom_margin=\u00a0\u00bb0px|||\u00a0\u00bb custom_margin_tablet=\u00a0\u00bb\u00a0\u00bb custom_margin_phone=\u00a0\u00bb\u00a0\u00bb custom_margin_last_edited=\u00a0\u00bbon|desktop\u00a0\u00bb custom_padding=\u00a0\u00bb0|0px|0|0px|false|false\u00a0\u00bb custom_css_main_element=\u00a0\u00bbbackground-image:none !important;\u00a0\u00bb global_colors_info=\u00a0\u00bb{}\u00a0\u00bb][et_pb_row _builder_version=\u00a0\u00bb4.16&Prime; custom_padding=\u00a0\u00bb0|0px|0|0px|false|false\u00a0\u00bb global_colors_info=\u00a0\u00bb{}\u00a0\u00bb][et_pb_column type=\u00a0\u00bb4_4&Prime; _builder_version=\u00a0\u00bb4.16&Prime; custom_padding=\u00a0\u00bb|||\u00a0\u00bb global_colors_info=\u00a0\u00bb{}\u00a0\u00bb custom_padding__hover=\u00a0\u00bb|||\u00a0\u00bb][et_pb_text _builder_version=\u00a0\u00bb4.16&Prime; header_font=\u00a0\u00bbRoboto Condensed||||||||\u00a0\u00bb global_colors_info=\u00a0\u00bb{}\u00a0\u00bb] QUI NOUS SOMMES [\/et_pb_text][\/et_pb_column][\/et_pb_row][et_pb_row _builder_version=\u00a0\u00bb4.16&Prime; custom_padding=\u00a0\u00bb30px|0px|0|0px|false|false\u00a0\u00bb global_colors_info=\u00a0\u00bb{}\u00a0\u00bb][et_pb_column type=\u00a0\u00bb4_4&Prime; _builder_version=\u00a0\u00bb4.16&Prime; [&hellip;]\" \/>\n<meta property=\"og:url\" content=\"https:\/\/schweiz.rockyourlife.org\/fr\/das-sind-wir-franz\/team\/\" \/>\n<meta property=\"og:site_name\" content=\"ROCK YOUR LIFE! Schweiz\" \/>\n<meta property=\"article:modified_time\" content=\"2025-07-01T13:34:09+00:00\" \/>\n<meta name=\"twitter:card\" content=\"summary_large_image\" \/>\n<meta name=\"twitter:label1\" content=\"Dur\u00e9e de lecture estim\u00e9e\" \/>\n\t<meta name=\"twitter:data1\" content=\"5 minutes\" \/>\n<script type=\"application\/ld+json\" class=\"yoast-schema-graph\">{\"@context\":\"https:\/\/schema.org\",\"@graph\":[{\"@type\":\"WebPage\",\"@id\":\"https:\/\/schweiz.rockyourlife.org\/fr\/das-sind-wir-franz\/team\/\",\"url\":\"https:\/\/schweiz.rockyourlife.org\/fr\/das-sind-wir-franz\/team\/\",\"name\":\"\u00c9quipe - ROCK YOUR LIFE! Schweiz\",\"isPartOf\":{\"@id\":\"https:\/\/schweiz.rockyourlife.org\/#website\"},\"datePublished\":\"2022-06-02T10:46:02+00:00\",\"dateModified\":\"2025-07-01T13:34:09+00:00\",\"breadcrumb\":{\"@id\":\"https:\/\/schweiz.rockyourlife.org\/fr\/das-sind-wir-franz\/team\/#breadcrumb\"},\"inLanguage\":\"fr-FR\",\"potentialAction\":[{\"@type\":\"ReadAction\",\"target\":[\"https:\/\/schweiz.rockyourlife.org\/fr\/das-sind-wir-franz\/team\/\"]}]},{\"@type\":\"BreadcrumbList\",\"@id\":\"https:\/\/schweiz.rockyourlife.org\/fr\/das-sind-wir-franz\/team\/#breadcrumb\",\"itemListElement\":[{\"@type\":\"ListItem\",\"position\":1,\"name\":\"Startseite\",\"item\":\"https:\/\/schweiz.rockyourlife.org\/fr\/accueil\/\"},{\"@type\":\"ListItem\",\"position\":2,\"name\":\"Qui nous sommes\",\"item\":\"https:\/\/schweiz.rockyourlife.org\/fr\/das-sind-wir-franz\/\"},{\"@type\":\"ListItem\",\"position\":3,\"name\":\"\u00c9quipe\"}]},{\"@type\":\"WebSite\",\"@id\":\"https:\/\/schweiz.rockyourlife.org\/#website\",\"url\":\"https:\/\/schweiz.rockyourlife.org\/\",\"name\":\"ROCK YOUR LIFE! Schweiz\",\"description\":\"Mentoring f\u00fcr Jugendliche\",\"potentialAction\":[{\"@type\":\"SearchAction\",\"target\":{\"@type\":\"EntryPoint\",\"urlTemplate\":\"https:\/\/schweiz.rockyourlife.org\/?s={search_term_string}\"},\"query-input\":{\"@type\":\"PropertyValueSpecification\",\"valueRequired\":true,\"valueName\":\"search_term_string\"}}],\"inLanguage\":\"fr-FR\"}]}<\/script>\n<!-- \/ Yoast SEO plugin. -->","yoast_head_json":{"title":"\u00c9quipe - ROCK YOUR LIFE! Schweiz","robots":{"index":"index","follow":"follow","max-snippet":"max-snippet:-1","max-image-preview":"max-image-preview:large","max-video-preview":"max-video-preview:-1"},"canonical":"https:\/\/schweiz.rockyourlife.org\/fr\/das-sind-wir-franz\/team\/","og_locale":"fr_FR","og_type":"article","og_title":"\u00c9quipe - ROCK YOUR LIFE! Schweiz","og_description":"[et_pb_section fb_built=\u00a0\u00bb1&Prime; _builder_version=\u00a0\u00bb4.16&Prime; background_color=\u00a0\u00bb#FFFFFF\u00a0\u00bb custom_padding=\u00a0\u00bb0|0px|0|0px|false|false\u00a0\u00bb custom_css_main_element=\u00a0\u00bbbackground-image:none !important;\u00a0\u00bb locked=\u00a0\u00bboff\u00a0\u00bb global_colors_info=\u00a0\u00bb{}\u00a0\u00bb][et_pb_row _builder_version=\u00a0\u00bb4.16&Prime; min_height=\u00a0\u00bb89.9px\u00a0\u00bb custom_padding=\u00a0\u00bb27px|0px|32px|0px|false|false\u00a0\u00bb global_colors_info=\u00a0\u00bb{}\u00a0\u00bb][et_pb_column type=\u00a0\u00bb4_4&Prime; _builder_version=\u00a0\u00bb4.16&Prime; custom_padding=\u00a0\u00bb|||\u00a0\u00bb global_colors_info=\u00a0\u00bb{}\u00a0\u00bb custom_padding__hover=\u00a0\u00bb|||\u00a0\u00bb][et_pb_text module_class=\u00a0\u00bbryl-breadcrumb\u00a0\u00bb _builder_version=\u00a0\u00bb4.16&Prime; text_font=\u00a0\u00bb||||||||\u00a0\u00bb global_colors_info=\u00a0\u00bb{}\u00a0\u00bb] [\/et_pb_text][\/et_pb_column][\/et_pb_row][\/et_pb_section][et_pb_section fb_built=\u00a0\u00bb1&Prime; module_id=\u00a0\u00bb\u00e9quipe\u00a0\u00bb _builder_version=\u00a0\u00bb4.16&Prime; custom_margin=\u00a0\u00bb0px|||\u00a0\u00bb custom_margin_tablet=\u00a0\u00bb\u00a0\u00bb custom_margin_phone=\u00a0\u00bb\u00a0\u00bb custom_margin_last_edited=\u00a0\u00bbon|desktop\u00a0\u00bb custom_padding=\u00a0\u00bb0|0px|0|0px|false|false\u00a0\u00bb custom_css_main_element=\u00a0\u00bbbackground-image:none !important;\u00a0\u00bb global_colors_info=\u00a0\u00bb{}\u00a0\u00bb][et_pb_row _builder_version=\u00a0\u00bb4.16&Prime; custom_padding=\u00a0\u00bb0|0px|0|0px|false|false\u00a0\u00bb global_colors_info=\u00a0\u00bb{}\u00a0\u00bb][et_pb_column type=\u00a0\u00bb4_4&Prime; _builder_version=\u00a0\u00bb4.16&Prime; custom_padding=\u00a0\u00bb|||\u00a0\u00bb global_colors_info=\u00a0\u00bb{}\u00a0\u00bb custom_padding__hover=\u00a0\u00bb|||\u00a0\u00bb][et_pb_text _builder_version=\u00a0\u00bb4.16&Prime; header_font=\u00a0\u00bbRoboto Condensed||||||||\u00a0\u00bb global_colors_info=\u00a0\u00bb{}\u00a0\u00bb] QUI NOUS SOMMES [\/et_pb_text][\/et_pb_column][\/et_pb_row][et_pb_row _builder_version=\u00a0\u00bb4.16&Prime; custom_padding=\u00a0\u00bb30px|0px|0|0px|false|false\u00a0\u00bb global_colors_info=\u00a0\u00bb{}\u00a0\u00bb][et_pb_column type=\u00a0\u00bb4_4&Prime; _builder_version=\u00a0\u00bb4.16&Prime; [&hellip;]","og_url":"https:\/\/schweiz.rockyourlife.org\/fr\/das-sind-wir-franz\/team\/","og_site_name":"ROCK YOUR LIFE! Schweiz","article_modified_time":"2025-07-01T13:34:09+00:00","twitter_card":"summary_large_image","twitter_misc":{"Dur\u00e9e de lecture estim\u00e9e":"5 minutes"},"schema":{"@context":"https:\/\/schema.org","@graph":[{"@type":"WebPage","@id":"https:\/\/schweiz.rockyourlife.org\/fr\/das-sind-wir-franz\/team\/","url":"https:\/\/schweiz.rockyourlife.org\/fr\/das-sind-wir-franz\/team\/","name":"\u00c9quipe - ROCK YOUR LIFE! Schweiz","isPartOf":{"@id":"https:\/\/schweiz.rockyourlife.org\/#website"},"datePublished":"2022-06-02T10:46:02+00:00","dateModified":"2025-07-01T13:34:09+00:00","breadcrumb":{"@id":"https:\/\/schweiz.rockyourlife.org\/fr\/das-sind-wir-franz\/team\/#breadcrumb"},"inLanguage":"fr-FR","potentialAction":[{"@type":"ReadAction","target":["https:\/\/schweiz.rockyourlife.org\/fr\/das-sind-wir-franz\/team\/"]}]},{"@type":"BreadcrumbList","@id":"https:\/\/schweiz.rockyourlife.org\/fr\/das-sind-wir-franz\/team\/#breadcrumb","itemListElement":[{"@type":"ListItem","position":1,"name":"Startseite","item":"https:\/\/schweiz.rockyourlife.org\/fr\/accueil\/"},{"@type":"ListItem","position":2,"name":"Qui nous sommes","item":"https:\/\/schweiz.rockyourlife.org\/fr\/das-sind-wir-franz\/"},{"@type":"ListItem","position":3,"name":"\u00c9quipe"}]},{"@type":"WebSite","@id":"https:\/\/schweiz.rockyourlife.org\/#website","url":"https:\/\/schweiz.rockyourlife.org\/","name":"ROCK YOUR LIFE! Schweiz","description":"Mentoring f\u00fcr Jugendliche","potentialAction":[{"@type":"SearchAction","target":{"@type":"EntryPoint","urlTemplate":"https:\/\/schweiz.rockyourlife.org\/?s={search_term_string}"},"query-input":{"@type":"PropertyValueSpecification","valueRequired":true,"valueName":"search_term_string"}}],"inLanguage":"fr-FR"}]}},"_links":{"self":[{"href":"https:\/\/schweiz.rockyourlife.org\/fr\/wp-json\/wp\/v2\/pages\/7582","targetHints":{"allow":["GET"]}}],"collection":[{"href":"https:\/\/schweiz.rockyourlife.org\/fr\/wp-json\/wp\/v2\/pages"}],"about":[{"href":"https:\/\/schweiz.rockyourlife.org\/fr\/wp-json\/wp\/v2\/types\/page"}],"author":[{"embeddable":true,"href":"https:\/\/schweiz.rockyourlife.org\/fr\/wp-json\/wp\/v2\/users\/50"}],"replies":[{"embeddable":true,"href":"https:\/\/schweiz.rockyourlife.org\/fr\/wp-json\/wp\/v2\/comments?post=7582"}],"version-history":[{"count":28,"href":"https:\/\/schweiz.rockyourlife.org\/fr\/wp-json\/wp\/v2\/pages\/7582\/revisions"}],"predecessor-version":[{"id":17875,"href":"https:\/\/schweiz.rockyourlife.org\/fr\/wp-json\/wp\/v2\/pages\/7582\/revisions\/17875"}],"up":[{"embeddable":true,"href":"https:\/\/schweiz.rockyourlife.org\/fr\/wp-json\/wp\/v2\/pages\/6317"}],"wp:attachment":[{"href":"https:\/\/schweiz.rockyourlife.org\/fr\/wp-json\/wp\/v2\/media?parent=7582"}],"curies":[{"name":"wp","href":"https:\/\/api.w.org\/{rel}","templated":true}]}}