{"id":8099,"date":"2022-08-05T18:57:49","date_gmt":"2022-08-05T16:57:49","guid":{"rendered":"https:\/\/schweiz.rockyourlife.org\/das-sind-wir-franz\/histoire\/"},"modified":"2025-07-01T15:31:19","modified_gmt":"2025-07-01T13:31:19","slug":"histoire","status":"publish","type":"page","link":"https:\/\/schweiz.rockyourlife.org\/fr\/das-sind-wir-franz\/histoire\/","title":{"rendered":"Histoire"},"content":{"rendered":"<p>[et_pb_section fb_built=\u00a0\u00bb1&Prime; fullwidth=\u00a0\u00bbon\u00a0\u00bb _builder_version=\u00a0\u00bb4.16&Prime; custom_margin=\u00a0\u00bb0px||0px\u00a0\u00bb custom_padding=\u00a0\u00bb0px|0px|0|0px|false|false\u00a0\u00bb global_colors_info=\u00a0\u00bb{}\u00a0\u00bb][et_pb_fullwidth_image src=\u00a0\u00bbhttps:\/\/schweiz.rockyourlife.org\/wp-content\/uploads\/sites\/47\/2022\/08\/Header-RYL-Mentoring-Jugendliche-Romandie.jpg\u00a0\u00bb _builder_version=\u00a0\u00bb4.27.0&Prime; custom_margin=\u00a0\u00bb0px||0px|||\u00a0\u00bb custom_padding=\u00a0\u00bb0px||0px\u00a0\u00bb hover_enabled=\u00a0\u00bb0&Prime; global_colors_info=\u00a0\u00bb{}\u00a0\u00bb title_text=\u00a0\u00bbEn-t\u00eate-RYL-Mentorat-Jeunesse-Romandie\u00a0\u00bb sticky_enabled=\u00a0\u00bb0&Prime;][\/et_pb_fullwidth_image][\/et_pb_section][et_pb_section fb_built=\u00a0\u00bb1&Prime; _builder_version=\u00a0\u00bb4.27.0&Prime; min_height=\u00a0\u00bb100px\u00a0\u00bb custom_padding=\u00a0\u00bb0px|0px|0px|0px\u00a0\u00bb global_colors_info=\u00a0\u00bb{}\u00a0\u00bb][et_pb_row _builder_version=\u00a0\u00bb4.16&Prime; global_colors_info=\u00a0\u00bb{}\u00a0\u00bb][et_pb_column type=\u00a0\u00bb4_4&Prime; _builder_version=\u00a0\u00bb4.16&Prime; custom_padding=\u00a0\u00bb|||\u00a0\u00bb global_colors_info=\u00a0\u00bb{}\u00a0\u00bb custom_padding__hover=\u00a0\u00bb|||\u00a0\u00bb][et_pb_text _builder_version=\u00a0\u00bb4.16&Prime; global_colors_info=\u00a0\u00bb{}\u00a0\u00bb]<span><span><a href=\"https:\/\/schweiz.rockyourlife.org\/fr\/accueil\/\">Startseite<\/a><\/span><\/span>[\/et_pb_text][\/et_pb_column][\/et_pb_row][\/et_pb_section][et_pb_section fb_built=\u00a0\u00bb1&Prime; _builder_version=\u00a0\u00bb4.16&Prime; min_height=\u00a0\u00bb1167px\u00a0\u00bb custom_margin=\u00a0\u00bb0px|||\u00a0\u00bb custom_margin_tablet=\u00a0\u00bb\u00a0\u00bb custom_margin_phone=\u00a0\u00bb\u00a0\u00bb custom_margin_last_edited=\u00a0\u00bbon|desktop\u00a0\u00bb custom_padding=\u00a0\u00bb0px|0px|0px|0px|false|false\u00a0\u00bb global_colors_info=\u00a0\u00bb{}\u00a0\u00bb][et_pb_row _builder_version=\u00a0\u00bb4.16&Prime; custom_margin=\u00a0\u00bb0px||\u00a0\u00bb custom_padding=\u00a0\u00bb0|0px|0|0px|false|false\u00a0\u00bb global_colors_info=\u00a0\u00bb{}\u00a0\u00bb][et_pb_column type=\u00a0\u00bb4_4&Prime; _builder_version=\u00a0\u00bb4.16&Prime; custom_padding=\u00a0\u00bb|||\u00a0\u00bb global_colors_info=\u00a0\u00bb{}\u00a0\u00bb custom_padding__hover=\u00a0\u00bb|||\u00a0\u00bb][et_pb_text _builder_version=\u00a0\u00bb4.27.0&Prime; text_font=\u00a0\u00bb||||||||\u00a0\u00bb header_font=\u00a0\u00bbRoboto Condensed||||||||\u00a0\u00bb global_colors_info=\u00a0\u00bb{}\u00a0\u00bb]<\/p>\n<h2>Histoire<\/h2>\n<p>[\/et_pb_text][\/et_pb_column][\/et_pb_row][et_pb_row _builder_version=\u00a0\u00bb4.16&Prime; custom_padding=\u00a0\u00bb30px|0px|0|0px|false|false\u00a0\u00bb global_colors_info=\u00a0\u00bb{}\u00a0\u00bb][et_pb_column type=\u00a0\u00bb4_4&Prime; _builder_version=\u00a0\u00bb4.16&Prime; custom_padding=\u00a0\u00bb|||\u00a0\u00bb global_colors_info=\u00a0\u00bb{}\u00a0\u00bb custom_padding__hover=\u00a0\u00bb|||\u00a0\u00bb][et_pb_text module_class=\u00a0\u00bblead\u00a0\u00bb _builder_version=\u00a0\u00bb4.21.0&Prime; custom_css_main_element=\u00a0\u00bb -webkit-hyphens: auto;|| -ms-hyphens: auto;|| hyphens: auto;\u00a0\u00bb global_colors_info=\u00a0\u00bb{}\u00a0\u00bb]<\/p>\n<p>L&rsquo;\u00e9ducation ouvre la voie \u00e0 l&rsquo;avenir pour chaque individu et pour la soci\u00e9t\u00e9. En Suisse, les \u00e9l\u00e8ves doivent choisir d\u00e8s l\u2019\u00e2ge de 14 ans une solution de transition appropri\u00e9e apr\u00e8s l\u2019\u00e9cole. Une t\u00e2che difficile, car en plus des \u00e9coles secondaires, il existe plus de 250 apprentissages diff\u00e9rents.<\/p>\n<p>[\/et_pb_text][et_pb_text _builder_version=\u00a0\u00bb4.21.0&Prime; text_font=\u00a0\u00bb||||||||\u00a0\u00bb text_line_height=\u00a0\u00bb1.6em\u00a0\u00bb text_font_size_tablet=\u00a0\u00bb17px\u00a0\u00bb text_font_size_phone=\u00a0\u00bb\u00a0\u00bb text_font_size_last_edited=\u00a0\u00bbon|desktop\u00a0\u00bb custom_css_main_element=\u00a0\u00bb -webkit-hyphens: auto;|| -ms-hyphens: auto;|| hyphens: auto;\u00a0\u00bb global_colors_info=\u00a0\u00bb{}\u00a0\u00bb]<\/p>\n<p>En Suisse, environ 12% des \u00e9l\u00e8ves ne trouvent pas de solution directe \u00e0 la fin de leur scolarit\u00e9 obligatoire, bien qu\u2019il y ait eu en moyenne plus de places d\u2019apprentissage disponibles que d\u2019\u00e9l\u00e8ves en fin de scolarit\u00e9 ces derni\u00e8res ann\u00e9es. Source : <a href=\"https:\/\/cockpit.gfsbern.ch\/de\/cockpit\/nahtstellenbarometer-2022-august\/\">Barom\u00e8tre des transitions ao\u00fbt 2022<\/a><\/p>\n<p>[\/et_pb_text][et_pb_text _builder_version=\u00a0\u00bb4.16&Prime; header_font=\u00a0\u00bbRoboto Condensed||||||||\u00a0\u00bb global_colors_info=\u00a0\u00bb{}\u00a0\u00bb]<\/p>\n<h4>Pourquoi ROCK YOUR LIFE! est-il n\u00e9cessaire ?<\/h4>\n<p>[\/et_pb_text][et_pb_text _builder_version=\u00a0\u00bb4.16&Prime; global_colors_info=\u00a0\u00bb{}\u00a0\u00bb]Le syst\u00e8me de l&rsquo;\u00e9ducation et de la formation professionnelle en Suisse est complexe. Si un\u00b7e enfant fait face \u00e0 un soutien insuffisant ou un manque d&rsquo;information dans le processus de transition professionnelle, ceci compromet ses chances et ses possibilit\u00e9s de trouver une solution de transition appropri\u00e9e. Une transition r\u00e9ussie de l&rsquo;\u00e9cole vers le monde professionnel d\u00e9pend \u00e9galement de la situation sociale et \u00e9conomique du foyer. Le mentorat de ROCK YOUR LIFE! Le programme de mentorat offre le soutien individuel dont elles\u00b7ils ont besoin.[\/et_pb_text][et_pb_blurb use_icon=\u00a0\u00bbon\u00a0\u00bb font_icon=\u00a0\u00bb&#x39;||divi||400&Prime; icon_placement=\u00a0\u00bbleft\u00a0\u00bb content_max_width=\u00a0\u00bb1100px\u00a0\u00bb _builder_version=\u00a0\u00bb4.16&Prime; border_color_all_image=\u00a0\u00bb#ff6513&Prime; global_colors_info=\u00a0\u00bb{}\u00a0\u00bb]<\/p>\n<p>Le soutien apport\u00e9 aux jeunes intervient relativement t\u00f4t, s\u2019inscrit dans la dur\u00e9e et est individuel<\/p>\n<p>[\/et_pb_blurb][et_pb_blurb use_icon=\u00a0\u00bbon\u00a0\u00bb font_icon=\u00a0\u00bb&#x39;||divi||400&Prime; icon_placement=\u00a0\u00bbleft\u00a0\u00bb content_max_width=\u00a0\u00bb1100px\u00a0\u00bb _builder_version=\u00a0\u00bb4.16&Prime; border_color_all_image=\u00a0\u00bb#ff6513&Prime; global_colors_info=\u00a0\u00bb{}\u00a0\u00bb]<\/p>\n<p>Des \u00e9tudiant\u00b7e\u00b7s et des jeunes professionnel\u00b7le\u00b7s d\u00e9j\u00e0 impliqu\u00e9\u00b7e\u00b7s dans le monde du travail sont des mentor\u00b7e\u00b7s. Ils et elles sont proches des r\u00e9alit\u00e9s des jeunes.<\/p>\n<p>[\/et_pb_blurb][et_pb_blurb use_icon=\u00a0\u00bbon\u00a0\u00bb font_icon=\u00a0\u00bb&#x39;||divi||400&Prime; icon_placement=\u00a0\u00bbleft\u00a0\u00bb content_max_width=\u00a0\u00bb1100px\u00a0\u00bb _builder_version=\u00a0\u00bb4.17.4&Prime; border_color_all_image=\u00a0\u00bb#ff6513&Prime; global_colors_info=\u00a0\u00bb{}\u00a0\u00bb]<\/p>\n<p>Nos mentor\u00b7e\u00b7s b\u00e9n\u00e9ficient d\u2019une formation et d\u2019un accompagnement.<\/p>\n<p>[\/et_pb_blurb][et_pb_blurb use_icon=\u00a0\u00bbon\u00a0\u00bb font_icon=\u00a0\u00bb&#x39;||divi||400&Prime; icon_placement=\u00a0\u00bbleft\u00a0\u00bb content_max_width=\u00a0\u00bb1100px\u00a0\u00bb _builder_version=\u00a0\u00bb4.16&Prime; border_color_all_image=\u00a0\u00bb#ff6513&Prime; global_colors_info=\u00a0\u00bb{}\u00a0\u00bb]<\/p>\n<p>Des jeunes adultes fondent et g\u00e8rent des associations locales.<\/p>\n<p>[\/et_pb_blurb][et_pb_blurb use_icon=\u00a0\u00bbon\u00a0\u00bb font_icon=\u00a0\u00bb&#x39;||divi||400&Prime; icon_placement=\u00a0\u00bbleft\u00a0\u00bb content_max_width=\u00a0\u00bb1100px\u00a0\u00bb _builder_version=\u00a0\u00bb4.16&Prime; border_color_all_image=\u00a0\u00bb#ff6513&Prime; global_colors_info=\u00a0\u00bb{}\u00a0\u00bb]<\/p>\n<p>Des entreprises partenaires offrent un aper\u00e7u du monde du travail<\/p>\n<p>[\/et_pb_blurb][et_pb_blurb use_icon=\u00a0\u00bbon\u00a0\u00bb font_icon=\u00a0\u00bb&#x39;||divi||400&Prime; icon_placement=\u00a0\u00bbleft\u00a0\u00bb content_max_width=\u00a0\u00bb1100px\u00a0\u00bb _builder_version=\u00a0\u00bb4.16&Prime; border_color_all_image=\u00a0\u00bb#ff6513&Prime; global_colors_info=\u00a0\u00bb{}\u00a0\u00bb]<\/p>\n<p>Nous collaborons avec des centres d&rsquo;information professionnelle locaux<\/p>\n<p>[\/et_pb_blurb][\/et_pb_column][\/et_pb_row][\/et_pb_section][et_pb_section fb_built=\u00a0\u00bb1&Prime; _builder_version=\u00a0\u00bb4.16&Prime; background_color=\u00a0\u00bb#EFF4F5&Prime; custom_padding=\u00a0\u00bb90px|0px|90px|0px|false|false\u00a0\u00bb global_colors_info=\u00a0\u00bb{}\u00a0\u00bb][et_pb_row _builder_version=\u00a0\u00bb4.16&Prime; custom_padding=\u00a0\u00bb0|0px|10px|0px|false|false\u00a0\u00bb global_colors_info=\u00a0\u00bb{}\u00a0\u00bb][et_pb_column type=\u00a0\u00bb4_4&Prime; _builder_version=\u00a0\u00bb4.16&Prime; custom_padding=\u00a0\u00bb|||\u00a0\u00bb global_colors_info=\u00a0\u00bb{}\u00a0\u00bb custom_padding__hover=\u00a0\u00bb|||\u00a0\u00bb][et_pb_text _builder_version=\u00a0\u00bb4.16&Prime; header_font=\u00a0\u00bbRoboto Condensed||||||||\u00a0\u00bb global_colors_info=\u00a0\u00bb{}\u00a0\u00bb]<\/p>\n<h3>Notre histoire<\/h3>\n<p>[\/et_pb_text][\/et_pb_column][\/et_pb_row][et_pb_row disabled_on=\u00a0\u00bbon|on|on\u00a0\u00bb _builder_version=\u00a0\u00bb4.16&Prime; custom_padding=\u00a0\u00bb20px|0px|30px|0px|false|false\u00a0\u00bb disabled=\u00a0\u00bbon\u00a0\u00bb global_colors_info=\u00a0\u00bb{}\u00a0\u00bb][et_pb_column type=\u00a0\u00bb4_4&Prime; _builder_version=\u00a0\u00bb4.16&Prime; custom_padding=\u00a0\u00bb|||\u00a0\u00bb global_colors_info=\u00a0\u00bb{}\u00a0\u00bb custom_padding__hover=\u00a0\u00bb|||\u00a0\u00bb][et_pb_text _builder_version=\u00a0\u00bb4.16&Prime; text_font=\u00a0\u00bb||||||||\u00a0\u00bb text_text_color=\u00a0\u00bb#ff6513&Prime; header_font=\u00a0\u00bb||||||||\u00a0\u00bb header_3_font=\u00a0\u00bb||||||||\u00a0\u00bb header_3_text_color=\u00a0\u00bb#ff6513&Prime; header_4_font=\u00a0\u00bb||||||||\u00a0\u00bb header_4_text_color=\u00a0\u00bb#ff6513&Prime; global_colors_info=\u00a0\u00bb{}\u00a0\u00bb]<\/p>\n<h3>2008<\/h3>\n<p>[\/et_pb_text][et_pb_text _builder_version=\u00a0\u00bb4.16&Prime; custom_margin=\u00a0\u00bb-30px|||\u00a0\u00bb custom_css_main_element=\u00a0\u00bb -webkit-hyphens: auto;|| -ms-hyphens: auto;|| hyphens: auto;\u00a0\u00bb global_colors_info=\u00a0\u00bb{}\u00a0\u00bb]C&rsquo;est en automne 2008, qu&rsquo;un groupe d&rsquo;\u00e9tudiant\u00b7e\u00b7s c&rsquo;est mobilis\u00e9 autour de Stefan Schabernak, Elisabeth Hahnke et Christina Veldhoen \u00e0 l&rsquo;Universit\u00e9 Zeppelin. Elles et ils ont d\u00e9cid\u00e9 de s&rsquo;engager ensemble pour plus d&rsquo;\u00e9quit\u00e9 dans le domaine de la formation. Le concept est n\u00e9 suite d&rsquo;une part \u00e0 une soir\u00e9e de discussions avec le ministre des finances de l&rsquo;\u00e9poque, Peer Steinbr\u00fcck, et d&rsquo;autre part \u00e0 leurs diverses exp\u00e9riences \u00e0 l&rsquo;\u00e9cole et lors de leurs \u00e9tudes.<\/p>\n<p>Avec une petite \u00e9quipe, Elisabeth, Christina et Stefan ont d\u00e9cid\u00e9 de lancer tout un mouvement &#8211; ayant pour objet, un programme de mentorat 1-\u00e0-1 &#8211; entre des \u00e9l\u00e8ves de l&rsquo;enseignement secondaire et des \u00e9tudiant\u00b7e\u00b7s. Et le tout, articul\u00e9 \u00e0 une coop\u00e9ration \u00e0 grande \u00e9chelle, avec des entreprises, jouant le r\u00f4le de formateur\u00b7trice\u00b7s.<\/p>\n<p><strong>C&rsquo;est ainsi que ROCK YOUR LIFE! est n\u00e9.<\/strong><br \/>\n[\/et_pb_text][\/et_pb_column][\/et_pb_row][et_pb_row custom_padding_last_edited=\u00a0\u00bbon|phone\u00a0\u00bb disabled_on=\u00a0\u00bbon|on|on\u00a0\u00bb _builder_version=\u00a0\u00bb4.16&Prime; custom_padding=\u00a0\u00bb20px|0px|20px|0px|false|false\u00a0\u00bb custom_padding_tablet=\u00a0\u00bb5px||5px|\u00a0\u00bb custom_padding_phone=\u00a0\u00bb\u00a0\u00bb disabled=\u00a0\u00bbon\u00a0\u00bb global_colors_info=\u00a0\u00bb{}\u00a0\u00bb][et_pb_column type=\u00a0\u00bb4_4&Prime; _builder_version=\u00a0\u00bb4.16&Prime; custom_padding=\u00a0\u00bb|||\u00a0\u00bb global_colors_info=\u00a0\u00bb{}\u00a0\u00bb custom_padding__hover=\u00a0\u00bb|||\u00a0\u00bb][et_pb_divider color=\u00a0\u00bb#d8d8d8&Prime; divider_position=\u00a0\u00bbcenter\u00a0\u00bb _builder_version=\u00a0\u00bb4.16&Prime; height=\u00a0\u00bb0px\u00a0\u00bb custom_margin=\u00a0\u00bb0px||0px|\u00a0\u00bb custom_margin_last_edited=\u00a0\u00bboff|desktop\u00a0\u00bb custom_padding=\u00a0\u00bb0px||0px|\u00a0\u00bb global_colors_info=\u00a0\u00bb{}\u00a0\u00bb][\/et_pb_divider][\/et_pb_column][\/et_pb_row][et_pb_row disabled_on=\u00a0\u00bbon|on|on\u00a0\u00bb _builder_version=\u00a0\u00bb4.16&Prime; custom_padding=\u00a0\u00bb30px|0px|30px|0px|false|false\u00a0\u00bb disabled=\u00a0\u00bbon\u00a0\u00bb global_colors_info=\u00a0\u00bb{}\u00a0\u00bb][et_pb_column type=\u00a0\u00bb4_4&Prime; _builder_version=\u00a0\u00bb4.16&Prime; custom_padding=\u00a0\u00bb|||\u00a0\u00bb global_colors_info=\u00a0\u00bb{}\u00a0\u00bb custom_padding__hover=\u00a0\u00bb|||\u00a0\u00bb][et_pb_text _builder_version=\u00a0\u00bb4.16&Prime; text_font=\u00a0\u00bb||||||||\u00a0\u00bb text_text_color=\u00a0\u00bb#ff6513&Prime; header_font=\u00a0\u00bb||||||||\u00a0\u00bb header_3_font=\u00a0\u00bb||||||||\u00a0\u00bb header_3_text_color=\u00a0\u00bb#ff6513&Prime; header_4_font=\u00a0\u00bb||||||||\u00a0\u00bb header_4_text_color=\u00a0\u00bb#ff6513&Prime; global_colors_info=\u00a0\u00bb{}\u00a0\u00bb]<\/p>\n<h3>2009 \/ 2010<\/h3>\n<p>[\/et_pb_text][et_pb_text _builder_version=\u00a0\u00bb4.16&Prime; custom_margin=\u00a0\u00bb-30px|||\u00a0\u00bb custom_css_main_element=\u00a0\u00bb -webkit-hyphens: auto;|| -ms-hyphens: auto;|| hyphens: auto;\u00a0\u00bb global_colors_info=\u00a0\u00bb{}\u00a0\u00bb]Au printemps 2009, les premiers tandems de mentorat se sont form\u00e9s et ont d\u00e9marr\u00e9 l&rsquo;aventure \u00e0 Friedrichshafen. Et, en l&rsquo;espace d&rsquo;un an, de nombreux autres sites se sont ajout\u00e9s. C&rsquo;est gr\u00e2ce \u00e0 un prix de la BMW Foundation Herbert Quandt qu&rsquo;Elisabeth, Christina et Stefan ont cr\u00e9\u00e9 ROCK YOUR LIFE!, une soci\u00e9t\u00e9 \u00e0 responsabilit\u00e9 limit\u00e9e d&rsquo;utilit\u00e9 publique, au d\u00e9but de l&rsquo;ann\u00e9e 2010. Ainsi, la gGmbH fait, d\u00e8s lors, office d&rsquo;organisation fa\u00eeti\u00e8re, coordonnant toutes les activit\u00e9s de ROCK YOUR LIFE! dans toute l&rsquo;Allemagne.<br \/>\n[\/et_pb_text][\/et_pb_column][\/et_pb_row][et_pb_row custom_padding_last_edited=\u00a0\u00bbon|phone\u00a0\u00bb disabled_on=\u00a0\u00bbon|on|on\u00a0\u00bb _builder_version=\u00a0\u00bb4.16&Prime; custom_padding=\u00a0\u00bb20px|0px|20px|0px|false|false\u00a0\u00bb custom_padding_tablet=\u00a0\u00bb5px||5px|\u00a0\u00bb custom_padding_phone=\u00a0\u00bb\u00a0\u00bb disabled=\u00a0\u00bbon\u00a0\u00bb global_colors_info=\u00a0\u00bb{}\u00a0\u00bb][et_pb_column type=\u00a0\u00bb4_4&Prime; _builder_version=\u00a0\u00bb4.16&Prime; custom_padding=\u00a0\u00bb|||\u00a0\u00bb global_colors_info=\u00a0\u00bb{}\u00a0\u00bb custom_padding__hover=\u00a0\u00bb|||\u00a0\u00bb][et_pb_divider color=\u00a0\u00bb#d8d8d8&Prime; divider_position=\u00a0\u00bbcenter\u00a0\u00bb _builder_version=\u00a0\u00bb4.16&Prime; height=\u00a0\u00bb0px\u00a0\u00bb custom_margin=\u00a0\u00bb0px||0px|\u00a0\u00bb custom_margin_last_edited=\u00a0\u00bboff|desktop\u00a0\u00bb custom_padding=\u00a0\u00bb0px||0px|\u00a0\u00bb global_colors_info=\u00a0\u00bb{}\u00a0\u00bb][\/et_pb_divider][\/et_pb_column][\/et_pb_row][et_pb_row disabled_on=\u00a0\u00bboff|off|off\u00a0\u00bb _builder_version=\u00a0\u00bb4.16&Prime; custom_padding=\u00a0\u00bb30px|0px|30px|0px|false|false\u00a0\u00bb global_colors_info=\u00a0\u00bb{}\u00a0\u00bb][et_pb_column type=\u00a0\u00bb4_4&Prime; _builder_version=\u00a0\u00bb4.16&Prime; custom_padding=\u00a0\u00bb|||\u00a0\u00bb global_colors_info=\u00a0\u00bb{}\u00a0\u00bb custom_padding__hover=\u00a0\u00bb|||\u00a0\u00bb][et_pb_text _builder_version=\u00a0\u00bb4.16&Prime; text_font=\u00a0\u00bb||||||||\u00a0\u00bb text_text_color=\u00a0\u00bb#ff6513&Prime; header_font=\u00a0\u00bb||||||||\u00a0\u00bb header_3_font=\u00a0\u00bb||||||||\u00a0\u00bb header_3_text_color=\u00a0\u00bb#ff6513&Prime; header_4_font=\u00a0\u00bb||||||||\u00a0\u00bb header_4_text_color=\u00a0\u00bb#ff6513&Prime; global_colors_info=\u00a0\u00bb{}\u00a0\u00bb]<\/p>\n<h3>2012 &#8211; 2013 : De l&rsquo;id\u00e9e \u00e0 la cr\u00e9ation de ROCK YOUR LIFE! Schweiz GmbH<\/h3>\n<p>[\/et_pb_text][et_pb_text _builder_version=\u00a0\u00bb4.18.0&Prime; custom_margin=\u00a0\u00bb-30px|||\u00a0\u00bb custom_css_main_element=\u00a0\u00bb -webkit-hyphens: auto;|| -ms-hyphens: auto;|| hyphens: auto;\u00a0\u00bb global_colors_info=\u00a0\u00bb{}\u00a0\u00bb]<\/p>\n<p>En automne 2012, Anna Leuenberger lu un article sur ROCK YOUR LIFE! dans un magazine allemand. Par son activit\u00e9 d\u2019enseignante dans des \u00e9coles secondaires et professionnelles ainsi que ses \u00e9tudes en sciences de l\u2019\u00e9ducation, elle a tout de suite compris que ce programme \u00e9tait \u00e9galement n\u00e9cessaire en Suisse. Suite aux premiers entretiens avec les fondateur\u00b7trice\u00b7s en Allemagne ainsi que la ferveur qu\u2019entrainait le programme dans leurs cercles d\u2019amis et de connaissances, cinq femmes motiv\u00e9es se sont alli\u00e9es. Helena von K\u00e4nel, Anna Leuenberger, Carol Schafroth, Nina Haldimann et Eva Stamm se sont pench\u00e9es de mani\u00e8re intensive sur cette th\u00e9matique d\u00e8s janvier 2013 et ont oeuvr\u00e9 pour la mise en place de ROCK YOUR LIFE! Suisse avec beaucoup de passion et de pers\u00e9v\u00e9rance. La participation \u00e0 un concours de business plan de l&rsquo;Universit\u00e9 de Berne (celle-ci int\u00e9grait \u00e9galement le soutien de coachs de la Haute \u00c9cole Sp\u00e9cialis\u00e9e bernoise), contribua \u00e0 une mise en place rapide et professionnelle. C&rsquo;est en juillet 2013 que la ROCK YOUR LIFE! Schweiz GmbH fut cr\u00e9\u00e9e et en automne de la m\u00eame ann\u00e9e, un projet pilote d\u00e9marra \u00e0 Berne avec 22 jeunes et \u00e9tudiant\u00b7e\u00b7s motiv\u00e9\u00b7e\u00b7s.<\/p>\n<p>[\/et_pb_text][\/et_pb_column][\/et_pb_row][et_pb_row custom_padding_last_edited=\u00a0\u00bbon|phone\u00a0\u00bb disabled_on=\u00a0\u00bboff|off|off\u00a0\u00bb _builder_version=\u00a0\u00bb4.16&Prime; custom_padding=\u00a0\u00bb20px|0px|20px|0px|false|false\u00a0\u00bb custom_padding_tablet=\u00a0\u00bb5px||5px|\u00a0\u00bb custom_padding_phone=\u00a0\u00bb\u00a0\u00bb global_colors_info=\u00a0\u00bb{}\u00a0\u00bb][et_pb_column type=\u00a0\u00bb4_4&Prime; _builder_version=\u00a0\u00bb4.16&Prime; custom_padding=\u00a0\u00bb|||\u00a0\u00bb global_colors_info=\u00a0\u00bb{}\u00a0\u00bb custom_padding__hover=\u00a0\u00bb|||\u00a0\u00bb][et_pb_divider color=\u00a0\u00bb#d8d8d8&Prime; divider_position=\u00a0\u00bbcenter\u00a0\u00bb _builder_version=\u00a0\u00bb4.16&Prime; height=\u00a0\u00bb0px\u00a0\u00bb custom_margin=\u00a0\u00bb0px||0px|\u00a0\u00bb custom_margin_last_edited=\u00a0\u00bboff|desktop\u00a0\u00bb custom_padding=\u00a0\u00bb0px||0px|\u00a0\u00bb global_colors_info=\u00a0\u00bb{}\u00a0\u00bb][\/et_pb_divider][\/et_pb_column][\/et_pb_row][et_pb_row disabled_on=\u00a0\u00bboff|off|off\u00a0\u00bb _builder_version=\u00a0\u00bb4.16&Prime; custom_padding=\u00a0\u00bb30px|0px|30px|0px|false|false\u00a0\u00bb global_colors_info=\u00a0\u00bb{}\u00a0\u00bb][et_pb_column type=\u00a0\u00bb4_4&Prime; _builder_version=\u00a0\u00bb4.16&Prime; custom_padding=\u00a0\u00bb|||\u00a0\u00bb global_colors_info=\u00a0\u00bb{}\u00a0\u00bb custom_padding__hover=\u00a0\u00bb|||\u00a0\u00bb][et_pb_text _builder_version=\u00a0\u00bb4.16&Prime; text_font=\u00a0\u00bb||||||||\u00a0\u00bb text_text_color=\u00a0\u00bb#ff6513&Prime; header_font=\u00a0\u00bb||||||||\u00a0\u00bb header_3_font=\u00a0\u00bb||||||||\u00a0\u00bb header_3_text_color=\u00a0\u00bb#ff6513&Prime; header_4_font=\u00a0\u00bb||||||||\u00a0\u00bb header_4_text_color=\u00a0\u00bb#ff6513&Prime; global_colors_info=\u00a0\u00bb{}\u00a0\u00bb]<\/p>\n<h3>2014 &#8211; Croissance et progr\u00e8s du programme<\/h3>\n<p>[\/et_pb_text][et_pb_text _builder_version=\u00a0\u00bb4.16&Prime; custom_margin=\u00a0\u00bb-30px|||\u00a0\u00bb custom_css_main_element=\u00a0\u00bb -webkit-hyphens: auto;|| -ms-hyphens: auto;|| hyphens: auto;\u00a0\u00bb global_colors_info=\u00a0\u00bb{}\u00a0\u00bb]<\/p>\n<p>Avec cette premi\u00e8re vol\u00e9e de mentorat, le programme ROCK YOUR LIFE! a \u00e9t\u00e9 lanc\u00e9 pour la premi\u00e8re fois en Suisse. Dans les villes de Berne, Saint-Gall et Zurich, d&rsquo;autres sites de RYL! ont \u00e9t\u00e9 fond\u00e9s.<\/p>\n<p>[\/et_pb_text][\/et_pb_column][\/et_pb_row][et_pb_row custom_padding_last_edited=\u00a0\u00bbon|phone\u00a0\u00bb disabled_on=\u00a0\u00bboff|off|off\u00a0\u00bb _builder_version=\u00a0\u00bb4.16&Prime; custom_padding=\u00a0\u00bb20px|0px|20px|0px|false|false\u00a0\u00bb custom_padding_tablet=\u00a0\u00bb5px||5px|\u00a0\u00bb custom_padding_phone=\u00a0\u00bb\u00a0\u00bb global_colors_info=\u00a0\u00bb{}\u00a0\u00bb][et_pb_column type=\u00a0\u00bb4_4&Prime; _builder_version=\u00a0\u00bb4.16&Prime; custom_padding=\u00a0\u00bb|||\u00a0\u00bb global_colors_info=\u00a0\u00bb{}\u00a0\u00bb custom_padding__hover=\u00a0\u00bb|||\u00a0\u00bb][et_pb_divider color=\u00a0\u00bb#d8d8d8&Prime; divider_position=\u00a0\u00bbcenter\u00a0\u00bb _builder_version=\u00a0\u00bb4.16&Prime; height=\u00a0\u00bb0px\u00a0\u00bb custom_margin=\u00a0\u00bb0px||0px|\u00a0\u00bb custom_margin_last_edited=\u00a0\u00bboff|desktop\u00a0\u00bb custom_padding=\u00a0\u00bb0px||0px|\u00a0\u00bb global_colors_info=\u00a0\u00bb{}\u00a0\u00bb][\/et_pb_divider][\/et_pb_column][\/et_pb_row][et_pb_row disabled_on=\u00a0\u00bboff|off|off\u00a0\u00bb _builder_version=\u00a0\u00bb4.16&Prime; custom_padding=\u00a0\u00bb30px|0px|30px|0px|false|false\u00a0\u00bb global_colors_info=\u00a0\u00bb{}\u00a0\u00bb][et_pb_column type=\u00a0\u00bb4_4&Prime; _builder_version=\u00a0\u00bb4.16&Prime; custom_padding=\u00a0\u00bb|||\u00a0\u00bb global_colors_info=\u00a0\u00bb{}\u00a0\u00bb custom_padding__hover=\u00a0\u00bb|||\u00a0\u00bb][et_pb_text _builder_version=\u00a0\u00bb4.16&Prime; text_font=\u00a0\u00bb||||||||\u00a0\u00bb text_text_color=\u00a0\u00bb#ff6513&Prime; header_font=\u00a0\u00bb||||||||\u00a0\u00bb header_3_font=\u00a0\u00bb||||||||\u00a0\u00bb header_3_text_color=\u00a0\u00bb#ff6513&Prime; header_4_font=\u00a0\u00bb||||||||\u00a0\u00bb header_4_text_color=\u00a0\u00bb#ff6513&Prime; global_colors_info=\u00a0\u00bb{}\u00a0\u00bb]<\/p>\n<h3>2015 &#8211; Changements et \u00e9volutions<\/h3>\n<p>[\/et_pb_text][et_pb_text _builder_version=\u00a0\u00bb4.16&Prime; custom_margin=\u00a0\u00bb-30px|||\u00a0\u00bb custom_css_main_element=\u00a0\u00bb -webkit-hyphens: auto;|| -ms-hyphens: auto;|| hyphens: auto;\u00a0\u00bb global_colors_info=\u00a0\u00bb{}\u00a0\u00bb]<\/p>\n<p>Parmi les cinq fondatrices, Anna Leuenberger et Helena von K\u00e4nel reprennent la direction de ROCK YOUR LIFE! Schweiz GmbH et l&rsquo;organisation s&rsquo;agrandit. De plus, un nouveau site a \u00e9t\u00e9 cr\u00e9\u00e9 \u00e0 Fribourg.<\/p>\n<p>[\/et_pb_text][\/et_pb_column][\/et_pb_row][et_pb_row custom_padding_last_edited=\u00a0\u00bbon|phone\u00a0\u00bb disabled_on=\u00a0\u00bboff|off|off\u00a0\u00bb _builder_version=\u00a0\u00bb4.16&Prime; custom_padding=\u00a0\u00bb20px|0px|20px|0px|false|false\u00a0\u00bb custom_padding_tablet=\u00a0\u00bb5px||5px|\u00a0\u00bb custom_padding_phone=\u00a0\u00bb\u00a0\u00bb global_colors_info=\u00a0\u00bb{}\u00a0\u00bb][et_pb_column type=\u00a0\u00bb4_4&Prime; _builder_version=\u00a0\u00bb4.16&Prime; custom_padding=\u00a0\u00bb|||\u00a0\u00bb global_colors_info=\u00a0\u00bb{}\u00a0\u00bb custom_padding__hover=\u00a0\u00bb|||\u00a0\u00bb][et_pb_divider color=\u00a0\u00bb#d8d8d8&Prime; divider_position=\u00a0\u00bbcenter\u00a0\u00bb _builder_version=\u00a0\u00bb4.16&Prime; height=\u00a0\u00bb0px\u00a0\u00bb custom_margin=\u00a0\u00bb0px||0px|\u00a0\u00bb custom_margin_last_edited=\u00a0\u00bboff|desktop\u00a0\u00bb custom_padding=\u00a0\u00bb0px||0px|\u00a0\u00bb global_colors_info=\u00a0\u00bb{}\u00a0\u00bb][\/et_pb_divider][\/et_pb_column][\/et_pb_row][et_pb_row disabled_on=\u00a0\u00bboff|off|off\u00a0\u00bb _builder_version=\u00a0\u00bb4.16&Prime; custom_padding=\u00a0\u00bb30px|0px|30px|0px|false|false\u00a0\u00bb global_colors_info=\u00a0\u00bb{}\u00a0\u00bb][et_pb_column type=\u00a0\u00bb4_4&Prime; _builder_version=\u00a0\u00bb4.16&Prime; custom_padding=\u00a0\u00bb|||\u00a0\u00bb global_colors_info=\u00a0\u00bb{}\u00a0\u00bb custom_padding__hover=\u00a0\u00bb|||\u00a0\u00bb][et_pb_text _builder_version=\u00a0\u00bb4.16&Prime; text_font=\u00a0\u00bb||||||||\u00a0\u00bb text_text_color=\u00a0\u00bb#ff6513&Prime; header_font=\u00a0\u00bb||||||||\u00a0\u00bb header_3_font=\u00a0\u00bb||||||||\u00a0\u00bb header_3_text_color=\u00a0\u00bb#ff6513&Prime; header_4_font=\u00a0\u00bb||||||||\u00a0\u00bb header_4_text_color=\u00a0\u00bb#ff6513&Prime; global_colors_info=\u00a0\u00bb{}\u00a0\u00bb]<\/p>\n<h3>2016 &#8211; Ajustements au niveau suisse<\/h3>\n<p>[\/et_pb_text][et_pb_text _builder_version=\u00a0\u00bb4.21.0&Prime; custom_margin=\u00a0\u00bb-30px|||\u00a0\u00bb custom_css_main_element=\u00a0\u00bb -webkit-hyphens: auto;|| -ms-hyphens: auto;|| hyphens: auto;\u00a0\u00bb global_colors_info=\u00a0\u00bb{}\u00a0\u00bb]<\/p>\n<p>Le mentorat de ROCK YOUR LIFE! est ajust\u00e9 au syst\u00e8me suisse. Sous la direction de Carol Schafroth, de nouveaux contenus sont enseign\u00e9s lors des formations et un mod\u00e8le de responsable de site est mis en place. Les sections locales sont d\u00e9sormais dirig\u00e9es par des stagiaires motiv\u00e9s. D\u00e8s lors, deux nouveaux sites sont cr\u00e9\u00e9s \u00e0 Coire et \u00e0 Lucerne.<\/p>\n<p>[\/et_pb_text][\/et_pb_column][\/et_pb_row][et_pb_row custom_padding_last_edited=\u00a0\u00bbon|phone\u00a0\u00bb disabled_on=\u00a0\u00bboff|off|off\u00a0\u00bb _builder_version=\u00a0\u00bb4.16&Prime; custom_padding=\u00a0\u00bb20px|0px|20px|0px|false|false\u00a0\u00bb custom_padding_tablet=\u00a0\u00bb5px||5px|\u00a0\u00bb custom_padding_phone=\u00a0\u00bb\u00a0\u00bb global_colors_info=\u00a0\u00bb{}\u00a0\u00bb][et_pb_column type=\u00a0\u00bb4_4&Prime; _builder_version=\u00a0\u00bb4.16&Prime; custom_padding=\u00a0\u00bb|||\u00a0\u00bb global_colors_info=\u00a0\u00bb{}\u00a0\u00bb custom_padding__hover=\u00a0\u00bb|||\u00a0\u00bb][et_pb_divider color=\u00a0\u00bb#d8d8d8&Prime; divider_position=\u00a0\u00bbcenter\u00a0\u00bb _builder_version=\u00a0\u00bb4.16&Prime; height=\u00a0\u00bb0px\u00a0\u00bb custom_margin=\u00a0\u00bb0px||0px|\u00a0\u00bb custom_margin_last_edited=\u00a0\u00bboff|desktop\u00a0\u00bb custom_padding=\u00a0\u00bb0px||0px|\u00a0\u00bb global_colors_info=\u00a0\u00bb{}\u00a0\u00bb][\/et_pb_divider][\/et_pb_column][\/et_pb_row][et_pb_row disabled_on=\u00a0\u00bboff|off|off\u00a0\u00bb _builder_version=\u00a0\u00bb4.16&Prime; custom_padding=\u00a0\u00bb30px|0px|30px|0px|false|false\u00a0\u00bb global_colors_info=\u00a0\u00bb{}\u00a0\u00bb][et_pb_column type=\u00a0\u00bb4_4&Prime; _builder_version=\u00a0\u00bb4.16&Prime; custom_padding=\u00a0\u00bb|||\u00a0\u00bb global_colors_info=\u00a0\u00bb{}\u00a0\u00bb custom_padding__hover=\u00a0\u00bb|||\u00a0\u00bb][et_pb_text _builder_version=\u00a0\u00bb4.16&Prime; text_font=\u00a0\u00bb||||||||\u00a0\u00bb text_text_color=\u00a0\u00bb#ff6513&Prime; header_font=\u00a0\u00bb||||||||\u00a0\u00bb header_3_font=\u00a0\u00bb||||||||\u00a0\u00bb header_3_text_color=\u00a0\u00bb#ff6513&Prime; header_4_font=\u00a0\u00bb||||||||\u00a0\u00bb header_4_text_color=\u00a0\u00bb#ff6513&Prime; global_colors_info=\u00a0\u00bb{}\u00a0\u00bb]<\/p>\n<h3>2017 &#8211; Nouveau site en Suisse<\/h3>\n<p>[\/et_pb_text][et_pb_text _builder_version=\u00a0\u00bb4.16&Prime; custom_margin=\u00a0\u00bb-30px|||\u00a0\u00bb custom_padding=\u00a0\u00bb||6px|||\u00a0\u00bb custom_css_main_element=\u00a0\u00bb -webkit-hyphens: auto;|| -ms-hyphens: auto;|| hyphens: auto;\u00a0\u00bb global_colors_info=\u00a0\u00bb{}\u00a0\u00bb]<\/p>\n<p>Le RYL! ne cessent de s\u2019agrandir  Avec B\u00e2le, RYL! c\u00e9l\u00e8bre la mise en place d\u2019un septi\u00e8me site. De plus, le r\u00e9seau commence \u00e0 \u00eatre soutenu par une multitude de formateur\u00b7trice\u00b7s.<\/p>\n<p>[\/et_pb_text][\/et_pb_column][\/et_pb_row][et_pb_row custom_padding_last_edited=\u00a0\u00bbon|phone\u00a0\u00bb disabled_on=\u00a0\u00bboff|off|off\u00a0\u00bb _builder_version=\u00a0\u00bb4.16&Prime; custom_padding=\u00a0\u00bb20px|0px|20px|0px|false|false\u00a0\u00bb custom_padding_tablet=\u00a0\u00bb5px||5px|\u00a0\u00bb custom_padding_phone=\u00a0\u00bb\u00a0\u00bb global_colors_info=\u00a0\u00bb{}\u00a0\u00bb][et_pb_column type=\u00a0\u00bb4_4&Prime; _builder_version=\u00a0\u00bb4.16&Prime; custom_padding=\u00a0\u00bb|||\u00a0\u00bb global_colors_info=\u00a0\u00bb{}\u00a0\u00bb custom_padding__hover=\u00a0\u00bb|||\u00a0\u00bb][et_pb_divider color=\u00a0\u00bb#d8d8d8&Prime; divider_position=\u00a0\u00bbcenter\u00a0\u00bb disabled_on=\u00a0\u00bboff|off|off\u00a0\u00bb _builder_version=\u00a0\u00bb4.16&Prime; height=\u00a0\u00bb0px\u00a0\u00bb custom_margin=\u00a0\u00bb0px||0px|\u00a0\u00bb custom_margin_last_edited=\u00a0\u00bboff|desktop\u00a0\u00bb custom_padding=\u00a0\u00bb0px||0px|\u00a0\u00bb global_colors_info=\u00a0\u00bb{}\u00a0\u00bb][\/et_pb_divider][\/et_pb_column][\/et_pb_row][et_pb_row disabled_on=\u00a0\u00bboff|off|off\u00a0\u00bb _builder_version=\u00a0\u00bb4.16&Prime; custom_padding=\u00a0\u00bb32px|0px|30px|0px|false|false\u00a0\u00bb global_colors_info=\u00a0\u00bb{}\u00a0\u00bb][et_pb_column type=\u00a0\u00bb4_4&Prime; _builder_version=\u00a0\u00bb4.16&Prime; custom_padding=\u00a0\u00bb|||\u00a0\u00bb global_colors_info=\u00a0\u00bb{}\u00a0\u00bb custom_padding__hover=\u00a0\u00bb|||\u00a0\u00bb][et_pb_text _builder_version=\u00a0\u00bb4.16&Prime; text_font=\u00a0\u00bb||||||||\u00a0\u00bb text_text_color=\u00a0\u00bb#ff6513&Prime; header_font=\u00a0\u00bb||||||||\u00a0\u00bb header_3_font=\u00a0\u00bb||||||||\u00a0\u00bb header_3_text_color=\u00a0\u00bb#ff6513&Prime; header_4_font=\u00a0\u00bb||||||||\u00a0\u00bb header_4_text_color=\u00a0\u00bb#ff6513&Prime; global_colors_info=\u00a0\u00bb{}\u00a0\u00bb]<\/p>\n<h3>2018 &#8211; Un vent de fra\u00eecheur et un premier prix<\/h3>\n<p>[\/et_pb_text][et_pb_text _builder_version=\u00a0\u00bb4.16&Prime; custom_margin=\u00a0\u00bb-30px|||\u00a0\u00bb custom_css_main_element=\u00a0\u00bb -webkit-hyphens: auto;|| -ms-hyphens: auto;|| hyphens: auto;\u00a0\u00bb global_colors_info=\u00a0\u00bb{}\u00a0\u00bb]<\/p>\n<p>Apr\u00e8s plus de cinq ans, Anna Leuenberger et Helena von K\u00e4nel transmettent la direction \u00e0 Melanie Rolli et Lilian Weber. Carol Schafroth reste responsable des formateur\u00b7trice\u00b7s et soutient les nouvelles directrices. Cette ann\u00e9e, ROCK YOUR LIFE! remporte son premier prix en Suisse : le prix d&rsquo;int\u00e9gration de St-Gall. Avec Winterthur, RYL! Suisse est d\u00e9sormais pr\u00e9sent dans huit villes. Depuis sa cr\u00e9ation, au total 685 tandems de mentorat ont \u00e9t\u00e9 r\u00e9unis.<\/p>\n<p>[\/et_pb_text][\/et_pb_column][\/et_pb_row][et_pb_row custom_padding_last_edited=\u00a0\u00bbon|phone\u00a0\u00bb disabled_on=\u00a0\u00bboff|off|off\u00a0\u00bb _builder_version=\u00a0\u00bb4.16&Prime; custom_padding=\u00a0\u00bb20px|0px|20px|0px|false|false\u00a0\u00bb custom_padding_tablet=\u00a0\u00bb5px||5px|\u00a0\u00bb custom_padding_phone=\u00a0\u00bb\u00a0\u00bb global_colors_info=\u00a0\u00bb{}\u00a0\u00bb][et_pb_column type=\u00a0\u00bb4_4&Prime; _builder_version=\u00a0\u00bb4.16&Prime; custom_padding=\u00a0\u00bb|||\u00a0\u00bb global_colors_info=\u00a0\u00bb{}\u00a0\u00bb custom_padding__hover=\u00a0\u00bb|||\u00a0\u00bb][et_pb_divider color=\u00a0\u00bb#d8d8d8&Prime; divider_position=\u00a0\u00bbcenter\u00a0\u00bb _builder_version=\u00a0\u00bb4.16&Prime; height=\u00a0\u00bb0px\u00a0\u00bb custom_margin=\u00a0\u00bb0px||0px|\u00a0\u00bb custom_margin_last_edited=\u00a0\u00bboff|desktop\u00a0\u00bb custom_padding=\u00a0\u00bb0px||0px|\u00a0\u00bb global_colors_info=\u00a0\u00bb{}\u00a0\u00bb][\/et_pb_divider][\/et_pb_column][\/et_pb_row][et_pb_row disabled_on=\u00a0\u00bboff|off|off\u00a0\u00bb _builder_version=\u00a0\u00bb4.16&Prime; min_height=\u00a0\u00bb253px\u00a0\u00bb custom_padding=\u00a0\u00bb32px|0px|30px|0px|false|false\u00a0\u00bb global_colors_info=\u00a0\u00bb{}\u00a0\u00bb][et_pb_column type=\u00a0\u00bb4_4&Prime; _builder_version=\u00a0\u00bb4.16&Prime; custom_padding=\u00a0\u00bb|||\u00a0\u00bb global_colors_info=\u00a0\u00bb{}\u00a0\u00bb custom_padding__hover=\u00a0\u00bb|||\u00a0\u00bb][et_pb_text _builder_version=\u00a0\u00bb4.16&Prime; text_font=\u00a0\u00bb||||||||\u00a0\u00bb text_text_color=\u00a0\u00bb#ff6513&Prime; header_font=\u00a0\u00bb||||||||\u00a0\u00bb header_3_font=\u00a0\u00bb||||||||\u00a0\u00bb header_3_text_color=\u00a0\u00bb#ff6513&Prime; header_4_font=\u00a0\u00bb||||||||\u00a0\u00bb header_4_text_color=\u00a0\u00bb#ff6513&Prime; global_colors_info=\u00a0\u00bb{}\u00a0\u00bb]<\/p>\n<h3>2019 &#8211; RYL! devient bilingue et fa\u00e7onne son avenir<\/h3>\n<p>[\/et_pb_text][et_pb_text _builder_version=\u00a0\u00bb4.16&Prime; custom_margin=\u00a0\u00bb-30px|||\u00a0\u00bb custom_css_main_element=\u00a0\u00bb -webkit-hyphens: auto;|| -ms-hyphens: auto;|| hyphens: auto;\u00a0\u00bb global_colors_info=\u00a0\u00bb{}\u00a0\u00bb]<\/p>\n<p>Avec la nouvelle direction du projet Romandie, la constitution de la premi\u00e8re vol\u00e9e de mentorat francophone sur le site de Fribourg se concr\u00e9tise. En effet, six tandems de mentorat ont d\u00e9but\u00e9 le cursus en janvier 2020. Le r\u00e9seau de RYL! Suisse se focalise sur son d\u00e9veloppement et sa progression, que ce soit lors de la rencontre nationale du r\u00e9seau (en ao\u00fbt) ou lors de \u00ab l\u2019atelier de l\u2019avenir \u00bb ayant eu lieu \u00e0 la fin de cette m\u00eame ann\u00e9e. Onze nouveaux et nouvelles formateur\u00b7trice\u00b7s sont form\u00e9\u00b7e\u00b7s en 2019, et ce pour la premi\u00e8re fois en Suisse.<\/p>\n<p>[\/et_pb_text][\/et_pb_column][\/et_pb_row][et_pb_row custom_padding_last_edited=\u00a0\u00bbon|phone\u00a0\u00bb disabled_on=\u00a0\u00bboff|off|off\u00a0\u00bb _builder_version=\u00a0\u00bb4.16&Prime; custom_padding=\u00a0\u00bb20px|0px|20px|0px|false|false\u00a0\u00bb custom_padding_tablet=\u00a0\u00bb5px||5px|\u00a0\u00bb custom_padding_phone=\u00a0\u00bb\u00a0\u00bb global_colors_info=\u00a0\u00bb{}\u00a0\u00bb][et_pb_column type=\u00a0\u00bb4_4&Prime; _builder_version=\u00a0\u00bb4.16&Prime; custom_padding=\u00a0\u00bb|||\u00a0\u00bb global_colors_info=\u00a0\u00bb{}\u00a0\u00bb custom_padding__hover=\u00a0\u00bb|||\u00a0\u00bb][et_pb_divider color=\u00a0\u00bb#d8d8d8&Prime; divider_position=\u00a0\u00bbcenter\u00a0\u00bb _builder_version=\u00a0\u00bb4.16&Prime; height=\u00a0\u00bb0px\u00a0\u00bb custom_margin=\u00a0\u00bb0px||0px|\u00a0\u00bb custom_margin_last_edited=\u00a0\u00bboff|desktop\u00a0\u00bb custom_padding=\u00a0\u00bb0px||0px|\u00a0\u00bb global_colors_info=\u00a0\u00bb{}\u00a0\u00bb][\/et_pb_divider][\/et_pb_column][\/et_pb_row][et_pb_row disabled_on=\u00a0\u00bboff|off|off\u00a0\u00bb _builder_version=\u00a0\u00bb4.16&Prime; min_height=\u00a0\u00bb253px\u00a0\u00bb custom_padding=\u00a0\u00bb32px|0px|30px|0px|false|false\u00a0\u00bb global_colors_info=\u00a0\u00bb{}\u00a0\u00bb][et_pb_column type=\u00a0\u00bb4_4&Prime; _builder_version=\u00a0\u00bb4.16&Prime; custom_padding=\u00a0\u00bb|||\u00a0\u00bb global_colors_info=\u00a0\u00bb{}\u00a0\u00bb custom_padding__hover=\u00a0\u00bb|||\u00a0\u00bb][et_pb_text _builder_version=\u00a0\u00bb4.16&Prime; text_font=\u00a0\u00bb||||||||\u00a0\u00bb text_text_color=\u00a0\u00bb#ff6513&Prime; header_font=\u00a0\u00bb||||||||\u00a0\u00bb header_3_font=\u00a0\u00bb||||||||\u00a0\u00bb header_3_text_color=\u00a0\u00bb#ff6513&Prime; header_4_font=\u00a0\u00bb||||||||\u00a0\u00bb header_4_text_color=\u00a0\u00bb#ff6513&Prime; global_colors_info=\u00a0\u00bb{}\u00a0\u00bb]<\/p>\n<h3>2020 &#8211; RYL! se r\u00e9v\u00e8le comme extraordinairement r\u00e9silient.<\/h3>\n<p>[\/et_pb_text][et_pb_text _builder_version=\u00a0\u00bb4.21.0&Prime; custom_margin=\u00a0\u00bb-30px|||\u00a0\u00bb custom_css_main_element=\u00a0\u00bb -webkit-hyphens: auto;|| -ms-hyphens: auto;|| hyphens: auto;\u00a0\u00bb global_colors_info=\u00a0\u00bb{}\u00a0\u00bb]<\/p>\n<p>L&rsquo;ann\u00e9e 2020 a \u00e9t\u00e9 \u00e0 la fois stimulante et tr\u00e8s fructueuse pour ROCK YOUR LIFE! Suisse.  Ainsi, une vaste enqu\u00eate longitudinale <a href=\"https:\/\/schweiz.rockyourlife.org\/fr\/une-etude-longitudinale-le-prouve-le-mentorat-de-rock-your-life-est-efficace\/\" target=\"_blank\" rel=\"noopener\">men\u00e9e aupr\u00e8s de plus de 300 mentees de ROCK YOUR Mentees <\/a> prouve que le programme de mentorat impacte le groupe cible des jeunes d\u00e9favoris\u00e9s (sur le plan de la formation). En effet, le mentorat nivelle les d\u00e9savantages en terme de maturit\u00e9 et de chances sur le march\u00e9 du travail ! Et ce n&rsquo;est pas tout : quelques mois apr\u00e8s le lancement r\u00e9ussi de la vol\u00e9e pilote bilingue dans le canton de Fribourg, <a href=\"https:\/\/schweiz.rockyourlife.org\/fr\/felicitations-pour-le-1er-prix-ryl-recoit-le-prix-de-linnovation\/\" target=\"_blank\" rel=\"noopener\">RYL! remporte le premier prix du Prix Innovage Suisse Romande 2020<\/a>. D\u00e8s lors, plus rien ne s\u2019oppose \u00e0 une nouvelle expansion du programme vers Lausanne. Depuis septembre 2020, la GmbH allemande de ROCK YOUR LIFE! est l&rsquo;unique propri\u00e9taire de ROCK YOUR LIFE! Suisse S\u00e0rl.   Gabriel Abu-Tayeh prend la direction de l&rsquo;organisation.<\/p>\n<p>[\/et_pb_text][\/et_pb_column][\/et_pb_row][et_pb_row custom_padding_last_edited=\u00a0\u00bbon|phone\u00a0\u00bb disabled_on=\u00a0\u00bboff|off|off\u00a0\u00bb _builder_version=\u00a0\u00bb4.16&Prime; custom_padding=\u00a0\u00bb20px|0px|20px|0px|false|false\u00a0\u00bb custom_padding_tablet=\u00a0\u00bb5px||5px|\u00a0\u00bb custom_padding_phone=\u00a0\u00bb\u00a0\u00bb global_colors_info=\u00a0\u00bb{}\u00a0\u00bb][et_pb_column type=\u00a0\u00bb4_4&Prime; _builder_version=\u00a0\u00bb4.16&Prime; custom_padding=\u00a0\u00bb|||\u00a0\u00bb global_colors_info=\u00a0\u00bb{}\u00a0\u00bb custom_padding__hover=\u00a0\u00bb|||\u00a0\u00bb][et_pb_divider color=\u00a0\u00bb#d8d8d8&Prime; divider_position=\u00a0\u00bbcenter\u00a0\u00bb _builder_version=\u00a0\u00bb4.16&Prime; height=\u00a0\u00bb0px\u00a0\u00bb custom_margin=\u00a0\u00bb0px||0px|\u00a0\u00bb custom_margin_last_edited=\u00a0\u00bboff|desktop\u00a0\u00bb custom_padding=\u00a0\u00bb0px||0px|\u00a0\u00bb global_colors_info=\u00a0\u00bb{}\u00a0\u00bb][\/et_pb_divider][\/et_pb_column][\/et_pb_row][et_pb_row disabled_on=\u00a0\u00bboff|off|off\u00a0\u00bb _builder_version=\u00a0\u00bb4.16&Prime; min_height=\u00a0\u00bb253px\u00a0\u00bb custom_padding=\u00a0\u00bb32px|0px|30px|0px|false|false\u00a0\u00bb global_colors_info=\u00a0\u00bb{}\u00a0\u00bb][et_pb_column type=\u00a0\u00bb4_4&Prime; _builder_version=\u00a0\u00bb4.16&Prime; custom_padding=\u00a0\u00bb|||\u00a0\u00bb global_colors_info=\u00a0\u00bb{}\u00a0\u00bb custom_padding__hover=\u00a0\u00bb|||\u00a0\u00bb][et_pb_text _builder_version=\u00a0\u00bb4.16&Prime; text_font=\u00a0\u00bb||||||||\u00a0\u00bb text_text_color=\u00a0\u00bb#ff6513&Prime; header_font=\u00a0\u00bb||||||||\u00a0\u00bb header_3_font=\u00a0\u00bb||||||||\u00a0\u00bb header_3_text_color=\u00a0\u00bb#ff6513&Prime; header_4_font=\u00a0\u00bb||||||||\u00a0\u00bb header_4_text_color=\u00a0\u00bb#ff6513&Prime; global_colors_info=\u00a0\u00bb{}\u00a0\u00bb]<\/p>\n<h3>2021 &#8211; Le d\u00e9but d&rsquo;une nouvelle \u00e8re pour ROCK YOUR LIFE!<\/h3>\n<p>[\/et_pb_text][et_pb_text _builder_version=\u00a0\u00bb4.18.0&Prime; custom_margin=\u00a0\u00bb-30px|||\u00a0\u00bb custom_css_main_element=\u00a0\u00bb -webkit-hyphens: auto;|| -ms-hyphens: auto;|| hyphens: auto;\u00a0\u00bb global_colors_info=\u00a0\u00bb{}\u00a0\u00bb]<\/p>\n<p>L\u2019ann\u00e9e 2021 f\u00fbt tr\u00e8s intense. En effet, RYL! a rassembl\u00e9 de nombreux retours formul\u00e9s par sa communaut\u00e9 ainsi que r\u00e9unis divers conseils \u00e9mis par des professionnel\u00b7le\u00b7s externes \u00e0 l\u2019organisation. Ceci facilite le processus d\u2019impl\u00e9mentation de la strat\u00e9gie globale, qui est \u00e0 la fois ambitieuse et r\u00e9aliste. Les premi\u00e8res \u00e9tapes de la mise en \u0153uvre de la strat\u00e9gie 2025 ont d\u00e9j\u00e0 \u00e9t\u00e9 franchies cette ann\u00e9e-l\u00e0. D\u2019une part, le partenariat avec l\u2019UBS Optimus Foundation et le Service des r\u00e9fugi\u00e9s et de l\u2019asile du Canton de Lucerne, a permis aux requ\u00e9rant\u00b7e\u00b7s d\u2019asile mineur\u00b7e\u00b7s non-accompagn\u00e9\u00b7e\u00b7s s\u00e9journant en Suisse de participer au programme de mentorat RYL! Int\u00e9gration.  <a href=\"https:\/\/schweiz.rockyourlife.org\/fr\/projet-integration\/\">Plus d&rsquo;informations sur RYL! Int\u00e9gration<\/a>. D\u2019autre part, avec la cr\u00e9ation de \u00abRYL! Svizzera italiana\u00bb \u00e0 Lugano, RYL! se rapproche de son objectif principal, \u00e0 savoir la mise en place d\u2019une offre de mentorat nationale.<\/p>\n<p>[\/et_pb_text][\/et_pb_column][\/et_pb_row][\/et_pb_section][et_pb_section fb_built=\u00a0\u00bb1&Prime; _builder_version=\u00a0\u00bb4.16&Prime; custom_padding=\u00a0\u00bb90px|0px|90px|0px|false|false\u00a0\u00bb global_colors_info=\u00a0\u00bb{}\u00a0\u00bb][et_pb_row _builder_version=\u00a0\u00bb4.16&Prime; custom_padding=\u00a0\u00bb0|0px|30px|0px|false|false\u00a0\u00bb global_colors_info=\u00a0\u00bb{}\u00a0\u00bb][et_pb_column type=\u00a0\u00bb4_4&Prime; _builder_version=\u00a0\u00bb4.16&Prime; custom_padding=\u00a0\u00bb|||\u00a0\u00bb global_colors_info=\u00a0\u00bb{}\u00a0\u00bb custom_padding__hover=\u00a0\u00bb|||\u00a0\u00bb][et_pb_text _builder_version=\u00a0\u00bb4.16&Prime; global_colors_info=\u00a0\u00bb{}\u00a0\u00bb]<\/p>\n<h3>ROCK YOUR LIFE! Suisse en quelques chiffres<\/h3>\n<p>[\/et_pb_text][\/et_pb_column][\/et_pb_row][et_pb_row column_structure=\u00a0\u00bb1_2,1_2&Prime; disabled_on=\u00a0\u00bboff|off|off\u00a0\u00bb _builder_version=\u00a0\u00bb4.16&Prime; custom_padding=\u00a0\u00bb30px|0px|0|0px|false|false\u00a0\u00bb global_colors_info=\u00a0\u00bb{}\u00a0\u00bb][et_pb_column type=\u00a0\u00bb1_2&Prime; _builder_version=\u00a0\u00bb4.16&Prime; custom_padding=\u00a0\u00bb|||\u00a0\u00bb global_colors_info=\u00a0\u00bb{}\u00a0\u00bb custom_padding__hover=\u00a0\u00bb|||\u00a0\u00bb][ryl_linkbox image=\u00a0\u00bbhttps:\/\/schweiz.rockyourlife.org\/wp-content\/uploads\/sites\/47\/2018\/11\/rock-your-life-mentoring-paar-icon.png\u00a0\u00bb _builder_version=\u00a0\u00bb4.27.0&Prime; global_colors_info=\u00a0\u00bb{}\u00a0\u00bb]<\/p>\n<p><strong>1222 paires de mentoring<\/strong><br \/>ont pu \u00eatre r\u00e9unis par ROCK YOUR LIFE! Suisse depuis 2013.<\/p>\n<p>[\/ryl_linkbox][ryl_linkbox image=\u00a0\u00bbhttps:\/\/schweiz.rockyourlife.org\/wp-content\/uploads\/sites\/47\/2018\/11\/rock-your-life-standort-icon.png\u00a0\u00bb _builder_version=\u00a0\u00bb4.18.0&Prime; global_colors_info=\u00a0\u00bb{}\u00a0\u00bb]<\/p>\n<p><strong>9 Sites<\/strong><br \/>en Suisse permettent aux jeunes d\u00e9couvrent leur potentiel et avec le soutien de leurs mentor\u00b7e\u00b7s, elles et ils r\u00e9ussissent leur transition vers la vie professionnelle .<\/p>\n<p>[\/ryl_linkbox][ryl_linkbox image=\u00a0\u00bbhttps:\/\/schweiz.rockyourlife.org\/wp-content\/uploads\/sites\/47\/2018\/11\/rock-your-life-foerderer-icon.png\u00a0\u00bb _builder_version=\u00a0\u00bb4.27.0&Prime; global_colors_info=\u00a0\u00bb{}\u00a0\u00bb]<\/p>\n<p class=\"p1\"><strong>13.303 heures<\/strong><br \/>ont \u00e9t\u00e9 consacr\u00e9s par les mentors, les formateurs, les ambassadeurs et d&rsquo;autres b\u00e9n\u00e9voles en 2024 pour aider ROCK YOUR LIFE ! \u00e0 mettre en \u0153uvre et \u00e0 diffuser le programme de mentorat.<\/p>\n<p>[\/ryl_linkbox][\/et_pb_column][et_pb_column type=\u00a0\u00bb1_2&Prime; _builder_version=\u00a0\u00bb4.16&Prime; custom_padding=\u00a0\u00bb|||\u00a0\u00bb global_colors_info=\u00a0\u00bb{}\u00a0\u00bb custom_padding__hover=\u00a0\u00bb|||\u00a0\u00bb][ryl_linkbox image=\u00a0\u00bbhttps:\/\/schweiz.rockyourlife.org\/wp-content\/uploads\/sites\/47\/2018\/11\/rock-your-life-partnerschule-icon.png\u00a0\u00bb _builder_version=\u00a0\u00bb4.27.0&Prime; global_colors_info=\u00a0\u00bb{}\u00a0\u00bb]<\/p>\n<p><strong>RYL! a de l&rsquo;impact<\/strong><br \/>Environ 77% de nos mentees trouvent une solution de suivi.<\/p>\n<p>[\/ryl_linkbox][ryl_linkbox image=\u00a0\u00bbhttps:\/\/schweiz.rockyourlife.org\/wp-content\/uploads\/sites\/47\/2018\/11\/rock-your-life-trainer-icon.png\u00a0\u00bb _builder_version=\u00a0\u00bb4.26.0&Prime; global_colors_info=\u00a0\u00bb{}\u00a0\u00bb]<\/p>\n<p><strong>36 formateurs\u00b7trices<\/strong><br \/>ont \u00e9t\u00e9 form\u00e9s depuis la cr\u00e9ation de ROCK YOUR LIFE! Suisse. Elles et ils qualifient nos mentor\u00b7e\u00b7s pour leur mission et encouragent les mentees dans le cadre de plusieurs formations.<\/p>\n<p>[\/ryl_linkbox][\/et_pb_column][\/et_pb_row][\/et_pb_section][et_pb_section fb_built=\u00a0\u00bb1&Prime; _builder_version=\u00a0\u00bb4.16&Prime; background_color=\u00a0\u00bb#eff4f5&Prime; max_width_tablet=\u00a0\u00bb100%\u00a0\u00bb max_width_phone=\u00a0\u00bb100%\u00a0\u00bb max_width_last_edited=\u00a0\u00bbon|phone\u00a0\u00bb module_alignment=\u00a0\u00bbcenter\u00a0\u00bb custom_margin_tablet=\u00a0\u00bb\u00a0\u00bb custom_margin_phone=\u00a0\u00bb||-10%|\u00a0\u00bb custom_margin_last_edited=\u00a0\u00bbon|phone\u00a0\u00bb custom_padding=\u00a0\u00bb90px|0px|90px|0px|false|false\u00a0\u00bb global_colors_info=\u00a0\u00bb{}\u00a0\u00bb][et_pb_row _builder_version=\u00a0\u00bb4.16&Prime; custom_padding=\u00a0\u00bb0|0px|27px|0px|false|false\u00a0\u00bb global_colors_info=\u00a0\u00bb{}\u00a0\u00bb][et_pb_column type=\u00a0\u00bb4_4&Prime; _builder_version=\u00a0\u00bb4.16&Prime; custom_padding=\u00a0\u00bb|||\u00a0\u00bb global_colors_info=\u00a0\u00bb{}\u00a0\u00bb custom_padding__hover=\u00a0\u00bb|||\u00a0\u00bb][et_pb_text _builder_version=\u00a0\u00bb4.16&Prime; global_colors_info=\u00a0\u00bb{}\u00a0\u00bb]<\/p>\n<h3>Nos r\u00e9compenses<\/h3>\n<p>[\/et_pb_text][\/et_pb_column][\/et_pb_row][et_pb_row column_structure=\u00a0\u00bb1_4,1_4,1_4,1_4&Prime; use_custom_gutter=\u00a0\u00bbon\u00a0\u00bb gutter_width=\u00a0\u00bb4&Prime; custom_padding_last_edited=\u00a0\u00bbon|desktop\u00a0\u00bb _builder_version=\u00a0\u00bb4.16&Prime; custom_padding=\u00a0\u00bb27px|2%|1%|2%|false|false\u00a0\u00bb custom_padding_tablet=\u00a0\u00bb\u00a0\u00bb custom_padding_phone=\u00a0\u00bb|0%||0%\u00a0\u00bb global_colors_info=\u00a0\u00bb{}\u00a0\u00bb][et_pb_column type=\u00a0\u00bb1_4&Prime; _builder_version=\u00a0\u00bb4.16&Prime; custom_padding=\u00a0\u00bb|||\u00a0\u00bb global_colors_info=\u00a0\u00bb{}\u00a0\u00bb custom_padding__hover=\u00a0\u00bb|||\u00a0\u00bb][et_pb_image src=\u00a0\u00bbhttps:\/\/schweiz.rockyourlife.org\/wp-content\/uploads\/sites\/47\/2019\/04\/RYL-Mentoring-Schweiz_St-Galler-Integrationspreis.png\u00a0\u00bb url_new_window=\u00a0\u00bbon\u00a0\u00bb align=\u00a0\u00bbcenter\u00a0\u00bb align_tablet=\u00a0\u00bbcenter\u00a0\u00bb align_phone=\u00a0\u00bb\u00a0\u00bb align_last_edited=\u00a0\u00bbon|desktop\u00a0\u00bb _builder_version=\u00a0\u00bb4.19.1&Prime; max_width=\u00a0\u00bb80%\u00a0\u00bb max_width_tablet=\u00a0\u00bb60%\u00a0\u00bb max_width_phone=\u00a0\u00bb50%\u00a0\u00bb max_width_last_edited=\u00a0\u00bbon|phone\u00a0\u00bb module_alignment=\u00a0\u00bbcenter\u00a0\u00bb custom_margin_tablet=\u00a0\u00bb\u00a0\u00bb custom_margin_phone=\u00a0\u00bb|||\u00a0\u00bb custom_margin_last_edited=\u00a0\u00bbon|phone\u00a0\u00bb global_colors_info=\u00a0\u00bb{}\u00a0\u00bb][\/et_pb_image][\/et_pb_column][et_pb_column type=\u00a0\u00bb1_4&Prime; _builder_version=\u00a0\u00bb4.16&Prime; custom_padding=\u00a0\u00bb|||\u00a0\u00bb global_colors_info=\u00a0\u00bb{}\u00a0\u00bb custom_padding__hover=\u00a0\u00bb|||\u00a0\u00bb][et_pb_image src=\u00a0\u00bbhttps:\/\/schweiz.rockyourlife.org\/wp-content\/uploads\/sites\/47\/2021\/01\/RYL-Mentoring-gewinnt-Prix-innovage.png\u00a0\u00bb title_text=\u00a0\u00bbRYL-Mentoring-winning-Prix-innovage\u00a0\u00bb _builder_version=\u00a0\u00bb4.17.6&Prime; _module_preset=\u00a0\u00bbdefault\u00a0\u00bb global_colors_info=\u00a0\u00bb{}\u00a0\u00bb][\/et_pb_image][\/et_pb_column][et_pb_column type=\u00a0\u00bb1_4&Prime; _builder_version=\u00a0\u00bb4.16&Prime; custom_padding=\u00a0\u00bb|||\u00a0\u00bb global_colors_info=\u00a0\u00bb{}\u00a0\u00bb custom_padding__hover=\u00a0\u00bb|||\u00a0\u00bb][\/et_pb_column][et_pb_column type=\u00a0\u00bb1_4&Prime; _builder_version=\u00a0\u00bb4.16&Prime; custom_padding=\u00a0\u00bb|||\u00a0\u00bb global_colors_info=\u00a0\u00bb{}\u00a0\u00bb custom_padding__hover=\u00a0\u00bb|||\u00a0\u00bb][\/et_pb_column][\/et_pb_row][\/et_pb_section][et_pb_section fb_built=\u00a0\u00bb1&Prime; _builder_version=\u00a0\u00bb4.16&Prime; custom_padding=\u00a0\u00bb90px|0px|90px|0px|false|false\u00a0\u00bb locked=\u00a0\u00bboff\u00a0\u00bb global_colors_info=\u00a0\u00bb{}\u00a0\u00bb][et_pb_row _builder_version=\u00a0\u00bb4.16&Prime; custom_margin=\u00a0\u00bb|auto|-60px|auto||\u00a0\u00bb custom_padding=\u00a0\u00bb0px||80px|||\u00a0\u00bb global_colors_info=\u00a0\u00bb{}\u00a0\u00bb][et_pb_column type=\u00a0\u00bb4_4&Prime; _builder_version=\u00a0\u00bb4.16&Prime; global_colors_info=\u00a0\u00bb{}\u00a0\u00bb][et_pb_text _builder_version=\u00a0\u00bb4.16&Prime; custom_padding_tablet=\u00a0\u00bb60px|||\u00a0\u00bb custom_padding_phone=\u00a0\u00bb60px|||\u00a0\u00bb custom_padding_last_edited=\u00a0\u00bbon|tablet\u00a0\u00bb locked=\u00a0\u00bboff\u00a0\u00bb global_colors_info=\u00a0\u00bb{}\u00a0\u00bb]<\/p>\n<h3 style=\"text-align: center\">En savoir plus sur ROCK YOUR LIFE!<\/h3>\n<p>[\/et_pb_text][\/et_pb_column][\/et_pb_row][et_pb_row column_structure=\u00a0\u00bb1_3,1_3,1_3&Prime; use_custom_gutter=\u00a0\u00bbon\u00a0\u00bb gutter_width=\u00a0\u00bb2&Prime; _builder_version=\u00a0\u00bb4.16&Prime; custom_padding=\u00a0\u00bb0|0px|0|0px|false|false\u00a0\u00bb global_colors_info=\u00a0\u00bb{}\u00a0\u00bb][et_pb_column type=\u00a0\u00bb1_3&Prime; _builder_version=\u00a0\u00bb4.27.0&Prime; _module_preset=\u00a0\u00bbdefault\u00a0\u00bb global_colors_info=\u00a0\u00bb{}\u00a0\u00bb][ryl_imageteaser image=\u00a0\u00bbhttps:\/\/schweiz.rockyourlife.org\/wp-content\/uploads\/sites\/47\/2019\/12\/Teaserbox_Das-macht-RYL_Wirkung_001.jpg\u00a0\u00bb url=\u00a0\u00bbhttps:\/\/schweiz.rockyourlife.org\/das-machen-wir\/wirkung\/\u00a0\u00bb _builder_version=\u00a0\u00bb4.16&Prime; max_width_tablet=\u00a0\u00bb70%\u00a0\u00bb max_width_phone=\u00a0\u00bb100%\u00a0\u00bb max_width_last_edited=\u00a0\u00bbon|phone\u00a0\u00bb module_alignment=\u00a0\u00bbcenter\u00a0\u00bb global_colors_info=\u00a0\u00bb{}\u00a0\u00bb]<\/p>\n<p style=\"text-align: center\">Impact<\/p>\n<p>[\/ryl_imageteaser][\/et_pb_column][et_pb_column type=\u00a0\u00bb1_3&Prime; _builder_version=\u00a0\u00bb4.16&Prime; custom_padding=\u00a0\u00bb|||\u00a0\u00bb global_colors_info=\u00a0\u00bb{}\u00a0\u00bb custom_padding__hover=\u00a0\u00bb|||\u00a0\u00bb][ryl_imageteaser image=\u00a0\u00bbhttps:\/\/schweiz.rockyourlife.org\/wp-content\/uploads\/sites\/47\/2019\/12\/Teaserbox_Kontakt_Spenden-Sie-jetzt_001.jpg\u00a0\u00bb url=\u00a0\u00bbhttps:\/\/schweiz.rockyourlife.org\/kontakt\/#spenden\u00a0\u00bb _builder_version=\u00a0\u00bb4.16&Prime; max_width_tablet=\u00a0\u00bb70%\u00a0\u00bb max_width_phone=\u00a0\u00bb100%\u00a0\u00bb max_width_last_edited=\u00a0\u00bbon|phone\u00a0\u00bb module_alignment=\u00a0\u00bbcenter\u00a0\u00bb global_colors_info=\u00a0\u00bb{}\u00a0\u00bb]<\/p>\n<p style=\"text-align: center\">Faites un don maintenant<\/p>\n<p>[\/ryl_imageteaser][\/et_pb_column][et_pb_column type=\u00a0\u00bb1_3&Prime; _builder_version=\u00a0\u00bb4.16&Prime; custom_padding=\u00a0\u00bb|||\u00a0\u00bb global_colors_info=\u00a0\u00bb{}\u00a0\u00bb custom_padding__hover=\u00a0\u00bb|||\u00a0\u00bb][ryl_imageteaser image=\u00a0\u00bbhttps:\/\/schweiz.rockyourlife.org\/wp-content\/uploads\/sites\/47\/2025\/05\/ROCK-YOUR-LIFE-Team-cover.jpg\u00a0\u00bb url=\u00a0\u00bbhttps:\/\/schweiz.rockyourlife.org\/fr\/das-sind-wir-franz\/team\/\u00a0\u00bb _builder_version=\u00a0\u00bb4.27.0&Prime; max_width_tablet=\u00a0\u00bb70%\u00a0\u00bb max_width_phone=\u00a0\u00bb100%\u00a0\u00bb max_width_last_edited=\u00a0\u00bbon|phone\u00a0\u00bb module_alignment=\u00a0\u00bbcenter\u00a0\u00bb global_colors_info=\u00a0\u00bb{}\u00a0\u00bb]<\/p>\n<p style=\"text-align: center\">\u00c9quipe<\/p>\n<p>[\/ryl_imageteaser][\/et_pb_column][\/et_pb_row][\/et_pb_section]<\/p>\n","protected":false},"excerpt":{"rendered":"<p><span><span><a href=\"https:\/\/schweiz.rockyourlife.org\/fr\/accueil\/\">Startseite<\/a><\/span><\/span>HistoireL&rsquo;\u00e9ducation ouvre la voie \u00e0 l&rsquo;avenir pour chaque individu et pour la soci\u00e9t\u00e9. En Suisse, les \u00e9l\u00e8ves doivent choisir d\u00e8s l\u2019\u00e2ge de 14 ans une solution de transition appropri\u00e9e apr\u00e8s l\u2019\u00e9cole. Une t\u00e2che difficile, car en plus des \u00e9coles secondaires, il existe plus de 250 apprentissages diff\u00e9rents.En Suisse, environ 12% des \u00e9l\u00e8ves ne trouvent pas [&hellip;]<\/p>\n","protected":false},"author":50,"featured_media":0,"parent":6317,"menu_order":1,"comment_status":"closed","ping_status":"closed","template":"","meta":{"_et_pb_use_builder":"on","_et_pb_old_content":"","_et_gb_content_width":"","footnotes":""},"class_list":["post-8099","page","type-page","status-publish","hentry"],"yoast_head":"<!-- This site is optimized with the Yoast SEO plugin v26.8 - https:\/\/yoast.com\/product\/yoast-seo-wordpress\/ -->\n<title>Histoire - ROCK YOUR LIFE! Schweiz<\/title>\n<meta name=\"robots\" content=\"index, follow, max-snippet:-1, max-image-preview:large, max-video-preview:-1\" \/>\n<link rel=\"canonical\" href=\"https:\/\/schweiz.rockyourlife.org\/fr\/das-sind-wir-franz\/histoire\/\" \/>\n<meta property=\"og:locale\" content=\"fr_FR\" \/>\n<meta property=\"og:type\" content=\"article\" \/>\n<meta property=\"og:title\" content=\"Histoire - ROCK YOUR LIFE! Schweiz\" \/>\n<meta property=\"og:description\" content=\"HistoireL&#039;\u00e9ducation ouvre la voie \u00e0 l&#039;avenir pour chaque individu et pour la soci\u00e9t\u00e9. En Suisse, les \u00e9l\u00e8ves doivent choisir d\u00e8s l\u2019\u00e2ge de 14 ans une solution de transition appropri\u00e9e apr\u00e8s l\u2019\u00e9cole. Une t\u00e2che difficile, car en plus des \u00e9coles secondaires, il existe plus de 250 apprentissages diff\u00e9rents.En Suisse, environ 12% des \u00e9l\u00e8ves ne trouvent pas [&hellip;]\" \/>\n<meta property=\"og:url\" content=\"https:\/\/schweiz.rockyourlife.org\/fr\/das-sind-wir-franz\/histoire\/\" \/>\n<meta property=\"og:site_name\" content=\"ROCK YOUR LIFE! Schweiz\" \/>\n<meta property=\"article:modified_time\" content=\"2025-07-01T13:31:19+00:00\" \/>\n<meta name=\"twitter:card\" content=\"summary_large_image\" \/>\n<meta name=\"twitter:label1\" content=\"Dur\u00e9e de lecture estim\u00e9e\" \/>\n\t<meta name=\"twitter:data1\" content=\"25 minutes\" \/>\n<script type=\"application\/ld+json\" class=\"yoast-schema-graph\">{\"@context\":\"https:\/\/schema.org\",\"@graph\":[{\"@type\":\"WebPage\",\"@id\":\"https:\/\/schweiz.rockyourlife.org\/fr\/das-sind-wir-franz\/histoire\/\",\"url\":\"https:\/\/schweiz.rockyourlife.org\/fr\/das-sind-wir-franz\/histoire\/\",\"name\":\"Histoire - ROCK YOUR LIFE! Schweiz\",\"isPartOf\":{\"@id\":\"https:\/\/schweiz.rockyourlife.org\/#website\"},\"datePublished\":\"2022-08-05T16:57:49+00:00\",\"dateModified\":\"2025-07-01T13:31:19+00:00\",\"breadcrumb\":{\"@id\":\"https:\/\/schweiz.rockyourlife.org\/fr\/das-sind-wir-franz\/histoire\/#breadcrumb\"},\"inLanguage\":\"fr-FR\",\"potentialAction\":[{\"@type\":\"ReadAction\",\"target\":[\"https:\/\/schweiz.rockyourlife.org\/fr\/das-sind-wir-franz\/histoire\/\"]}]},{\"@type\":\"BreadcrumbList\",\"@id\":\"https:\/\/schweiz.rockyourlife.org\/fr\/das-sind-wir-franz\/histoire\/#breadcrumb\",\"itemListElement\":[{\"@type\":\"ListItem\",\"position\":1,\"name\":\"Startseite\",\"item\":\"https:\/\/schweiz.rockyourlife.org\/fr\/accueil\/\"},{\"@type\":\"ListItem\",\"position\":2,\"name\":\"Qui nous sommes\",\"item\":\"https:\/\/schweiz.rockyourlife.org\/fr\/das-sind-wir-franz\/\"},{\"@type\":\"ListItem\",\"position\":3,\"name\":\"Histoire\"}]},{\"@type\":\"WebSite\",\"@id\":\"https:\/\/schweiz.rockyourlife.org\/#website\",\"url\":\"https:\/\/schweiz.rockyourlife.org\/\",\"name\":\"ROCK YOUR LIFE! Schweiz\",\"description\":\"Mentoring f\u00fcr Jugendliche\",\"potentialAction\":[{\"@type\":\"SearchAction\",\"target\":{\"@type\":\"EntryPoint\",\"urlTemplate\":\"https:\/\/schweiz.rockyourlife.org\/?s={search_term_string}\"},\"query-input\":{\"@type\":\"PropertyValueSpecification\",\"valueRequired\":true,\"valueName\":\"search_term_string\"}}],\"inLanguage\":\"fr-FR\"}]}<\/script>\n<!-- \/ Yoast SEO plugin. -->","yoast_head_json":{"title":"Histoire - ROCK YOUR LIFE! Schweiz","robots":{"index":"index","follow":"follow","max-snippet":"max-snippet:-1","max-image-preview":"max-image-preview:large","max-video-preview":"max-video-preview:-1"},"canonical":"https:\/\/schweiz.rockyourlife.org\/fr\/das-sind-wir-franz\/histoire\/","og_locale":"fr_FR","og_type":"article","og_title":"Histoire - ROCK YOUR LIFE! Schweiz","og_description":"HistoireL'\u00e9ducation ouvre la voie \u00e0 l'avenir pour chaque individu et pour la soci\u00e9t\u00e9. En Suisse, les \u00e9l\u00e8ves doivent choisir d\u00e8s l\u2019\u00e2ge de 14 ans une solution de transition appropri\u00e9e apr\u00e8s l\u2019\u00e9cole. Une t\u00e2che difficile, car en plus des \u00e9coles secondaires, il existe plus de 250 apprentissages diff\u00e9rents.En Suisse, environ 12% des \u00e9l\u00e8ves ne trouvent pas [&hellip;]","og_url":"https:\/\/schweiz.rockyourlife.org\/fr\/das-sind-wir-franz\/histoire\/","og_site_name":"ROCK YOUR LIFE! Schweiz","article_modified_time":"2025-07-01T13:31:19+00:00","twitter_card":"summary_large_image","twitter_misc":{"Dur\u00e9e de lecture estim\u00e9e":"25 minutes"},"schema":{"@context":"https:\/\/schema.org","@graph":[{"@type":"WebPage","@id":"https:\/\/schweiz.rockyourlife.org\/fr\/das-sind-wir-franz\/histoire\/","url":"https:\/\/schweiz.rockyourlife.org\/fr\/das-sind-wir-franz\/histoire\/","name":"Histoire - ROCK YOUR LIFE! Schweiz","isPartOf":{"@id":"https:\/\/schweiz.rockyourlife.org\/#website"},"datePublished":"2022-08-05T16:57:49+00:00","dateModified":"2025-07-01T13:31:19+00:00","breadcrumb":{"@id":"https:\/\/schweiz.rockyourlife.org\/fr\/das-sind-wir-franz\/histoire\/#breadcrumb"},"inLanguage":"fr-FR","potentialAction":[{"@type":"ReadAction","target":["https:\/\/schweiz.rockyourlife.org\/fr\/das-sind-wir-franz\/histoire\/"]}]},{"@type":"BreadcrumbList","@id":"https:\/\/schweiz.rockyourlife.org\/fr\/das-sind-wir-franz\/histoire\/#breadcrumb","itemListElement":[{"@type":"ListItem","position":1,"name":"Startseite","item":"https:\/\/schweiz.rockyourlife.org\/fr\/accueil\/"},{"@type":"ListItem","position":2,"name":"Qui nous sommes","item":"https:\/\/schweiz.rockyourlife.org\/fr\/das-sind-wir-franz\/"},{"@type":"ListItem","position":3,"name":"Histoire"}]},{"@type":"WebSite","@id":"https:\/\/schweiz.rockyourlife.org\/#website","url":"https:\/\/schweiz.rockyourlife.org\/","name":"ROCK YOUR LIFE! Schweiz","description":"Mentoring f\u00fcr Jugendliche","potentialAction":[{"@type":"SearchAction","target":{"@type":"EntryPoint","urlTemplate":"https:\/\/schweiz.rockyourlife.org\/?s={search_term_string}"},"query-input":{"@type":"PropertyValueSpecification","valueRequired":true,"valueName":"search_term_string"}}],"inLanguage":"fr-FR"}]}},"_links":{"self":[{"href":"https:\/\/schweiz.rockyourlife.org\/fr\/wp-json\/wp\/v2\/pages\/8099","targetHints":{"allow":["GET"]}}],"collection":[{"href":"https:\/\/schweiz.rockyourlife.org\/fr\/wp-json\/wp\/v2\/pages"}],"about":[{"href":"https:\/\/schweiz.rockyourlife.org\/fr\/wp-json\/wp\/v2\/types\/page"}],"author":[{"embeddable":true,"href":"https:\/\/schweiz.rockyourlife.org\/fr\/wp-json\/wp\/v2\/users\/50"}],"replies":[{"embeddable":true,"href":"https:\/\/schweiz.rockyourlife.org\/fr\/wp-json\/wp\/v2\/comments?post=8099"}],"version-history":[{"count":39,"href":"https:\/\/schweiz.rockyourlife.org\/fr\/wp-json\/wp\/v2\/pages\/8099\/revisions"}],"predecessor-version":[{"id":17870,"href":"https:\/\/schweiz.rockyourlife.org\/fr\/wp-json\/wp\/v2\/pages\/8099\/revisions\/17870"}],"up":[{"embeddable":true,"href":"https:\/\/schweiz.rockyourlife.org\/fr\/wp-json\/wp\/v2\/pages\/6317"}],"wp:attachment":[{"href":"https:\/\/schweiz.rockyourlife.org\/fr\/wp-json\/wp\/v2\/media?parent=8099"}],"curies":[{"name":"wp","href":"https:\/\/api.w.org\/{rel}","templated":true}]}}