{"id":8796,"date":"2022-08-23T19:20:22","date_gmt":"2022-08-23T17:20:22","guid":{"rendered":"https:\/\/schweiz.rockyourlife.org\/?page_id=8796"},"modified":"2025-11-19T23:08:47","modified_gmt":"2025-11-19T22:08:47","slug":"mentorat-pour-jeunes-refugies","status":"publish","type":"page","link":"https:\/\/schweiz.rockyourlife.org\/fr\/projet-integration\/mentorat-pour-jeunes-refugies\/","title":{"rendered":"Mentorat pour les jeunes issu\u00b7e\u00b7s de la migration"},"content":{"rendered":"<p>[et_pb_section fb_built=\u00a0\u00bb1&Prime; fullwidth=\u00a0\u00bbon\u00a0\u00bb _builder_version=\u00a0\u00bb4.27.0&Prime; _module_preset=\u00a0\u00bbdefault\u00a0\u00bb custom_margin=\u00a0\u00bb0px||0px||false|false\u00a0\u00bb custom_padding=\u00a0\u00bb0px||0px||false|false\u00a0\u00bb hover_enabled=\u00a0\u00bb0&Prime; global_colors_info=\u00a0\u00bb{}\u00a0\u00bb sticky_enabled=\u00a0\u00bb0&Prime;][et_pb_fullwidth_image src=\u00a0\u00bbhttps:\/\/schweiz.rockyourlife.org\/wp-content\/uploads\/sites\/47\/2023\/07\/RYL_Header_Integration.jpg\u00a0\u00bb title_text=\u00a0\u00bbRYL_Header_Int\u00e9gration\u00a0\u00bb _builder_version=\u00a0\u00bb4.22.2&Prime; _module_preset=\u00a0\u00bbdefault\u00a0\u00bb global_colors_info=\u00a0\u00bb{}\u00a0\u00bb][\/et_pb_fullwidth_image][\/et_pb_section][et_pb_section fb_built=\u00a0\u00bb1&Prime; _builder_version=\u00a0\u00bb4.18.0&Prime; background_color=\u00a0\u00bb#fcedea\u00a0\u00bb custom_padding=\u00a0\u00bb0|0px|0|0px|false|false\u00a0\u00bb global_colors_info=\u00a0\u00bb{}\u00a0\u00bb][et_pb_row _builder_version=\u00a0\u00bb4.16&Prime; custom_padding=\u00a0\u00bb27px|0px|30px|0px|false|false\u00a0\u00bb global_colors_info=\u00a0\u00bb{}\u00a0\u00bb][et_pb_column type=\u00a0\u00bb4_4&Prime; _builder_version=\u00a0\u00bb4.16&Prime; custom_padding=\u00a0\u00bb|||\u00a0\u00bb global_colors_info=\u00a0\u00bb{}\u00a0\u00bb custom_padding__hover=\u00a0\u00bb|||\u00a0\u00bb][et_pb_text module_class=\u00a0\u00bbryl-breadcrumb\u00a0\u00bb _builder_version=\u00a0\u00bb4.16&Prime; text_font=\u00a0\u00bb||||||||\u00a0\u00bb global_colors_info=\u00a0\u00bb{}\u00a0\u00bb] <span><span><a href=\"https:\/\/schweiz.rockyourlife.org\/fr\/accueil\/\">Startseite<\/a><\/span><\/span> [\/et_pb_text][\/et_pb_column][\/et_pb_row][\/et_pb_section][et_pb_section fb_built=\u00a0\u00bb1&Prime; _builder_version=\u00a0\u00bb4.27.0&Prime; background_color=\u00a0\u00bb#fcedea\u00a0\u00bb custom_margin=\u00a0\u00bb||||false|false\u00a0\u00bb custom_margin_tablet=\u00a0\u00bb\u00a0\u00bb custom_margin_phone=\u00a0\u00bb\u00a0\u00bb custom_margin_last_edited=\u00a0\u00bbon|desktop\u00a0\u00bb custom_padding=\u00a0\u00bb||0px||false|false\u00a0\u00bb hover_enabled=\u00a0\u00bb0&Prime; global_colors_info=\u00a0\u00bb{}\u00a0\u00bb sticky_enabled=\u00a0\u00bb0&Prime;][et_pb_row _builder_version=\u00a0\u00bb4.27.0&Prime; custom_padding=\u00a0\u00bb0px||||false|false\u00a0\u00bb hover_enabled=\u00a0\u00bb0&Prime; global_colors_info=\u00a0\u00bb{}\u00a0\u00bb sticky_enabled=\u00a0\u00bb0&Prime;][et_pb_column type=\u00a0\u00bb4_4&Prime; _builder_version=\u00a0\u00bb4.16&Prime; custom_padding=\u00a0\u00bb|||\u00a0\u00bb global_colors_info=\u00a0\u00bb{}\u00a0\u00bb custom_padding__hover=\u00a0\u00bb|||\u00a0\u00bb][et_pb_text _builder_version=\u00a0\u00bb4.27.0&Prime; header_font=\u00a0\u00bbRoboto Condensed||||||||\u00a0\u00bb custom_margin=\u00a0\u00bb||||false|false\u00a0\u00bb hover_enabled=\u00a0\u00bb0&Prime; global_colors_info=\u00a0\u00bb{}\u00a0\u00bb sticky_enabled=\u00a0\u00bb0&Prime; custom_padding=\u00a0\u00bb||||false|false\u00a0\u00bb]<\/p>\n<h2>MENTORAT POUR JEUNES ISSU\u00b7E\u00b7S DE LA MIGRATION<\/h2>\n<p>[\/et_pb_text][et_pb_text module_class=\u00a0\u00bblead\u00a0\u00bb _builder_version=\u00a0\u00bb4.27.0&Prime; hover_enabled=\u00a0\u00bb0&Prime; custom_css_main_element=\u00a0\u00bb -webkit-hyphens: auto;|| -ms-hyphens: auto;|| hyphens: auto;\u00a0\u00bb global_colors_info=\u00a0\u00bb{}\u00a0\u00bb sticky_enabled=\u00a0\u00bb0&Prime;]<\/p>\n<p>Accompagnement 1:1 pour l&rsquo;int\u00e9gration sociale et professionnelle.<\/p>\n<p>[\/et_pb_text][et_pb_text _builder_version=\u00a0\u00bb4.27.0&Prime; min_height=\u00a0\u00bb239px\u00a0\u00bb custom_margin=\u00a0\u00bb||35px|||\u00a0\u00bb custom_padding=\u00a0\u00bb||0px|||\u00a0\u00bb custom_css_main_element=\u00a0\u00bb -webkit-hyphens: auto;|| -ms-hyphens: auto;|| hyphens: auto;\u00a0\u00bb global_colors_info=\u00a0\u00bb{}\u00a0\u00bb]<\/p>\n<p style=\"text-align: justify\"><span>ROCK YOUR LIFE! est un programme de mentorat dans lequel les jeunes sont accompagn\u00e9s par des mentor\u00b7e\u00b7s b\u00e9n\u00e9voles. Depuis le projet pilote de Lucerne en 2021, les jeunes issu\u00b7e\u00b7s de la migration peuvent \u00e9galement participer au programme. Pendant un an, ils b\u00e9n\u00e9ficient d&rsquo;un soutien individuel pour am\u00e9liorer leurs comp\u00e9tences linguistiques et culturelles, d\u00e9couvrir le syst\u00e8me \u00e9ducatif et professionnel de la Suisse et prendre confiance en leurs propres capacit\u00e9s.  <\/span><\/p>\n<p style=\"text-align: justify\"><span>Les classes d&rsquo;int\u00e9gration, les foyers et les autorit\u00e9s ont un grand besoin d&rsquo;accompagnement individuel des jeunes r\u00e9fugi\u00e9\u00b7e\u00b7s. C&rsquo;est pourquoi, pour l&rsquo;ann\u00e9e de mentoring 2025, le programme sera propos\u00e9 dans huit des neuf centres ROCK YOUR LIFE! dans toute la Suisse. Il s&rsquo;agit de B\u00e2le, Berne, Coire, Lucerne, Saint-Gall et Zurich, soit six sites en Suisse al\u00e9manique, ainsi que des deux sites de Fribourg et Gen\u00e8ve en Suisse romande.   <\/span><\/p>\n<p>[\/et_pb_text][\/et_pb_column][\/et_pb_row][et_pb_row _builder_version=\u00a0\u00bb4.16&Prime; _module_preset=\u00a0\u00bbdefault\u00a0\u00bb global_colors_info=\u00a0\u00bb{}\u00a0\u00bb][et_pb_column type=\u00a0\u00bb4_4&Prime; _builder_version=\u00a0\u00bb4.16&Prime; _module_preset=\u00a0\u00bbdefault\u00a0\u00bb global_colors_info=\u00a0\u00bb{}\u00a0\u00bb][et_pb_testimonial author=\u00a0\u00bbMentee du projet d&apos;int\u00e9gration \u00a0\u00bb portrait_url=\u00a0\u00bbhttps:\/\/schweiz.rockyourlife.org\/wp-content\/uploads\/sites\/47\/2022\/08\/RYL-Mentoring-Integration-Fuer-unbegleitete-Minderjaehrige.jpg\u00a0\u00bb _builder_version=\u00a0\u00bb4.18.0&Prime; _module_preset=\u00a0\u00bbdefault\u00a0\u00bb background_color=\u00a0\u00bb#edb4ae\u00a0\u00bb global_colors_info=\u00a0\u00bb{}\u00a0\u00bb]<\/p>\n<p>\u00ab\u00a0Les ateliers RYL! m&rsquo;ont beaucoup aid\u00e9, par exemple pour le CV. Je ne savais pas comment \u00e9crire ce genre de chose. J&rsquo;ai donc \u00e9t\u00e9 content que mon mentor me soutienne dans cette d\u00e9marche\u00a0\u00bb.<\/p>\n<p>[\/et_pb_testimonial][\/et_pb_column][\/et_pb_row][et_pb_row module_id=\u00a0\u00bbEngagiere-dich\u00a0\u00bb _builder_version=\u00a0\u00bb4.16&Prime; _module_preset=\u00a0\u00bbdefault\u00a0\u00bb custom_padding=\u00a0\u00bb55px|||||\u00a0\u00bb global_colors_info=\u00a0\u00bb{}\u00a0\u00bb][et_pb_column type=\u00a0\u00bb4_4&Prime; _builder_version=\u00a0\u00bb4.16&Prime; _module_preset=\u00a0\u00bbdefault\u00a0\u00bb global_colors_info=\u00a0\u00bb{}\u00a0\u00bb][et_pb_text module_class=\u00a0\u00bblead\u00a0\u00bb _builder_version=\u00a0\u00bb4.16&Prime; custom_css_main_element=\u00a0\u00bb -webkit-hyphens: auto;|| -ms-hyphens: auto;|| hyphens: auto;\u00a0\u00bb global_colors_info=\u00a0\u00bb{}\u00a0\u00bb]<\/p>\n<p>Quels jeunes peuvent participer ?<\/p>\n<p>[\/et_pb_text][et_pb_text _builder_version=\u00a0\u00bb4.27.0&Prime; custom_margin=\u00a0\u00bb||||false|false\u00a0\u00bb custom_padding=\u00a0\u00bb||||false|false\u00a0\u00bb hover_enabled=\u00a0\u00bb0&Prime; custom_css_main_element=\u00a0\u00bb -webkit-hyphens: auto;|| -ms-hyphens: auto;|| hyphens: auto;\u00a0\u00bb global_colors_info=\u00a0\u00bb{}\u00a0\u00bb sticky_enabled=\u00a0\u00bb0&Prime;]<\/p>\n<p>Toutes et tous les jeunes qui souhaitent \u00eatre soutenu\u00b7e\u00b7s par une personne engag\u00e9e et b\u00e9n\u00e9vole (mentor\u00b7e). Ces jeunes doivent \u00eatre motiv\u00e9\u00b7e\u00b7s de rencontrer r\u00e9guli\u00e8rement leur\u00b7e mentor\u00b7e et de participer aux activit\u00e9s de ROCK YOUR LIFE! (3 jours). La participation aux formations est obligatoire. Il est recommand\u00e9 qu&rsquo;elles\u00b7ils poss\u00e8dent un niveau d&rsquo;allemand d&rsquo;au moins A2. Int\u00e9ress\u00e9\u00b7e ? Nous sommes heureux\u00b7euses d&rsquo;avoir de tes nouvelles.      <\/p>\n<p>[\/et_pb_text][et_pb_text module_class=\u00a0\u00bblead\u00a0\u00bb _builder_version=\u00a0\u00bb4.16&Prime; custom_css_main_element=\u00a0\u00bb -webkit-hyphens: auto;|| -ms-hyphens: auto;|| hyphens: auto;\u00a0\u00bb global_colors_info=\u00a0\u00bb{}\u00a0\u00bb]<\/p>\n<p>Quand commence la prochaine vol\u00e9e ?<\/p>\n<p>[\/et_pb_text][et_pb_text _builder_version=\u00a0\u00bb4.27.0&Prime; custom_margin=\u00a0\u00bb||||false|false\u00a0\u00bb custom_padding=\u00a0\u00bb||||false|false\u00a0\u00bb hover_enabled=\u00a0\u00bb0&Prime; custom_css_main_element=\u00a0\u00bb -webkit-hyphens: auto;|| -ms-hyphens: auto;|| hyphens: auto;\u00a0\u00bb global_colors_info=\u00a0\u00bb{}\u00a0\u00bb sticky_enabled=\u00a0\u00bb0&Prime;]<\/p>\n<p style=\"text-align: justify\"><span data-teams=\"true\">L&rsquo;ann\u00e9e de mentoring 2025 a d\u00e9but\u00e9 en mars 2025. Vous trouverez les informations sur l&rsquo;ann\u00e9e 2026 ici \u00e0 partir de l&rsquo;automne 2025. Vous avez d\u00e9j\u00e0 une question ? N&rsquo;h\u00e9sitez pas \u00e0 vous manifester aupr\u00e8s de <a href=\"mailto:schweiz@rockyourlife.org\">schweiz@rockyourlife.org.<\/a>   <\/span><\/p>\n<p>[\/et_pb_text][et_pb_text module_class=\u00a0\u00bblead\u00a0\u00bb _builder_version=\u00a0\u00bb4.27.0&Prime; custom_padding=\u00a0\u00bb||||false|false\u00a0\u00bb hover_enabled=\u00a0\u00bb0&Prime; custom_css_main_element=\u00a0\u00bb -webkit-hyphens: auto;|| -ms-hyphens: auto;|| hyphens: auto;\u00a0\u00bb global_colors_info=\u00a0\u00bb{}\u00a0\u00bb sticky_enabled=\u00a0\u00bb0&Prime;]<\/p>\n<p>En quoi consiste le mentorat ?<\/p>\n<p>[\/et_pb_text][et_pb_blurb use_icon=\u00a0\u00bbon\u00a0\u00bb font_icon=\u00a0\u00bb&#xf0a4;||fa||400&Prime; icon_color=\u00a0\u00bb#e9a19b\u00a0\u00bb icon_placement=\u00a0\u00bbleft\u00a0\u00bb content_max_width=\u00a0\u00bb1100px\u00a0\u00bb _builder_version=\u00a0\u00bb4.18.0&Prime; header_level=\u00a0\u00bbh5&Prime; header_font=\u00a0\u00bb||||||||\u00a0\u00bb body_font=\u00a0\u00bb||||||||\u00a0\u00bb body_line_height_tablet=\u00a0\u00bb1.8em\u00a0\u00bb body_line_height_last_edited=\u00a0\u00bboff|desktop\u00a0\u00bb custom_css_main_element=\u00a0\u00bb -webkit-hyphens: auto;|| -ms-hyphens: auto;|| hyphens: auto;\u00a0\u00bb global_colors_info=\u00a0\u00bb{}\u00a0\u00bb]<\/p>\n<p><strong>Rencontre en face-\u00e0-face <\/strong><br \/>Le plus important dans la relation de mentorat, ce sont les rencontres personnelles 1-\u00e0-1.<\/p>\n<p>[\/et_pb_blurb][et_pb_blurb use_icon=\u00a0\u00bbon\u00a0\u00bb font_icon=\u00a0\u00bb&#xf591;||fa||900&Prime; icon_color=\u00a0\u00bb#e9a19b\u00a0\u00bb icon_placement=\u00a0\u00bbleft\u00a0\u00bb content_max_width=\u00a0\u00bb1100px\u00a0\u00bb _builder_version=\u00a0\u00bb4.18.0&Prime; header_level=\u00a0\u00bbh5&Prime; header_font=\u00a0\u00bb||||||||\u00a0\u00bb body_font=\u00a0\u00bb||||||||\u00a0\u00bb body_line_height_tablet=\u00a0\u00bb1.8em\u00a0\u00bb body_line_height_last_edited=\u00a0\u00bboff|desktop\u00a0\u00bb custom_css_main_element=\u00a0\u00bb -webkit-hyphens: auto;|| -ms-hyphens: auto;|| hyphens: auto;\u00a0\u00bb global_colors_info=\u00a0\u00bb{}\u00a0\u00bb]<\/p>\n<p><strong>Formations de groupe RYL!  <\/strong><br \/>ROCK YOUR LIFE! propose des ateliers de formation en groupe, auxquelles toutes et tous les jeunes ainsi que leur\u00b7e\u00b7s mentor\u00b7e\u00b7s peuvent participer. Les participant\u00b7e\u00b7s y re\u00e7oivent des conseils pour consolider leur relation de mentorat et favoriser leur d\u00e9veloppement personnel. Des questions relatives au quotidien en Suisse sont \u00e9galement abord\u00e9es. Les participant\u00b7e\u00b7s apprennent \u00e0 se conna\u00eetre soi-m\u00eame, \u00e0 conna\u00eetre leurs forces et r\u00e9f\u00e9lchissent \u00e0 leurs objectifs futurs. La participation aux formations est obligatoire pour toutes et tous.    <\/p>\n<p>[\/et_pb_blurb][et_pb_blurb use_icon=\u00a0\u00bbon\u00a0\u00bb font_icon=\u00a0\u00bb&#xf433;||fa||900&Prime; icon_color=\u00a0\u00bb#e9a19b\u00a0\u00bb icon_placement=\u00a0\u00bbleft\u00a0\u00bb content_max_width=\u00a0\u00bb1100px\u00a0\u00bb _builder_version=\u00a0\u00bb4.18.0&Prime; header_level=\u00a0\u00bbh5&Prime; header_font=\u00a0\u00bb||||||||\u00a0\u00bb body_font=\u00a0\u00bb||||||||\u00a0\u00bb body_line_height_tablet=\u00a0\u00bb1.8em\u00a0\u00bb body_line_height_last_edited=\u00a0\u00bboff|desktop\u00a0\u00bb custom_css_main_element=\u00a0\u00bb -webkit-hyphens: auto;|| -ms-hyphens: auto;|| hyphens: auto;\u00a0\u00bb global_colors_info=\u00a0\u00bb{}\u00a0\u00bb]<\/p>\n<p><strong>Activit\u00e9s sportives et de loisirs &amp; \u00e9v\u00e8nements<\/strong><br \/>Il est \u00e9galement possible de participer \u00e0 des \u00e9v\u00e8nements de groupe tels qu&rsquo;un tournois sportif, une sortie \u00e0 la grimpe ou une journ\u00e9e fun juste avant les vacances d&rsquo;\u00e9t\u00e9.<\/p>\n<p>[\/et_pb_blurb][et_pb_blurb use_icon=\u00a0\u00bbon\u00a0\u00bb font_icon=\u00a0\u00bb&#xf52b;||fa||900&Prime; icon_color=\u00a0\u00bb#e9a19b\u00a0\u00bb icon_placement=\u00a0\u00bbleft\u00a0\u00bb content_max_width=\u00a0\u00bb1100px\u00a0\u00bb _builder_version=\u00a0\u00bb4.27.0&Prime; header_level=\u00a0\u00bbh5&Prime; header_font=\u00a0\u00bb||||||||\u00a0\u00bb body_font=\u00a0\u00bb||||||||\u00a0\u00bb hover_enabled=\u00a0\u00bb0&Prime; body_line_height_tablet=\u00a0\u00bb1.8em\u00a0\u00bb body_line_height_last_edited=\u00a0\u00bboff|desktop\u00a0\u00bb custom_css_main_element=\u00a0\u00bb -webkit-hyphens: auto;|| -ms-hyphens: auto;|| hyphens: auto;\u00a0\u00bb global_colors_info=\u00a0\u00bb{}\u00a0\u00bb sticky_enabled=\u00a0\u00bb0&Prime;]<\/p>\n<p><strong>Entreprises partenaires<\/strong><br \/>ROCK YOUR LIFE! collabore avec des entreprises partenaires. Par exemple, les jeunes peuvent y suivre un atelier. De pr\u00e9cieuses informations sur les multiples m\u00e9tiers et les diverses possibilit\u00e9s de formation au sein d&rsquo;une entreprise en Suisse y sont fournies.<\/p>\n<p>[\/et_pb_blurb][et_pb_button button_url=\u00a0\u00bbhttps:\/\/schweiz.rockyourlife.org\/fr\/projet-integration\/\u00a0\u00bb url_new_window=\u00a0\u00bbon\u00a0\u00bb button_text=\u00a0\u00bbEncore des questions? En savoir plus ici!\u00a0\u00bb button_alignment=\u00a0\u00bbcenter\u00a0\u00bb _builder_version=\u00a0\u00bb4.27.0&Prime; _module_preset=\u00a0\u00bbdefault\u00a0\u00bb custom_margin=\u00a0\u00bb||||false|false\u00a0\u00bb hover_enabled=\u00a0\u00bb0&Prime; global_colors_info=\u00a0\u00bb{}\u00a0\u00bb sticky_enabled=\u00a0\u00bb0&Prime;][\/et_pb_button][et_pb_divider color=\u00a0\u00bb#e8a19b\u00a0\u00bb _builder_version=\u00a0\u00bb4.18.0&Prime; _module_preset=\u00a0\u00bbdefault\u00a0\u00bb custom_padding=\u00a0\u00bb||0px|||\u00a0\u00bb global_colors_info=\u00a0\u00bb{}\u00a0\u00bb][\/et_pb_divider][\/et_pb_column][\/et_pb_row][\/et_pb_section][et_pb_section fb_built=\u00a0\u00bb1&Prime; _builder_version=\u00a0\u00bb4.18.0&Prime; background_color=\u00a0\u00bb#fcedea\u00a0\u00bb custom_margin=\u00a0\u00bb0px|||\u00a0\u00bb custom_margin_tablet=\u00a0\u00bb\u00a0\u00bb custom_margin_phone=\u00a0\u00bb\u00a0\u00bb custom_margin_last_edited=\u00a0\u00bbon|desktop\u00a0\u00bb custom_padding=\u00a0\u00bb0|0px|45px|0px|false|false\u00a0\u00bb global_colors_info=\u00a0\u00bb{}\u00a0\u00bb][et_pb_row module_id=\u00a0\u00bbpartnerschulen\u00a0\u00bb _builder_version=\u00a0\u00bb4.16&Prime; custom_padding=\u00a0\u00bb30px|0px|0|0px|false|false\u00a0\u00bb global_colors_info=\u00a0\u00bb{}\u00a0\u00bb][et_pb_column type=\u00a0\u00bb4_4&Prime; _builder_version=\u00a0\u00bb4.16&Prime; custom_padding=\u00a0\u00bb|||\u00a0\u00bb global_colors_info=\u00a0\u00bb{}\u00a0\u00bb custom_padding__hover=\u00a0\u00bb|||\u00a0\u00bb][et_pb_text module_class=\u00a0\u00bblead\u00a0\u00bb _builder_version=\u00a0\u00bb4.27.0&Prime; custom_margin=\u00a0\u00bb||5px|||\u00a0\u00bb hover_enabled=\u00a0\u00bb0&Prime; custom_css_main_element=\u00a0\u00bb -webkit-hyphens: auto;|| -ms-hyphens: auto;|| hyphens: auto;\u00a0\u00bb global_colors_info=\u00a0\u00bb{}\u00a0\u00bb sticky_enabled=\u00a0\u00bb0&Prime;]<\/p>\n<h3>Responsables du projet<\/h3>\n<p>[\/et_pb_text][et_pb_code _builder_version=\u00a0\u00bb4.27.0&Prime; _module_preset=\u00a0\u00bbdefault\u00a0\u00bb custom_margin=\u00a0\u00bb||||false|false\u00a0\u00bb custom_padding=\u00a0\u00bb||||false|false\u00a0\u00bb hover_enabled=\u00a0\u00bb0&Prime; global_colors_info=\u00a0\u00bb{}\u00a0\u00bb sticky_enabled=\u00a0\u00bb0&Prime;]<div id=\"awsm-team-8825\" class=\"awsm-grid-wrapper\">\n\t\t\t<div class=\"gridder awsm-grid drawer-style style-2 grid-4-col \">\n\t\t\t\t\t\t\t<div id=\"awsm-member-8825-16623\" class=\"awsm-grid-list awsm-grid-card\" data-griddercontent=\"#awsm-grid-content-16623\">\n                    <a href=\"#\">\n                        <figure>\n                                <img decoding=\"async\" src=\"https:\/\/schweiz.rockyourlife.org\/wp-content\/uploads\/sites\/47\/2025\/05\/RYL_Integration_Andrea_Ruckstuhl-500x500.jpg\" alt=\"Andrea Ruckstuhl\">\n                                <figcaption>\n                                    <div class=\"awsm-personal-info\">\n                                        <span>Responsable de l'int\u00e9gration<\/span>                                        <h3>Andrea Ruckstuhl<\/h3>\n                                    <\/div>\n                                <\/figcaption>\n                        <\/figure>\n                    <\/a>\n                <\/div>\n\t\t\t\t\t\t\t<div id=\"awsm-member-8825-8220\" class=\"awsm-grid-list awsm-grid-card\" data-griddercontent=\"#awsm-grid-content-8220\">\n                    <a href=\"#\">\n                        <figure>\n                                <img decoding=\"async\" src=\"https:\/\/schweiz.rockyourlife.org\/wp-content\/uploads\/sites\/47\/2025\/05\/RYL_Team_Catherine_Fournier-500x500.jpg\" alt=\"Catherine Fournier\">\n                                <figcaption>\n                                    <div class=\"awsm-personal-info\">\n                                        <span>Co-responsable Int\u00e9gration \/ Suisse romande<\/span>                                        <h3>Catherine Fournier<\/h3>\n                                    <\/div>\n                                <\/figcaption>\n                        <\/figure>\n                    <\/a>\n                <\/div>\n\t\t\t\t\t\t\t<div id=\"awsm-member-8825-18005\" class=\"awsm-grid-list awsm-grid-card\" data-griddercontent=\"#awsm-grid-content-18005\">\n                    <a href=\"#\">\n                        <figure>\n                                <img decoding=\"async\" src=\"https:\/\/schweiz.rockyourlife.org\/wp-content\/uploads\/sites\/47\/2025\/07\/RYL_Integration_Lara_Robbiani.png\" alt=\"Lara Robbiani\">\n                                <figcaption>\n                                    <div class=\"awsm-personal-info\">\n                                        <span>Responsable du mentorat pour jeunes issu\u00b7e\u00b7s de la migration Suisse italienne<\/span>                                        <h3>Lara Robbiani<\/h3>\n                                    <\/div>\n                                <\/figcaption>\n                        <\/figure>\n                    <\/a>\n                <\/div>\n\t\t\t\t\t<\/div>\n\t\t<div class=\"awsm-grid-expander style-1\">\n\t\t\t\t\t\t<div id=\"awsm-member-info-8825-16623\"  class=\"awsm-grid-expander style-2\">\n\t\t\t\t<div class=\"awsm-detailed-info\" id=\"awsm-grid-content-16623\">\n\t\t\t\t    <div class=\"awsm-details\">\n\t\t\t\t        <div class=\"awsm-personal-details\">\n\t\t\t\t            <div class=\"awsm-content-scrollbar\">\n\t\t\t\t                <span>Responsable de l'int\u00e9gration<\/span><h2>Andrea Ruckstuhl<\/h2><p>Andrea Ruckstuhl coordonne, en tant que responsable du programme Int\u00e9gration, les services propos\u00e9s aux jeunes r\u00e9fugi\u00e9s dans les sites RYL! de Suisse al\u00e9manique. Depuis un peu plus de 30 ans, il encourage le potentiel des jeunes dans le cadre de leur formation scolaire ou professionnelle. En formant, en conseillant, en enthousiasmant. Notamment en tant que professeur de lyc\u00e9e et directeur de Job Caddie, un programme de mentorat pour les apprentis apr\u00e8s une rupture de contrat d&rsquo;apprentissage. Il se sent \u00e0 l&rsquo;aise avec les gens qui ont de l&rsquo;humour, qui sont inform\u00e9s et qui ont un esprit critique, et il aime jardiner pour la vie. Il a \u00e9tudi\u00e9 les langues et litt\u00e9ratures allemandes et slaves et a ensuite obtenu un master en gestion administrative.<\/p>\n\t\t\t\t            <\/div>\n\t\t\t\t        <\/div>\n\t\t\t\t    <\/div>\n\t\t\t\t    <div class=\"awsm-personal-contact-info\">\n\t\t\t\t       <div class=\"awsm-contact-details\"><p><span>Email:<\/span><a href=\"mailto:andrea.ruckstuhl@rockyourlife.org\">andrea.ruckstuhl@rockyourlife.org<\/a><\/p><\/div>\t\t\t\t    <\/div>\n\t\t\t\t<\/div>\n\t\t\t<\/div>\n\t\t\t\t\t\t<div id=\"awsm-member-info-8825-8220\"  class=\"awsm-grid-expander style-2\">\n\t\t\t\t<div class=\"awsm-detailed-info\" id=\"awsm-grid-content-8220\">\n\t\t\t\t    <div class=\"awsm-details\">\n\t\t\t\t        <div class=\"awsm-personal-details\">\n\t\t\t\t            <div class=\"awsm-content-scrollbar\">\n\t\t\t\t                <span>Co-responsable Int\u00e9gration \/ Suisse romande<\/span><h2>Catherine Fournier<\/h2><p>Catherine Fournier travaille chez RYL! en tant que co-chef de projet Int\u00e9gration et Suisse romande. Elle a \u00e9tudi\u00e9 les sciences sociales ainsi que la gestion du sport et des loisirs \u00e0 Lausanne. Apr\u00e8s son master, elle a effectu\u00e9 plusieurs stages dans diff\u00e9rentes fondations en Afrique du Sud et aux Pays-Bas. Les projets qui se focalisent sur l&rsquo;inclusion, l&rsquo;int\u00e9gration, l&rsquo;\u00e9ducation, l&rsquo;\u00e9galit\u00e9 des chances ou l&rsquo;environnement, lui tiennent particuli\u00e8rement \u00e0 c\u0153ur ! En plus de son activit\u00e9 chez RYL!, Catherine s&rsquo;engage aupr\u00e8s de Sport &amp; Sustainability International<i> <\/i>et fait partie de l&rsquo;\u00e9quipe Football4Climate. Pendant son temps libre, elle aime d\u00e9couvrir le monde, passer du temps dans la nature et pratiquer des activit\u00e9s de plein air.<\/p>\n<p>.<\/p>\n\t\t\t\t            <\/div>\n\t\t\t\t        <\/div>\n\t\t\t\t    <\/div>\n\t\t\t\t    <div class=\"awsm-personal-contact-info\">\n\t\t\t\t       <div class=\"awsm-contact-details\"><p><span>Mail:<\/span><a href=\"mailto:catherine.fournier@rockyourlife.org\">catherine.fournier@rockyourlife.org<\/a><\/p><\/div>\t\t\t\t    <\/div>\n\t\t\t\t<\/div>\n\t\t\t<\/div>\n\t\t\t\t\t\t<div id=\"awsm-member-info-8825-18005\"  class=\"awsm-grid-expander style-2\">\n\t\t\t\t<div class=\"awsm-detailed-info\" id=\"awsm-grid-content-18005\">\n\t\t\t\t    <div class=\"awsm-details\">\n\t\t\t\t        <div class=\"awsm-personal-details\">\n\t\t\t\t            <div class=\"awsm-content-scrollbar\">\n\t\t\t\t                <span>Responsable du mentorat pour jeunes issu\u00b7e\u00b7s de la migration Suisse italienne<\/span><h2>Lara Robbiani<\/h2><p style=\"font-weight: 400\">Depuis le 1er juillet 2025, Lara Robbiani a \u00e9t\u00e9 engag\u00e9e chez RYL! en tant que responsable du mentorat pour jeunes issu\u00b7e\u00b7s de la migration de la Suisse italienne.<\/p>\n<p style=\"font-weight: 400\">Lara a fond\u00e9 puis coordonn\u00e9 l&rsquo;association DaRe (Diritto a Restare = Droit de rester), bas\u00e9e \u00e0 Bellinzone, pendant dix ans. Le projet \u0153uvre pour l&rsquo;accueil et l&rsquo;int\u00e9gration sociale de personnes en difficult\u00e9 ou issues de la migration. En 2023, apr\u00e8s des ann\u00e9es d&rsquo;exp\u00e9rience sur le terrain, elle a obtenu son brevet f\u00e9d\u00e9ral de Sp\u00e9cialiste en migration. <\/p>\n<p style=\"font-weight: 400\">L&rsquo;accueil est son point fort : de nombreux enjeux tournent autour de cet aspect fondamental dans notre soci\u00e9t\u00e9, parce que l&rsquo;int\u00e9gration est un processus \u00e9gal et r\u00e9ciproque. Avant de se consacrer \u00e0 plein temps \u00e0 ce domaine, elle a, en effet, \u00e9t\u00e9 pendant plusieurs ann\u00e9es co-responsable des Botteghe del mondo \u00e0 Locarno. En 2018, elle a obtenu un CAS en Coop\u00e9ration et D\u00e9veloppement \u00e0 la SUPSI.  <\/p>\n<p><span style=\"font-weight: 400\">Lara se r\u00e9jouit de ce nouveau d\u00e9fi avec ROCK YOUR LIFE!. Elle est convaincue que les jeunes sont un atout pr\u00e9cieux pour notre soci\u00e9t\u00e9 actuelle et future !<\/span><\/p>\n\t\t\t\t            <\/div>\n\t\t\t\t        <\/div>\n\t\t\t\t    <\/div>\n\t\t\t\t    <div class=\"awsm-personal-contact-info\">\n\t\t\t\t       <div class=\"awsm-contact-details\"><p><span>Mail:<\/span><a href=\"mailto:lara.robbiani@rockyourlife.org\">lara.robbiani@rockyourlife.org<\/a><\/p><\/div>\t\t\t\t    <\/div>\n\t\t\t\t<\/div>\n\t\t\t<\/div>\n\t\t\t\t\t<\/div>\n\t\t\n<\/div>[\/et_pb_code][et_pb_text _builder_version=\u00a0\u00bb4.27.0&Prime; custom_margin=\u00a0\u00bb||||false|false\u00a0\u00bb custom_padding=\u00a0\u00bb||||false|false\u00a0\u00bb hover_enabled=\u00a0\u00bb0&Prime; custom_css_main_element=\u00a0\u00bb -webkit-hyphens: auto;|| -ms-hyphens: auto;|| hyphens: auto;\u00a0\u00bb global_colors_info=\u00a0\u00bb{}\u00a0\u00bb sticky_enabled=\u00a0\u00bb0&Prime;]<\/p>\n<p>Si vous avez des questions sur le mentorat d&rsquo;int\u00e9gration ou si vous souhaitez vous engager dans le projet d&rsquo;int\u00e9gration au sein des \u00e9quipes de site, il vous suffit de contacter Andrea (DE), Catherine (FR) ou Lara (IT) :<\/p>\n<p><a href=\"mailto:andrea.ruckstuhl@rockyourlife.org\">\u2192 andrea.ruckstuhl@rockyourlife.org<\/a><br \/><a href=\"mailto:catherine.fournier@rockyourlife.org\">\u2192 catherine.fournier@rockyourlife.org<\/a><br \/><a href=\"mailto:lara.robbiani@rockyourlife.org\">\u2192 lara.robbiani@rockyourlife.org<\/a><\/p>\n<p>[\/et_pb_text][et_pb_divider color=\u00a0\u00bb#e8a19b\u00a0\u00bb _builder_version=\u00a0\u00bb4.18.0&Prime; _module_preset=\u00a0\u00bbdefault\u00a0\u00bb custom_padding=\u00a0\u00bb||0px|||\u00a0\u00bb global_colors_info=\u00a0\u00bb{}\u00a0\u00bb][\/et_pb_divider][\/et_pb_column][\/et_pb_row][et_pb_row module_id=\u00a0\u00bbJG\u00a0\u00bb _builder_version=\u00a0\u00bb4.27.0&Prime; custom_margin=\u00a0\u00bb||||false|false\u00a0\u00bb custom_padding=\u00a0\u00bb||||false|false\u00a0\u00bb hover_enabled=\u00a0\u00bb0&Prime; global_colors_info=\u00a0\u00bb{}\u00a0\u00bb sticky_enabled=\u00a0\u00bb0&Prime;][et_pb_column type=\u00a0\u00bb4_4&Prime; _builder_version=\u00a0\u00bb4.16&Prime; custom_padding=\u00a0\u00bb|||\u00a0\u00bb global_colors_info=\u00a0\u00bb{}\u00a0\u00bb custom_padding__hover=\u00a0\u00bb|||\u00a0\u00bb][et_pb_text module_class=\u00a0\u00bblead\u00a0\u00bb _builder_version=\u00a0\u00bb4.27.0&Prime; custom_margin=\u00a0\u00bb||||false|false\u00a0\u00bb hover_enabled=\u00a0\u00bb0&Prime; custom_css_main_element=\u00a0\u00bb -webkit-hyphens: auto;|| -ms-hyphens: auto;|| hyphens: auto;\u00a0\u00bb global_colors_info=\u00a0\u00bb{}\u00a0\u00bb sticky_enabled=\u00a0\u00bb0&Prime;]<\/p>\n<h3>Aper\u00e7u du projet d&rsquo;int\u00e9gration<\/h3>\n<p>[\/et_pb_text][et_pb_gallery gallery_ids=\u00a0\u00bb8859,6824,8856,6730,6748,6775,6751&Prime; fullwidth=\u00a0\u00bbon\u00a0\u00bb _builder_version=\u00a0\u00bb4.27.0&Prime; _module_preset=\u00a0\u00bbdefault\u00a0\u00bb hover_enabled=\u00a0\u00bb0&Prime; global_colors_info=\u00a0\u00bb{}\u00a0\u00bb gallery_orderby=\u00a0\u00bbrand\u00a0\u00bb max_width=\u00a0\u00bb80%\u00a0\u00bb module_alignment=\u00a0\u00bbcenter\u00a0\u00bb sticky_enabled=\u00a0\u00bb0&Prime;][\/et_pb_gallery][et_pb_tabs disabled_on=\u00a0\u00bbon|on|on\u00a0\u00bb module_id=\u00a0\u00bbJG-Termine\u00a0\u00bb _builder_version=\u00a0\u00bb4.17.4&Prime; _module_preset=\u00a0\u00bbdefault\u00a0\u00bb custom_margin=\u00a0\u00bb||55px|||\u00a0\u00bb disabled=\u00a0\u00bbon\u00a0\u00bb global_colors_info=\u00a0\u00bb{}\u00a0\u00bb][et_pb_tab title=\u00a0\u00bbPromotion 2021-2023&Prime; _builder_version=\u00a0\u00bb4.17.4&Prime; _module_preset=\u00a0\u00bbdefault\u00a0\u00bb global_colors_info=\u00a0\u00bb{}\u00a0\u00bb]<\/p>\n<p><strong>05.02.2022<\/strong> Pr\u00e9formation mentor\u00b7e\u00b7s<br \/><strong>12.02.2022<\/strong> Matching et atelier de formation \u00abKICK OFF\u00bb<br \/><strong>22.02.2022 <\/strong> Atelier d&rsquo;information CIP<br \/><strong>19.03.2022<\/strong> Atelier de formation \u00abJOB COACH\u00bb<span><br \/><strong>29.03.2022 <\/strong>Soir\u00e9e de r\u00e9flexion mentor\u00b7e\u00b7s<br \/><strong>29.03.2022 <\/strong><\/span>Table ronde<span><br \/><\/span><strong>07.05.2022<\/strong> Atelier de formation \u00abTON CHEMIN\u00bb, tandem (matin\u00e9e), menor\u00b7e\u00b7s (apr\u00e8s-midi)<br \/><span><strong>07.05.022 <\/strong>Table ronde<\/span><br \/><span><strong>21.05.2022 <\/strong>Activit\u00e9 de loisirs<br \/><\/span><span><strong>04.06.2022<\/strong> Atelier de fomation \u00abHORS DE TA ZONE DE CONFORT\u00bb, tandem (matin), mentor\u00b7e\u00b7s (apr\u00e8s-midi)<\/span><br \/><strong>20.08.2022<\/strong> Nationales RYL! Netzwerktreffen <br \/><strong>07.09.2022<\/strong> Atelier de formation avec des entreprises partenaires<br \/><span><strong>13.09.2022 <\/strong>Table ronde<br \/><strong>11.03.2023 <\/strong>Activit\u00e9 de loisirs<br \/><strong>18.04.2022 <\/strong>Table ronde<\/span><br \/><strong>13.05.2023<\/strong> C\u00e9r\u00e9monie de remise des certificats<\/p>\n<p>[\/et_pb_tab][et_pb_tab title=\u00a0\u00bbPromotion 2020-2022&Prime; _builder_version=\u00a0\u00bb4.17.3&Prime; _module_preset=\u00a0\u00bbdefault\u00a0\u00bb global_colors_info=\u00a0\u00bb{}\u00a0\u00bb]<\/p>\n<p><span><strong>06.02.2021 <\/strong>Matching<br \/><\/span><strong>06.02.2021<\/strong> Atelier de formation \u00abKICK OFF\u00bb<br \/><strong>22.02.2021<\/strong> Atelier d&rsquo;information CIP<br \/><strong>06.03.2021<\/strong> Atelier de formation \u00abJOB COACH\u00bb &#8211; Partie 1<br \/><strong>07.04.2021<\/strong> Atelier de formation avec des entreprises partenaires<span style=\"color: #000000\"> (UBS)<\/span><br \/><span style=\"color: #000000\"><strong>24.04.2021<\/strong> Atelier de formation \u00abJOB COACH\u00bb &#8211; Partie 2<\/span><br \/><span style=\"color: #000000\"><strong>24.04.2021<\/strong> Soir\u00e9e de r\u00e9flexion pour mentor\u00b7e\u00b7s<\/span><br \/><span style=\"color: #000000\"><strong>01.05.2021<\/strong> Atelier de formation \u00abTON CHEMIN\u00bb \u2013 Partie 1<\/span><br \/><strong>05.06.2021<\/strong> Activit\u00e9 de loisirs<br \/><strong>21.08.2021<\/strong> Nationales RYL! Netzwerktreffen <br \/><strong>18.09.2021<\/strong> Atelier de formation \u00abTON CHEMIN\u00bb &#8211; Partie 2<br \/><strong>19.09.2021<\/strong> Table ronde<br \/><strong>27.11.2021<\/strong> Activit\u00e9 de loisirs<br \/><strong>06.12.2021<\/strong> Table ronde<br \/><strong>12.03.2022<\/strong> Activit\u00e9 de loisirs<strong><br \/>11.04.2022<\/strong> Table ronde<br \/><strong>14.05.2022<\/strong> C\u00e9r\u00e9monie de remise des certificats<\/p>\n<p>[\/et_pb_tab][\/et_pb_tabs][\/et_pb_column][\/et_pb_row][\/et_pb_section][et_pb_section fb_built=\u00a0\u00bb1&Prime; disabled_on=\u00a0\u00bbon|on|on\u00a0\u00bb _builder_version=\u00a0\u00bb4.16&Prime; background_color=\u00a0\u00bb#FFFFFF\u00a0\u00bb disabled=\u00a0\u00bbon\u00a0\u00bb global_colors_info=\u00a0\u00bb{}\u00a0\u00bb][et_pb_row _builder_version=\u00a0\u00bb4.16&Prime; _module_preset=\u00a0\u00bbdefault\u00a0\u00bb global_colors_info=\u00a0\u00bb{}\u00a0\u00bb][et_pb_column type=\u00a0\u00bb4_4&Prime; _builder_version=\u00a0\u00bb4.16&Prime; _module_preset=\u00a0\u00bbdefault\u00a0\u00bb global_colors_info=\u00a0\u00bb{}\u00a0\u00bb][et_pb_text module_class=\u00a0\u00bblead\u00a0\u00bb _builder_version=\u00a0\u00bb4.16&Prime; _module_preset=\u00a0\u00bbdefault\u00a0\u00bb min_height=\u00a0\u00bb42.5px\u00a0\u00bb global_colors_info=\u00a0\u00bb{}\u00a0\u00bb]<\/p>\n<p>Partenaires de ROCK YOUR LIFE! St-Gall<\/p>\n<p>[\/et_pb_text][\/et_pb_column][\/et_pb_row][et_pb_row column_structure=\u00a0\u00bb1_5,1_5,1_5,1_5,1_5&Prime; _builder_version=\u00a0\u00bb4.16&Prime; _module_preset=\u00a0\u00bbdefault\u00a0\u00bb custom_padding=\u00a0\u00bb5px||12px||false|\u00a0\u00bb global_colors_info=\u00a0\u00bb{}\u00a0\u00bb][et_pb_column type=\u00a0\u00bb1_5&Prime; _builder_version=\u00a0\u00bb4.16&Prime; _module_preset=\u00a0\u00bbdefault\u00a0\u00bb global_colors_info=\u00a0\u00bb{}\u00a0\u00bb][et_pb_image src=\u00a0\u00bbhttps:\/\/schweiz.rockyourlife.org\/wp-content\/uploads\/sites\/47\/2019\/07\/RYL-Mentoring-Schweiz_Kantonsspital-St-Gallen.png\u00a0\u00bb alt=\u00a0\u00bbRYL Mentoring Partner Bangerter-Rhyner Stiftung\u00a0\u00bb title_text=\u00a0\u00bbRYL-Mentoring-Suisse_H\u00f4pital cantonal de Saint-Gall\u00a0\u00bb _builder_version=\u00a0\u00bb4.16&Prime; _module_preset=\u00a0\u00bbdefault\u00a0\u00bb global_colors_info=\u00a0\u00bb{}\u00a0\u00bb][\/et_pb_image][\/et_pb_column][et_pb_column type=\u00a0\u00bb1_5&Prime; _builder_version=\u00a0\u00bb4.16&Prime; _module_preset=\u00a0\u00bbdefault\u00a0\u00bb global_colors_info=\u00a0\u00bb{}\u00a0\u00bb][et_pb_image src=\u00a0\u00bbhttps:\/\/schweiz.rockyourlife.org\/wp-content\/uploads\/sites\/47\/2021\/05\/RYL-Mentoring-Schweiz_PU-ProJuventute.png\u00a0\u00bb alt=\u00a0\u00bbRYL Mentoring Suisse Entreprise partenaire Pro Juventute\u00a0\u00bb title_text=\u00a0\u00bbRYL-Mentoring-Suisse_PU-ProJuventute\u00a0\u00bb _builder_version=\u00a0\u00bb4.16&Prime; _module_preset=\u00a0\u00bbdefault\u00a0\u00bb global_colors_info=\u00a0\u00bb{}\u00a0\u00bb][\/et_pb_image][\/et_pb_column][et_pb_column type=\u00a0\u00bb1_5&Prime; _builder_version=\u00a0\u00bb4.16&Prime; _module_preset=\u00a0\u00bbdefault\u00a0\u00bb global_colors_info=\u00a0\u00bb{}\u00a0\u00bb][\/et_pb_column][et_pb_column type=\u00a0\u00bb1_5&Prime; _builder_version=\u00a0\u00bb4.16&Prime; _module_preset=\u00a0\u00bbdefault\u00a0\u00bb global_colors_info=\u00a0\u00bb{}\u00a0\u00bb][\/et_pb_column][et_pb_column type=\u00a0\u00bb1_5&Prime; _builder_version=\u00a0\u00bb4.16&Prime; _module_preset=\u00a0\u00bbdefault\u00a0\u00bb global_colors_info=\u00a0\u00bb{}\u00a0\u00bb][\/et_pb_column][\/et_pb_row][et_pb_row _builder_version=\u00a0\u00bb4.16&Prime; _module_preset=\u00a0\u00bbdefault\u00a0\u00bb global_colors_info=\u00a0\u00bb{}\u00a0\u00bb][et_pb_column type=\u00a0\u00bb4_4&Prime; _builder_version=\u00a0\u00bb4.16&Prime; _module_preset=\u00a0\u00bbdefault\u00a0\u00bb global_colors_info=\u00a0\u00bb{}\u00a0\u00bb][et_pb_text module_class=\u00a0\u00bblead\u00a0\u00bb _builder_version=\u00a0\u00bb4.16&Prime; _module_preset=\u00a0\u00bbdefault\u00a0\u00bb min_height=\u00a0\u00bb42.5px\u00a0\u00bb global_colors_info=\u00a0\u00bb{}\u00a0\u00bb]<\/p>\n<p>M\u00e9c\u00e8nes de ROCK YOUR LIFE! St-Gall<\/p>\n<p>[\/et_pb_text][\/et_pb_column][\/et_pb_row][et_pb_row column_structure=\u00a0\u00bb1_5,1_5,1_5,1_5,1_5&Prime; _builder_version=\u00a0\u00bb4.16&Prime; _module_preset=\u00a0\u00bbdefault\u00a0\u00bb custom_padding=\u00a0\u00bb5px||12px||false|\u00a0\u00bb global_colors_info=\u00a0\u00bb{}\u00a0\u00bb][et_pb_column type=\u00a0\u00bb1_5&Prime; _builder_version=\u00a0\u00bb4.16&Prime; _module_preset=\u00a0\u00bbdefault\u00a0\u00bb global_colors_info=\u00a0\u00bb{}\u00a0\u00bb][et_pb_image src=\u00a0\u00bbhttps:\/\/schweiz.rockyourlife.org\/wp-content\/uploads\/sites\/47\/2019\/12\/RYL-Mentoring-Schweiz_Metrohm-Stiftung.png\u00a0\u00bb alt=\u00a0\u00bbRYL Mentoring Partner Bangerter-Rhyner Stiftung\u00a0\u00bb title_text=\u00a0\u00bbRYL-Mentoring-Suisse_Fondation Metrohm\u00a0\u00bb _builder_version=\u00a0\u00bb4.16&Prime; _module_preset=\u00a0\u00bbdefault\u00a0\u00bb global_colors_info=\u00a0\u00bb{}\u00a0\u00bb][\/et_pb_image][\/et_pb_column][et_pb_column type=\u00a0\u00bb1_5&Prime; _builder_version=\u00a0\u00bb4.16&Prime; _module_preset=\u00a0\u00bbdefault\u00a0\u00bb global_colors_info=\u00a0\u00bb{}\u00a0\u00bb][et_pb_image src=\u00a0\u00bbhttps:\/\/schweiz.rockyourlife.org\/wp-content\/uploads\/sites\/47\/2019\/06\/RYL-Mentoring-Schweiz_Schmidheinysche-Stiftung.png\u00a0\u00bb alt=\u00a0\u00bbRYL Foerderpartner Fondation Rudolf et Ursula Streit\u00a0\u00bb title_text=\u00a0\u00bbRYL-Mentoring-Suisse_Fondation Schmidheinysche\u00a0\u00bb _builder_version=\u00a0\u00bb4.16&Prime; _module_preset=\u00a0\u00bbdefault\u00a0\u00bb global_colors_info=\u00a0\u00bb{}\u00a0\u00bb][\/et_pb_image][\/et_pb_column][et_pb_column type=\u00a0\u00bb1_5&Prime; _builder_version=\u00a0\u00bb4.16&Prime; _module_preset=\u00a0\u00bbdefault\u00a0\u00bb global_colors_info=\u00a0\u00bb{}\u00a0\u00bb][et_pb_image src=\u00a0\u00bbhttps:\/\/schweiz.rockyourlife.org\/wp-content\/uploads\/sites\/47\/2019\/07\/RYL-Mentoring-Schweiz_Lienhard-Stiftung.png\u00a0\u00bb title_text=\u00a0\u00bbFondation RYL-Mentoring-Suisse_Lienhard\u00a0\u00bb _builder_version=\u00a0\u00bb4.16&Prime; _module_preset=\u00a0\u00bbdefault\u00a0\u00bb global_colors_info=\u00a0\u00bb{}\u00a0\u00bb][\/et_pb_image][\/et_pb_column][et_pb_column type=\u00a0\u00bb1_5&Prime; _builder_version=\u00a0\u00bb4.16&Prime; _module_preset=\u00a0\u00bbdefault\u00a0\u00bb global_colors_info=\u00a0\u00bb{}\u00a0\u00bb][et_pb_image src=\u00a0\u00bbhttps:\/\/schweiz.rockyourlife.org\/wp-content\/uploads\/sites\/47\/2019\/04\/RYL-Mentoring_Schweiz_Arnold-Billwiller-Stiftung.png\u00a0\u00bb title_text=\u00a0\u00bbRYL-Mentoring_Suisse_Fondation Arnold-Billwiller\u00a0\u00bb _builder_version=\u00a0\u00bb4.16&Prime; _module_preset=\u00a0\u00bbdefault\u00a0\u00bb global_colors_info=\u00a0\u00bb{}\u00a0\u00bb][\/et_pb_image][\/et_pb_column][et_pb_column type=\u00a0\u00bb1_5&Prime; _builder_version=\u00a0\u00bb4.16&Prime; _module_preset=\u00a0\u00bbdefault\u00a0\u00bb global_colors_info=\u00a0\u00bb{}\u00a0\u00bb][et_pb_image src=\u00a0\u00bbhttps:\/\/schweiz.rockyourlife.org\/wp-content\/uploads\/sites\/47\/2019\/04\/RYL-Mentoring-Schweiz_St.-Gallen-Gleichstellung-Integrationsf\u00f6rderung.png\u00a0\u00bb title_text=\u00a0\u00bbRYL-Mentoring-Schweiz_St.-Gallen-Gleichstellung-Integrationsf\u00f6rderung (en allemand)\u00a0\u00bb _builder_version=\u00a0\u00bb4.16&Prime; _module_preset=\u00a0\u00bbdefault\u00a0\u00bb global_colors_info=\u00a0\u00bb{}\u00a0\u00bb][\/et_pb_image][\/et_pb_column][\/et_pb_row][et_pb_row _builder_version=\u00a0\u00bb4.16&Prime; _module_preset=\u00a0\u00bbdefault\u00a0\u00bb custom_padding=\u00a0\u00bb||0px|||\u00a0\u00bb global_colors_info=\u00a0\u00bb{}\u00a0\u00bb][et_pb_column type=\u00a0\u00bb4_4&Prime; _builder_version=\u00a0\u00bb4.16&Prime; _module_preset=\u00a0\u00bbdefault\u00a0\u00bb global_colors_info=\u00a0\u00bb{}\u00a0\u00bb][et_pb_divider color=\u00a0\u00bb#D8D8D8&Prime; _builder_version=\u00a0\u00bb4.16&Prime; _module_preset=\u00a0\u00bbdefault\u00a0\u00bb min_height=\u00a0\u00bb32px\u00a0\u00bb custom_margin=\u00a0\u00bb||6px|||\u00a0\u00bb global_colors_info=\u00a0\u00bb{}\u00a0\u00bb][\/et_pb_divider][et_pb_text _builder_version=\u00a0\u00bb4.17.3&Prime; _module_preset=\u00a0\u00bbdefault\u00a0\u00bb global_colors_info=\u00a0\u00bb{}\u00a0\u00bb]<\/p>\n<p>Les \u00e9v\u00e8nements de la vol\u00e9e de mentorat sont soutenus financi\u00e8rement par nos m\u00e9c\u00e8nes. Vous souhaitez soutenir la section locale ?<\/p>\n<p>[\/et_pb_text][et_pb_button button_url=\u00a0\u00bbhttps:\/\/schweiz.rockyourlife.org\/fr\/partenaire\/mecene\/\u00a0\u00bb url_new_window=\u00a0\u00bbon\u00a0\u00bb button_text=\u00a0\u00bbDevenez m\u00e9c\u00e8ne !\u00a0\u00bb button_alignment=\u00a0\u00bbcenter\u00a0\u00bb _builder_version=\u00a0\u00bb4.17.3&Prime; _module_preset=\u00a0\u00bbdefault\u00a0\u00bb custom_margin=\u00a0\u00bb30px||22px|||\u00a0\u00bb global_colors_info=\u00a0\u00bb{}\u00a0\u00bb][\/et_pb_button][\/et_pb_column][\/et_pb_row][\/et_pb_section]<\/p>\n","protected":false},"excerpt":{"rendered":"<p>[et_pb_section fb_built=\u00a0\u00bb1&Prime; fullwidth=\u00a0\u00bbon\u00a0\u00bb _builder_version=\u00a0\u00bb4.27.0&Prime; _module_preset=\u00a0\u00bbdefault\u00a0\u00bb custom_margin=\u00a0\u00bb0px||0px||false|false\u00a0\u00bb custom_padding=\u00a0\u00bb0px||0px||false|false\u00a0\u00bb hover_enabled=\u00a0\u00bb0&Prime; global_colors_info=\u00a0\u00bb{}\u00a0\u00bb sticky_enabled=\u00a0\u00bb0&Prime;][et_pb_fullwidth_image src=\u00a0\u00bbhttps:\/\/schweiz.rockyourlife.org\/wp-content\/uploads\/sites\/47\/2023\/07\/RYL_Header_Integration.jpg\u00a0\u00bb title_text=\u00a0\u00bbRYL_Header_Int\u00e9gration\u00a0\u00bb _builder_version=\u00a0\u00bb4.22.2&Prime; _module_preset=\u00a0\u00bbdefault\u00a0\u00bb global_colors_info=\u00a0\u00bb{}\u00a0\u00bb][\/et_pb_fullwidth_image][\/et_pb_section][et_pb_section fb_built=\u00a0\u00bb1&Prime; _builder_version=\u00a0\u00bb4.18.0&Prime; background_color=\u00a0\u00bb#fcedea\u00a0\u00bb custom_padding=\u00a0\u00bb0|0px|0|0px|false|false\u00a0\u00bb global_colors_info=\u00a0\u00bb{}\u00a0\u00bb][et_pb_row _builder_version=\u00a0\u00bb4.16&Prime; custom_padding=\u00a0\u00bb27px|0px|30px|0px|false|false\u00a0\u00bb global_colors_info=\u00a0\u00bb{}\u00a0\u00bb][et_pb_column type=\u00a0\u00bb4_4&Prime; _builder_version=\u00a0\u00bb4.16&Prime; custom_padding=\u00a0\u00bb|||\u00a0\u00bb global_colors_info=\u00a0\u00bb{}\u00a0\u00bb custom_padding__hover=\u00a0\u00bb|||\u00a0\u00bb][et_pb_text module_class=\u00a0\u00bbryl-breadcrumb\u00a0\u00bb _builder_version=\u00a0\u00bb4.16&Prime; text_font=\u00a0\u00bb||||||||\u00a0\u00bb global_colors_info=\u00a0\u00bb{}\u00a0\u00bb] [\/et_pb_text][\/et_pb_column][\/et_pb_row][\/et_pb_section][et_pb_section fb_built=\u00a0\u00bb1&Prime; _builder_version=\u00a0\u00bb4.27.0&Prime; background_color=\u00a0\u00bb#fcedea\u00a0\u00bb custom_margin=\u00a0\u00bb||||false|false\u00a0\u00bb custom_margin_tablet=\u00a0\u00bb\u00a0\u00bb custom_margin_phone=\u00a0\u00bb\u00a0\u00bb custom_margin_last_edited=\u00a0\u00bbon|desktop\u00a0\u00bb custom_padding=\u00a0\u00bb||0px||false|false\u00a0\u00bb hover_enabled=\u00a0\u00bb0&Prime; global_colors_info=\u00a0\u00bb{}\u00a0\u00bb sticky_enabled=\u00a0\u00bb0&Prime;][et_pb_row _builder_version=\u00a0\u00bb4.27.0&Prime; custom_padding=\u00a0\u00bb0px||||false|false\u00a0\u00bb hover_enabled=\u00a0\u00bb0&Prime; global_colors_info=\u00a0\u00bb{}\u00a0\u00bb sticky_enabled=\u00a0\u00bb0&Prime;][et_pb_column type=\u00a0\u00bb4_4&Prime; _builder_version=\u00a0\u00bb4.16&Prime; custom_padding=\u00a0\u00bb|||\u00a0\u00bb global_colors_info=\u00a0\u00bb{}\u00a0\u00bb custom_padding__hover=\u00a0\u00bb|||\u00a0\u00bb][et_pb_text _builder_version=\u00a0\u00bb4.27.0&Prime; [&hellip;]<\/p>\n","protected":false},"author":50,"featured_media":8800,"parent":8890,"menu_order":0,"comment_status":"closed","ping_status":"closed","template":"","meta":{"_et_pb_use_builder":"on","_et_pb_old_content":"","_et_gb_content_width":"","footnotes":""},"class_list":["post-8796","page","type-page","status-publish","has-post-thumbnail","hentry"],"yoast_head":"<!-- This site is optimized with the Yoast SEO plugin v26.8 - https:\/\/yoast.com\/product\/yoast-seo-wordpress\/ -->\n<title>Mentorat pour les jeunes issu\u00b7e\u00b7s de la migration \u2013 Mentoring<\/title>\n<meta name=\"robots\" content=\"index, follow, max-snippet:-1, max-image-preview:large, max-video-preview:-1\" \/>\n<link rel=\"canonical\" href=\"https:\/\/schweiz.rockyourlife.org\/fr\/projet-integration\/mentorat-pour-jeunes-refugies\/\" \/>\n<meta property=\"og:locale\" content=\"fr_FR\" \/>\n<meta property=\"og:type\" content=\"article\" \/>\n<meta property=\"og:title\" content=\"Mentorat pour les jeunes issu\u00b7e\u00b7s de la migration \u2013 Mentoring\" \/>\n<meta property=\"og:description\" content=\"[et_pb_section fb_built=\u00a0\u00bb1&Prime; fullwidth=\u00a0\u00bbon\u00a0\u00bb _builder_version=\u00a0\u00bb4.27.0&Prime; _module_preset=\u00a0\u00bbdefault\u00a0\u00bb custom_margin=\u00a0\u00bb0px||0px||false|false\u00a0\u00bb custom_padding=\u00a0\u00bb0px||0px||false|false\u00a0\u00bb hover_enabled=\u00a0\u00bb0&Prime; global_colors_info=\u00a0\u00bb{}\u00a0\u00bb sticky_enabled=\u00a0\u00bb0&Prime;][et_pb_fullwidth_image src=\u00a0\u00bbhttps:\/\/schweiz.rockyourlife.org\/wp-content\/uploads\/sites\/47\/2023\/07\/RYL_Header_Integration.jpg\u00a0\u00bb title_text=\u00a0\u00bbRYL_Header_Int\u00e9gration\u00a0\u00bb _builder_version=\u00a0\u00bb4.22.2&Prime; _module_preset=\u00a0\u00bbdefault\u00a0\u00bb global_colors_info=\u00a0\u00bb{}\u00a0\u00bb][\/et_pb_fullwidth_image][\/et_pb_section][et_pb_section fb_built=\u00a0\u00bb1&Prime; _builder_version=\u00a0\u00bb4.18.0&Prime; background_color=\u00a0\u00bb#fcedea\u00a0\u00bb custom_padding=\u00a0\u00bb0|0px|0|0px|false|false\u00a0\u00bb global_colors_info=\u00a0\u00bb{}\u00a0\u00bb][et_pb_row _builder_version=\u00a0\u00bb4.16&Prime; custom_padding=\u00a0\u00bb27px|0px|30px|0px|false|false\u00a0\u00bb global_colors_info=\u00a0\u00bb{}\u00a0\u00bb][et_pb_column type=\u00a0\u00bb4_4&Prime; _builder_version=\u00a0\u00bb4.16&Prime; custom_padding=\u00a0\u00bb|||\u00a0\u00bb global_colors_info=\u00a0\u00bb{}\u00a0\u00bb custom_padding__hover=\u00a0\u00bb|||\u00a0\u00bb][et_pb_text module_class=\u00a0\u00bbryl-breadcrumb\u00a0\u00bb _builder_version=\u00a0\u00bb4.16&Prime; text_font=\u00a0\u00bb||||||||\u00a0\u00bb global_colors_info=\u00a0\u00bb{}\u00a0\u00bb] [\/et_pb_text][\/et_pb_column][\/et_pb_row][\/et_pb_section][et_pb_section fb_built=\u00a0\u00bb1&Prime; _builder_version=\u00a0\u00bb4.27.0&Prime; background_color=\u00a0\u00bb#fcedea\u00a0\u00bb custom_margin=\u00a0\u00bb||||false|false\u00a0\u00bb custom_margin_tablet=\u00a0\u00bb\u00a0\u00bb custom_margin_phone=\u00a0\u00bb\u00a0\u00bb custom_margin_last_edited=\u00a0\u00bbon|desktop\u00a0\u00bb custom_padding=\u00a0\u00bb||0px||false|false\u00a0\u00bb hover_enabled=\u00a0\u00bb0&Prime; global_colors_info=\u00a0\u00bb{}\u00a0\u00bb sticky_enabled=\u00a0\u00bb0&Prime;][et_pb_row _builder_version=\u00a0\u00bb4.27.0&Prime; custom_padding=\u00a0\u00bb0px||||false|false\u00a0\u00bb hover_enabled=\u00a0\u00bb0&Prime; global_colors_info=\u00a0\u00bb{}\u00a0\u00bb sticky_enabled=\u00a0\u00bb0&Prime;][et_pb_column type=\u00a0\u00bb4_4&Prime; _builder_version=\u00a0\u00bb4.16&Prime; custom_padding=\u00a0\u00bb|||\u00a0\u00bb global_colors_info=\u00a0\u00bb{}\u00a0\u00bb custom_padding__hover=\u00a0\u00bb|||\u00a0\u00bb][et_pb_text _builder_version=\u00a0\u00bb4.27.0&Prime; [&hellip;]\" \/>\n<meta property=\"og:url\" content=\"https:\/\/schweiz.rockyourlife.org\/fr\/projet-integration\/mentorat-pour-jeunes-refugies\/\" \/>\n<meta property=\"og:site_name\" content=\"ROCK YOUR LIFE! Schweiz\" \/>\n<meta property=\"article:modified_time\" content=\"2025-11-19T22:08:47+00:00\" \/>\n<meta property=\"og:image\" content=\"https:\/\/schweiz.rockyourlife.org\/wp-content\/uploads\/sites\/47\/2022\/08\/RYL-Mentoring-fuer-MNAs-gefluechteteJugendliche-Migrationshintergrund-.jpg\" \/>\n\t<meta property=\"og:image:width\" content=\"1200\" \/>\n\t<meta property=\"og:image:height\" content=\"800\" \/>\n\t<meta property=\"og:image:type\" content=\"image\/jpeg\" \/>\n<meta name=\"twitter:card\" content=\"summary_large_image\" \/>\n<meta name=\"twitter:label1\" content=\"Dur\u00e9e de lecture estim\u00e9e\" \/>\n\t<meta name=\"twitter:data1\" content=\"6 minutes\" \/>\n<script type=\"application\/ld+json\" class=\"yoast-schema-graph\">{\"@context\":\"https:\/\/schema.org\",\"@graph\":[{\"@type\":\"WebPage\",\"@id\":\"https:\/\/schweiz.rockyourlife.org\/fr\/projet-integration\/mentorat-pour-jeunes-refugies\/\",\"url\":\"https:\/\/schweiz.rockyourlife.org\/fr\/projet-integration\/mentorat-pour-jeunes-refugies\/\",\"name\":\"Mentorat pour les jeunes issu\u00b7e\u00b7s de la migration \u2013 Mentoring\",\"isPartOf\":{\"@id\":\"https:\/\/schweiz.rockyourlife.org\/#website\"},\"primaryImageOfPage\":{\"@id\":\"https:\/\/schweiz.rockyourlife.org\/fr\/projet-integration\/mentorat-pour-jeunes-refugies\/#primaryimage\"},\"image\":{\"@id\":\"https:\/\/schweiz.rockyourlife.org\/fr\/projet-integration\/mentorat-pour-jeunes-refugies\/#primaryimage\"},\"thumbnailUrl\":\"https:\/\/schweiz.rockyourlife.org\/wp-content\/uploads\/sites\/47\/2022\/08\/RYL-Mentoring-fuer-MNAs-gefluechteteJugendliche-Migrationshintergrund-.jpg\",\"datePublished\":\"2022-08-23T17:20:22+00:00\",\"dateModified\":\"2025-11-19T22:08:47+00:00\",\"breadcrumb\":{\"@id\":\"https:\/\/schweiz.rockyourlife.org\/fr\/projet-integration\/mentorat-pour-jeunes-refugies\/#breadcrumb\"},\"inLanguage\":\"fr-FR\",\"potentialAction\":[{\"@type\":\"ReadAction\",\"target\":[\"https:\/\/schweiz.rockyourlife.org\/fr\/projet-integration\/mentorat-pour-jeunes-refugies\/\"]}]},{\"@type\":\"ImageObject\",\"inLanguage\":\"fr-FR\",\"@id\":\"https:\/\/schweiz.rockyourlife.org\/fr\/projet-integration\/mentorat-pour-jeunes-refugies\/#primaryimage\",\"url\":\"https:\/\/schweiz.rockyourlife.org\/wp-content\/uploads\/sites\/47\/2022\/08\/RYL-Mentoring-fuer-MNAs-gefluechteteJugendliche-Migrationshintergrund-.jpg\",\"contentUrl\":\"https:\/\/schweiz.rockyourlife.org\/wp-content\/uploads\/sites\/47\/2022\/08\/RYL-Mentoring-fuer-MNAs-gefluechteteJugendliche-Migrationshintergrund-.jpg\",\"width\":1200,\"height\":800},{\"@type\":\"BreadcrumbList\",\"@id\":\"https:\/\/schweiz.rockyourlife.org\/fr\/projet-integration\/mentorat-pour-jeunes-refugies\/#breadcrumb\",\"itemListElement\":[{\"@type\":\"ListItem\",\"position\":1,\"name\":\"Startseite\",\"item\":\"https:\/\/schweiz.rockyourlife.org\/fr\/accueil\/\"},{\"@type\":\"ListItem\",\"position\":2,\"name\":\"Projet int\u00e9gration\",\"item\":\"https:\/\/schweiz.rockyourlife.org\/fr\/projet-integration\/\"},{\"@type\":\"ListItem\",\"position\":3,\"name\":\"Mentorat pour les jeunes issu\u00b7e\u00b7s de la migration\"}]},{\"@type\":\"WebSite\",\"@id\":\"https:\/\/schweiz.rockyourlife.org\/#website\",\"url\":\"https:\/\/schweiz.rockyourlife.org\/\",\"name\":\"ROCK YOUR LIFE! Schweiz\",\"description\":\"Mentoring f\u00fcr Jugendliche\",\"potentialAction\":[{\"@type\":\"SearchAction\",\"target\":{\"@type\":\"EntryPoint\",\"urlTemplate\":\"https:\/\/schweiz.rockyourlife.org\/?s={search_term_string}\"},\"query-input\":{\"@type\":\"PropertyValueSpecification\",\"valueRequired\":true,\"valueName\":\"search_term_string\"}}],\"inLanguage\":\"fr-FR\"}]}<\/script>\n<!-- \/ Yoast SEO plugin. -->","yoast_head_json":{"title":"Mentorat pour les jeunes issu\u00b7e\u00b7s de la migration \u2013 Mentoring","robots":{"index":"index","follow":"follow","max-snippet":"max-snippet:-1","max-image-preview":"max-image-preview:large","max-video-preview":"max-video-preview:-1"},"canonical":"https:\/\/schweiz.rockyourlife.org\/fr\/projet-integration\/mentorat-pour-jeunes-refugies\/","og_locale":"fr_FR","og_type":"article","og_title":"Mentorat pour les jeunes issu\u00b7e\u00b7s de la migration \u2013 Mentoring","og_description":"[et_pb_section fb_built=\u00a0\u00bb1&Prime; fullwidth=\u00a0\u00bbon\u00a0\u00bb _builder_version=\u00a0\u00bb4.27.0&Prime; _module_preset=\u00a0\u00bbdefault\u00a0\u00bb custom_margin=\u00a0\u00bb0px||0px||false|false\u00a0\u00bb custom_padding=\u00a0\u00bb0px||0px||false|false\u00a0\u00bb hover_enabled=\u00a0\u00bb0&Prime; global_colors_info=\u00a0\u00bb{}\u00a0\u00bb sticky_enabled=\u00a0\u00bb0&Prime;][et_pb_fullwidth_image src=\u00a0\u00bbhttps:\/\/schweiz.rockyourlife.org\/wp-content\/uploads\/sites\/47\/2023\/07\/RYL_Header_Integration.jpg\u00a0\u00bb title_text=\u00a0\u00bbRYL_Header_Int\u00e9gration\u00a0\u00bb _builder_version=\u00a0\u00bb4.22.2&Prime; _module_preset=\u00a0\u00bbdefault\u00a0\u00bb global_colors_info=\u00a0\u00bb{}\u00a0\u00bb][\/et_pb_fullwidth_image][\/et_pb_section][et_pb_section fb_built=\u00a0\u00bb1&Prime; _builder_version=\u00a0\u00bb4.18.0&Prime; background_color=\u00a0\u00bb#fcedea\u00a0\u00bb custom_padding=\u00a0\u00bb0|0px|0|0px|false|false\u00a0\u00bb global_colors_info=\u00a0\u00bb{}\u00a0\u00bb][et_pb_row _builder_version=\u00a0\u00bb4.16&Prime; custom_padding=\u00a0\u00bb27px|0px|30px|0px|false|false\u00a0\u00bb global_colors_info=\u00a0\u00bb{}\u00a0\u00bb][et_pb_column type=\u00a0\u00bb4_4&Prime; _builder_version=\u00a0\u00bb4.16&Prime; custom_padding=\u00a0\u00bb|||\u00a0\u00bb global_colors_info=\u00a0\u00bb{}\u00a0\u00bb custom_padding__hover=\u00a0\u00bb|||\u00a0\u00bb][et_pb_text module_class=\u00a0\u00bbryl-breadcrumb\u00a0\u00bb _builder_version=\u00a0\u00bb4.16&Prime; text_font=\u00a0\u00bb||||||||\u00a0\u00bb global_colors_info=\u00a0\u00bb{}\u00a0\u00bb] [\/et_pb_text][\/et_pb_column][\/et_pb_row][\/et_pb_section][et_pb_section fb_built=\u00a0\u00bb1&Prime; _builder_version=\u00a0\u00bb4.27.0&Prime; background_color=\u00a0\u00bb#fcedea\u00a0\u00bb custom_margin=\u00a0\u00bb||||false|false\u00a0\u00bb custom_margin_tablet=\u00a0\u00bb\u00a0\u00bb custom_margin_phone=\u00a0\u00bb\u00a0\u00bb custom_margin_last_edited=\u00a0\u00bbon|desktop\u00a0\u00bb custom_padding=\u00a0\u00bb||0px||false|false\u00a0\u00bb hover_enabled=\u00a0\u00bb0&Prime; global_colors_info=\u00a0\u00bb{}\u00a0\u00bb sticky_enabled=\u00a0\u00bb0&Prime;][et_pb_row _builder_version=\u00a0\u00bb4.27.0&Prime; custom_padding=\u00a0\u00bb0px||||false|false\u00a0\u00bb hover_enabled=\u00a0\u00bb0&Prime; global_colors_info=\u00a0\u00bb{}\u00a0\u00bb sticky_enabled=\u00a0\u00bb0&Prime;][et_pb_column type=\u00a0\u00bb4_4&Prime; _builder_version=\u00a0\u00bb4.16&Prime; custom_padding=\u00a0\u00bb|||\u00a0\u00bb global_colors_info=\u00a0\u00bb{}\u00a0\u00bb custom_padding__hover=\u00a0\u00bb|||\u00a0\u00bb][et_pb_text _builder_version=\u00a0\u00bb4.27.0&Prime; [&hellip;]","og_url":"https:\/\/schweiz.rockyourlife.org\/fr\/projet-integration\/mentorat-pour-jeunes-refugies\/","og_site_name":"ROCK YOUR LIFE! Schweiz","article_modified_time":"2025-11-19T22:08:47+00:00","og_image":[{"width":1200,"height":800,"url":"https:\/\/schweiz.rockyourlife.org\/wp-content\/uploads\/sites\/47\/2022\/08\/RYL-Mentoring-fuer-MNAs-gefluechteteJugendliche-Migrationshintergrund-.jpg","type":"image\/jpeg"}],"twitter_card":"summary_large_image","twitter_misc":{"Dur\u00e9e de lecture estim\u00e9e":"6 minutes"},"schema":{"@context":"https:\/\/schema.org","@graph":[{"@type":"WebPage","@id":"https:\/\/schweiz.rockyourlife.org\/fr\/projet-integration\/mentorat-pour-jeunes-refugies\/","url":"https:\/\/schweiz.rockyourlife.org\/fr\/projet-integration\/mentorat-pour-jeunes-refugies\/","name":"Mentorat pour les jeunes issu\u00b7e\u00b7s de la migration \u2013 Mentoring","isPartOf":{"@id":"https:\/\/schweiz.rockyourlife.org\/#website"},"primaryImageOfPage":{"@id":"https:\/\/schweiz.rockyourlife.org\/fr\/projet-integration\/mentorat-pour-jeunes-refugies\/#primaryimage"},"image":{"@id":"https:\/\/schweiz.rockyourlife.org\/fr\/projet-integration\/mentorat-pour-jeunes-refugies\/#primaryimage"},"thumbnailUrl":"https:\/\/schweiz.rockyourlife.org\/wp-content\/uploads\/sites\/47\/2022\/08\/RYL-Mentoring-fuer-MNAs-gefluechteteJugendliche-Migrationshintergrund-.jpg","datePublished":"2022-08-23T17:20:22+00:00","dateModified":"2025-11-19T22:08:47+00:00","breadcrumb":{"@id":"https:\/\/schweiz.rockyourlife.org\/fr\/projet-integration\/mentorat-pour-jeunes-refugies\/#breadcrumb"},"inLanguage":"fr-FR","potentialAction":[{"@type":"ReadAction","target":["https:\/\/schweiz.rockyourlife.org\/fr\/projet-integration\/mentorat-pour-jeunes-refugies\/"]}]},{"@type":"ImageObject","inLanguage":"fr-FR","@id":"https:\/\/schweiz.rockyourlife.org\/fr\/projet-integration\/mentorat-pour-jeunes-refugies\/#primaryimage","url":"https:\/\/schweiz.rockyourlife.org\/wp-content\/uploads\/sites\/47\/2022\/08\/RYL-Mentoring-fuer-MNAs-gefluechteteJugendliche-Migrationshintergrund-.jpg","contentUrl":"https:\/\/schweiz.rockyourlife.org\/wp-content\/uploads\/sites\/47\/2022\/08\/RYL-Mentoring-fuer-MNAs-gefluechteteJugendliche-Migrationshintergrund-.jpg","width":1200,"height":800},{"@type":"BreadcrumbList","@id":"https:\/\/schweiz.rockyourlife.org\/fr\/projet-integration\/mentorat-pour-jeunes-refugies\/#breadcrumb","itemListElement":[{"@type":"ListItem","position":1,"name":"Startseite","item":"https:\/\/schweiz.rockyourlife.org\/fr\/accueil\/"},{"@type":"ListItem","position":2,"name":"Projet int\u00e9gration","item":"https:\/\/schweiz.rockyourlife.org\/fr\/projet-integration\/"},{"@type":"ListItem","position":3,"name":"Mentorat pour les jeunes issu\u00b7e\u00b7s de la migration"}]},{"@type":"WebSite","@id":"https:\/\/schweiz.rockyourlife.org\/#website","url":"https:\/\/schweiz.rockyourlife.org\/","name":"ROCK YOUR LIFE! Schweiz","description":"Mentoring f\u00fcr Jugendliche","potentialAction":[{"@type":"SearchAction","target":{"@type":"EntryPoint","urlTemplate":"https:\/\/schweiz.rockyourlife.org\/?s={search_term_string}"},"query-input":{"@type":"PropertyValueSpecification","valueRequired":true,"valueName":"search_term_string"}}],"inLanguage":"fr-FR"}]}},"_links":{"self":[{"href":"https:\/\/schweiz.rockyourlife.org\/fr\/wp-json\/wp\/v2\/pages\/8796","targetHints":{"allow":["GET"]}}],"collection":[{"href":"https:\/\/schweiz.rockyourlife.org\/fr\/wp-json\/wp\/v2\/pages"}],"about":[{"href":"https:\/\/schweiz.rockyourlife.org\/fr\/wp-json\/wp\/v2\/types\/page"}],"author":[{"embeddable":true,"href":"https:\/\/schweiz.rockyourlife.org\/fr\/wp-json\/wp\/v2\/users\/50"}],"replies":[{"embeddable":true,"href":"https:\/\/schweiz.rockyourlife.org\/fr\/wp-json\/wp\/v2\/comments?post=8796"}],"version-history":[{"count":80,"href":"https:\/\/schweiz.rockyourlife.org\/fr\/wp-json\/wp\/v2\/pages\/8796\/revisions"}],"predecessor-version":[{"id":19008,"href":"https:\/\/schweiz.rockyourlife.org\/fr\/wp-json\/wp\/v2\/pages\/8796\/revisions\/19008"}],"up":[{"embeddable":true,"href":"https:\/\/schweiz.rockyourlife.org\/fr\/wp-json\/wp\/v2\/pages\/8890"}],"wp:featuredmedia":[{"embeddable":true,"href":"https:\/\/schweiz.rockyourlife.org\/fr\/wp-json\/wp\/v2\/media\/8800"}],"wp:attachment":[{"href":"https:\/\/schweiz.rockyourlife.org\/fr\/wp-json\/wp\/v2\/media?parent=8796"}],"curies":[{"name":"wp","href":"https:\/\/api.w.org\/{rel}","templated":true}]}}